{"id":2072,"date":"2021-11-25T14:31:43","date_gmt":"2021-11-25T13:31:43","guid":{"rendered":"https:\/\/dev-durable.agglo-larochelle.fr\/20236.0.2\/?page_id=2072"},"modified":"2023-11-21T09:49:03","modified_gmt":"2023-11-21T08:49:03","slug":"proteger-les-ressources","status":"publish","type":"page","link":"https:\/\/dev-durable.agglo-larochelle.fr\/2023\/un-territoire-sobre\/proteger-les-ressources\/","title":{"rendered":"Prot\u00e9ger les ressources"},"content":{"rendered":"<p><strong>Pr\u00e9server la biodiversit\u00e9, et r\u00e9duire les impacts de nos modes de vie sur l\u2019environnement, sont au c\u0153ur de la d\u00e9marche de transition. De la renaturation \u00e0 la gestion des d\u00e9chets, il faut agir en coh\u00e9rence.<\/strong><\/p>\n","protected":false},"excerpt":{"rendered":"<p>Pr\u00e9server la biodiversit\u00e9, et r\u00e9duire les impacts de nos modes de vie sur l\u2019environnement, sont au c\u0153ur de la d\u00e9marche de transition. De la renaturation \u00e0 la gestion des d\u00e9chets, il faut agir en coh\u00e9rence.<\/p>\n","protected":false},"author":1,"featured_media":0,"parent":70,"menu_order":4,"comment_status":"closed","ping_status":"closed","template":"page-sous-partie.php","meta":{"inline_featured_image":false,"footnotes":""},"categories":[],"tags":[],"acf":[],"_links":{"self":[{"href":"https:\/\/dev-durable.agglo-larochelle.fr\/2023\/wp-json\/wp\/v2\/pages\/2072"}],"collection":[{"href":"https:\/\/dev-durable.agglo-larochelle.fr\/2023\/wp-json\/wp\/v2\/pages"}],"about":[{"href":"https:\/\/dev-durable.agglo-larochelle.fr\/2023\/wp-json\/wp\/v2\/types\/page"}],"author":[{"embeddable":true,"href":"https:\/\/dev-durable.agglo-larochelle.fr\/2023\/wp-json\/wp\/v2\/users\/1"}],"replies":[{"embeddable":true,"href":"https:\/\/dev-durable.agglo-larochelle.fr\/2023\/wp-json\/wp\/v2\/comments?post=2072"}],"version-history":[{"count":3,"href":"https:\/\/dev-durable.agglo-larochelle.fr\/2023\/wp-json\/wp\/v2\/pages\/2072\/revisions"}],"predecessor-version":[{"id":2734,"href":"https:\/\/dev-durable.agglo-larochelle.fr\/2023\/wp-json\/wp\/v2\/pages\/2072\/revisions\/2734"}],"up":[{"embeddable":true,"href":"https:\/\/dev-durable.agglo-larochelle.fr\/2023\/wp-json\/wp\/v2\/pages\/70"}],"wp:attachment":[{"href":"https:\/\/dev-durable.agglo-larochelle.fr\/2023\/wp-json\/wp\/v2\/media?parent=2072"}],"wp:term":[{"taxonomy":"category","embeddable":true,"href":"https:\/\/dev-durable.agglo-larochelle.fr\/2023\/wp-json\/wp\/v2\/categories?post=2072"},{"taxonomy":"post_tag","embeddable":true,"href":"https:\/\/dev-durable.agglo-larochelle.fr\/2023\/wp-json\/wp\/v2\/tags?post=2072"}],"curies":[{"name":"wp","href":"https:\/\/api.w.org\/{rel}","templated":true}]}}