{"id":272,"date":"2018-10-24T17:09:44","date_gmt":"2018-10-24T15:09:44","guid":{"rendered":"https:\/\/dev-durable.agglo-larochelle.fr\/20236.0.2\/?page_id=272"},"modified":"2022-11-22T16:41:29","modified_gmt":"2022-11-22T15:41:29","slug":"transition-ecologique","status":"publish","type":"page","link":"https:\/\/dev-durable.agglo-larochelle.fr\/2023\/un-territoire-creative\/transition-ecologique\/","title":{"rendered":"Transition \u00e9cologique"},"content":{"rendered":"<p><strong>Les ambitions de l\u2019Agglom\u00e9ration en faveur de la transition \u00e9cologique ne se d\u00e9ploient pas seulement sur le territoire, mais bien avec le territoire. L\u2019environnement, sous toutes ses formes et avec toutes celles et ceux qui agissent pour le pr\u00e9server, est le premier et le meilleur alli\u00e9 de l\u2019action de la collectivit\u00e9.<\/strong><\/p>\n","protected":false},"excerpt":{"rendered":"<p>Les ambitions de l\u2019Agglom\u00e9ration en faveur de la transition \u00e9cologique ne se d\u00e9ploient pas seulement sur le territoire, mais bien avec le territoire. L\u2019environnement, sous toutes ses formes et avec toutes celles et ceux qui agissent pour le pr\u00e9server, est le premier et le meilleur alli\u00e9 de l\u2019action de la collectivit\u00e9.<\/p>\n","protected":false},"author":1,"featured_media":0,"parent":7,"menu_order":4,"comment_status":"closed","ping_status":"closed","template":"page-sous-partie.php","meta":{"inline_featured_image":false,"footnotes":""},"categories":[],"tags":[],"acf":[],"_links":{"self":[{"href":"https:\/\/dev-durable.agglo-larochelle.fr\/2023\/wp-json\/wp\/v2\/pages\/272"}],"collection":[{"href":"https:\/\/dev-durable.agglo-larochelle.fr\/2023\/wp-json\/wp\/v2\/pages"}],"about":[{"href":"https:\/\/dev-durable.agglo-larochelle.fr\/2023\/wp-json\/wp\/v2\/types\/page"}],"author":[{"embeddable":true,"href":"https:\/\/dev-durable.agglo-larochelle.fr\/2023\/wp-json\/wp\/v2\/users\/1"}],"replies":[{"embeddable":true,"href":"https:\/\/dev-durable.agglo-larochelle.fr\/2023\/wp-json\/wp\/v2\/comments?post=272"}],"version-history":[{"count":6,"href":"https:\/\/dev-durable.agglo-larochelle.fr\/2023\/wp-json\/wp\/v2\/pages\/272\/revisions"}],"predecessor-version":[{"id":2623,"href":"https:\/\/dev-durable.agglo-larochelle.fr\/2023\/wp-json\/wp\/v2\/pages\/272\/revisions\/2623"}],"up":[{"embeddable":true,"href":"https:\/\/dev-durable.agglo-larochelle.fr\/2023\/wp-json\/wp\/v2\/pages\/7"}],"wp:attachment":[{"href":"https:\/\/dev-durable.agglo-larochelle.fr\/2023\/wp-json\/wp\/v2\/media?parent=272"}],"wp:term":[{"taxonomy":"category","embeddable":true,"href":"https:\/\/dev-durable.agglo-larochelle.fr\/2023\/wp-json\/wp\/v2\/categories?post=272"},{"taxonomy":"post_tag","embeddable":true,"href":"https:\/\/dev-durable.agglo-larochelle.fr\/2023\/wp-json\/wp\/v2\/tags?post=272"}],"curies":[{"name":"wp","href":"https:\/\/api.w.org\/{rel}","templated":true}]}}