{"id":2812,"date":"2022-11-23T17:22:12","date_gmt":"2022-11-23T16:22:12","guid":{"rendered":"https:\/\/dev-durable.agglo-larochelle.fr\/2023\/?page_id=2812"},"modified":"2022-12-09T14:36:18","modified_gmt":"2022-12-09T13:36:18","slug":"un-territoire-de-cooperations","status":"publish","type":"page","link":"https:\/\/dev-durable.agglo-larochelle.fr\/2023\/un-territoire-de-cooperations\/","title":{"rendered":"Un territoire de coop\u00e9rations"},"content":{"rendered":"<p><strong>L\u2019Agglom\u00e9ration et son territoire inscrivent leur\u00a0 action en faveur du d\u00e9veloppement durable au c\u0153ur d\u2019un vaste r\u00e9seau de collaborations. \u00c9changer, partager, t\u00e9moigner de son exp\u00e9rience, s\u2019inspirer des bonnes pratiques pour s\u2019am\u00e9liorer et innover sont autant de fa\u00e7on d&rsquo;\u0153uvrer pour la transition.<\/strong><\/p>\n","protected":false},"excerpt":{"rendered":"<p>L\u2019Agglom\u00e9ration et son territoire inscrivent leur\u00a0 action en faveur du d\u00e9veloppement durable au c\u0153ur d\u2019un vaste r\u00e9seau de collaborations. \u00c9changer, partager, t\u00e9moigner de son exp\u00e9rience, s\u2019inspirer des bonnes pratiques pour s\u2019am\u00e9liorer et innover sont autant de fa\u00e7on d&rsquo;\u0153uvrer pour la transition.<\/p>\n","protected":false},"author":1,"featured_media":2974,"parent":0,"menu_order":5,"comment_status":"closed","ping_status":"closed","template":"page-grande-partie.php","meta":{"inline_featured_image":false,"footnotes":""},"categories":[],"tags":[],"acf":[],"_links":{"self":[{"href":"https:\/\/dev-durable.agglo-larochelle.fr\/2023\/wp-json\/wp\/v2\/pages\/2812"}],"collection":[{"href":"https:\/\/dev-durable.agglo-larochelle.fr\/2023\/wp-json\/wp\/v2\/pages"}],"about":[{"href":"https:\/\/dev-durable.agglo-larochelle.fr\/2023\/wp-json\/wp\/v2\/types\/page"}],"author":[{"embeddable":true,"href":"https:\/\/dev-durable.agglo-larochelle.fr\/2023\/wp-json\/wp\/v2\/users\/1"}],"replies":[{"embeddable":true,"href":"https:\/\/dev-durable.agglo-larochelle.fr\/2023\/wp-json\/wp\/v2\/comments?post=2812"}],"version-history":[{"count":3,"href":"https:\/\/dev-durable.agglo-larochelle.fr\/2023\/wp-json\/wp\/v2\/pages\/2812\/revisions"}],"predecessor-version":[{"id":2857,"href":"https:\/\/dev-durable.agglo-larochelle.fr\/2023\/wp-json\/wp\/v2\/pages\/2812\/revisions\/2857"}],"wp:featuredmedia":[{"embeddable":true,"href":"https:\/\/dev-durable.agglo-larochelle.fr\/2023\/wp-json\/wp\/v2\/media\/2974"}],"wp:attachment":[{"href":"https:\/\/dev-durable.agglo-larochelle.fr\/2023\/wp-json\/wp\/v2\/media?parent=2812"}],"wp:term":[{"taxonomy":"category","embeddable":true,"href":"https:\/\/dev-durable.agglo-larochelle.fr\/2023\/wp-json\/wp\/v2\/categories?post=2812"},{"taxonomy":"post_tag","embeddable":true,"href":"https:\/\/dev-durable.agglo-larochelle.fr\/2023\/wp-json\/wp\/v2\/tags?post=2812"}],"curies":[{"name":"wp","href":"https:\/\/api.w.org\/{rel}","templated":true}]}}