{"id":2995,"date":"2023-11-17T14:29:41","date_gmt":"2023-11-17T13:29:41","guid":{"rendered":"https:\/\/dev-durable.agglo-larochelle.fr\/2023\/?page_id=2995"},"modified":"2023-12-11T17:53:46","modified_gmt":"2023-12-11T16:53:46","slug":"creation-dune-sem-energies-renouvelables-pour-des-projets-profitables-a-tous","status":"publish","type":"page","link":"https:\/\/dev-durable.agglo-larochelle.fr\/2023\/un-territoire-creative\/transition-energetique\/creation-dune-sem-energies-renouvelables-pour-des-projets-profitables-a-tous\/","title":{"rendered":"Cr\u00e9ation d\u2019une SEM \u00c9nergies Renouvelables pour des projets profitables \u00e0 tous"},"content":{"rendered":"\n<p><strong>L\u2019\u00e9laboration du Plan Climat Air \u00c9nergie Territorial de l\u2019Agglom\u00e9ration de La Rochelle requiert une solution agile pour acc\u00e9l\u00e9rer le d\u00e9veloppement des \u00e9nergies renouvelables sur le territoire. La nouvelle SEM \u00c9nergies Renouvelables a vocation \u00e0 \u00eatre cet outil innovant.<\/strong><\/p>\n<p class=\"Standard\" style=\"text-align: left;\">Dans la strat\u00e9gie \u00e9nerg\u00e9tique de l\u2019Agglom\u00e9ration, la mise en \u0153uvre et le pilotage de projets en faveur des EnR repose sur trois points-cl\u00e9s\u00a0: des projets port\u00e9s par les collectivit\u00e9s\u00a0; des citoyens associ\u00e9s aux d\u00e9marches\u00a0; le partage de l\u2019\u00e9nergie produite. Pour faciliter le d\u00e9ploiement de cette strat\u00e9gie, la d\u00e9cision de cr\u00e9ation d\u2019une Soci\u00e9t\u00e9 d\u2019\u00c9conomie Mixte \u00ab\u00a0\u00c9nergies Renouvelables\u00a0\u00bb (SEM ENR) a \u00e9t\u00e9 prise en 2023 sur notre territoire. Cette soci\u00e9t\u00e9 va permettre, pour l\u2019Agglom\u00e9ration, d\u2019\u00eatre partie prenante des op\u00e9rations qu\u2019elle initie, soutient ou accompagne, en \u00ab\u00a0gardant la main\u00a0\u00bb sur le montage et le portage des projets, la planification \u00e9nerg\u00e9tique et la valorisation de l\u2019\u00e9nergie produite. Cette soci\u00e9t\u00e9 \u00ab\u00a0locale\u00a0\u00bb doit aussi faciliter l\u2019\u00e9mergence et l\u2019exp\u00e9rimentation de solutions techniques innovantes en mati\u00e8re d\u2019\u00e9nergie renouvelable, avec davantage de r\u00e9activit\u00e9, de souplesse et de souci de l\u2019int\u00e9r\u00eat commun qu\u2019un pilotage ext\u00e9rieur.<\/p>\n","protected":false},"excerpt":{"rendered":"<p>L\u2019\u00e9laboration du Plan Climat Air \u00c9nergie Territorial de l\u2019Agglom\u00e9ration de La Rochelle requiert une solution agile pour acc\u00e9l\u00e9rer le d\u00e9veloppement des \u00e9nergies renouvelables sur le territoire. La nouvelle SEM \u00c9nergies Renouvelables a vocation \u00e0 \u00eatre cet outil innovant. Dans la strat\u00e9gie \u00e9nerg\u00e9tique de l\u2019Agglom\u00e9ration, la mise en \u0153uvre et le pilotage de projets en faveur [&hellip;]<\/p>\n","protected":false},"author":1,"featured_media":2440,"parent":32,"menu_order":2,"comment_status":"closed","ping_status":"closed","template":"page-sous-partie.php","meta":{"inline_featured_image":false,"footnotes":""},"categories":[],"tags":[14],"acf":[],"_links":{"self":[{"href":"https:\/\/dev-durable.agglo-larochelle.fr\/2023\/wp-json\/wp\/v2\/pages\/2995"}],"collection":[{"href":"https:\/\/dev-durable.agglo-larochelle.fr\/2023\/wp-json\/wp\/v2\/pages"}],"about":[{"href":"https:\/\/dev-durable.agglo-larochelle.fr\/2023\/wp-json\/wp\/v2\/types\/page"}],"author":[{"embeddable":true,"href":"https:\/\/dev-durable.agglo-larochelle.fr\/2023\/wp-json\/wp\/v2\/users\/1"}],"replies":[{"embeddable":true,"href":"https:\/\/dev-durable.agglo-larochelle.fr\/2023\/wp-json\/wp\/v2\/comments?post=2995"}],"version-history":[{"count":4,"href":"https:\/\/dev-durable.agglo-larochelle.fr\/2023\/wp-json\/wp\/v2\/pages\/2995\/revisions"}],"predecessor-version":[{"id":3693,"href":"https:\/\/dev-durable.agglo-larochelle.fr\/2023\/wp-json\/wp\/v2\/pages\/2995\/revisions\/3693"}],"up":[{"embeddable":true,"href":"https:\/\/dev-durable.agglo-larochelle.fr\/2023\/wp-json\/wp\/v2\/pages\/32"}],"wp:featuredmedia":[{"embeddable":true,"href":"https:\/\/dev-durable.agglo-larochelle.fr\/2023\/wp-json\/wp\/v2\/media\/2440"}],"wp:attachment":[{"href":"https:\/\/dev-durable.agglo-larochelle.fr\/2023\/wp-json\/wp\/v2\/media?parent=2995"}],"wp:term":[{"taxonomy":"category","embeddable":true,"href":"https:\/\/dev-durable.agglo-larochelle.fr\/2023\/wp-json\/wp\/v2\/categories?post=2995"},{"taxonomy":"post_tag","embeddable":true,"href":"https:\/\/dev-durable.agglo-larochelle.fr\/2023\/wp-json\/wp\/v2\/tags?post=2995"}],"curies":[{"name":"wp","href":"https:\/\/api.w.org\/{rel}","templated":true}]}}