{"id":2998,"date":"2023-11-17T14:35:57","date_gmt":"2023-11-17T13:35:57","guid":{"rendered":"https:\/\/dev-durable.agglo-larochelle.fr\/2023\/?page_id=2998"},"modified":"2023-12-18T14:46:06","modified_gmt":"2023-12-18T13:46:06","slug":"bilan-carbone-de-letalement-urbain","status":"publish","type":"page","link":"https:\/\/dev-durable.agglo-larochelle.fr\/2023\/un-territoire-creative\/transition-energetique\/bilan-carbone-de-letalement-urbain\/","title":{"rendered":"Un bilan carbone de l\u2019\u00e9talement urbain pour envisager les meilleurs sc\u00e9narios possibles"},"content":{"rendered":"\n<p class=\"Standard\"><strong>Un travail de mod\u00e9lisation a permis de quantifier le bilan carbone de l\u2019\u00e9talement urbain et de le comparer aux objectifs LRTZC \u00e0 2024. Cette \u00e9tude est un outil suppl\u00e9mentaire d\u2019aide \u00e0 la d\u00e9cision pour l\u2019organisation spatiale du territoire.<\/strong><\/p>\n<p class=\"Standard\" style=\"text-align: justify;\">Dans le cadre des \u00e9tudes pr\u00e9paratoires \u00e0 la r\u00e9vision du PLUi qui devra int\u00e9grer le SCOT en cours d\u2019\u00e9laboration, une \u00e9tude a permis de quantifier le bilan carbone de l\u2019\u00e9talement urbain et de montrer quels choix seraient les plus pertinents au regard du bilan carbone li\u00e9 aux mobilit\u00e9s du quotidien. L\u2019\u00e9tude permet de comparer diff\u00e9rents choix possibles\u00a0: concentration de l\u2019habitat, concentration des emplois, r\u00e9novation du b\u00e2ti, renforcement des mobilit\u00e9s douces, etc. La mod\u00e9lisation montre que l\u2019objectif de r\u00e9duction de -30% des \u00e9missions est atteignable pour la mobilit\u00e9 et l\u2019habitat en mettant en \u0153uvre rapidement les meilleurs sc\u00e9narios \u00e9tudi\u00e9s\u00a0et en ne faisant l\u2019impasse sur aucun des leviers importants.<\/p>\n","protected":false},"excerpt":{"rendered":"<p>Un travail de mod\u00e9lisation a permis de quantifier le bilan carbone de l\u2019\u00e9talement urbain et de le comparer aux objectifs LRTZC \u00e0 2024. Cette \u00e9tude est un outil suppl\u00e9mentaire d\u2019aide \u00e0 la d\u00e9cision pour l\u2019organisation spatiale du territoire. Dans le cadre des \u00e9tudes pr\u00e9paratoires \u00e0 la r\u00e9vision du PLUi qui devra int\u00e9grer le SCOT en [&hellip;]<\/p>\n","protected":false},"author":1,"featured_media":2433,"parent":32,"menu_order":3,"comment_status":"closed","ping_status":"closed","template":"page-sous-partie.php","meta":{"inline_featured_image":false,"footnotes":""},"categories":[],"tags":[47,40,35,33,42,48,49,50],"acf":[],"_links":{"self":[{"href":"https:\/\/dev-durable.agglo-larochelle.fr\/2023\/wp-json\/wp\/v2\/pages\/2998"}],"collection":[{"href":"https:\/\/dev-durable.agglo-larochelle.fr\/2023\/wp-json\/wp\/v2\/pages"}],"about":[{"href":"https:\/\/dev-durable.agglo-larochelle.fr\/2023\/wp-json\/wp\/v2\/types\/page"}],"author":[{"embeddable":true,"href":"https:\/\/dev-durable.agglo-larochelle.fr\/2023\/wp-json\/wp\/v2\/users\/1"}],"replies":[{"embeddable":true,"href":"https:\/\/dev-durable.agglo-larochelle.fr\/2023\/wp-json\/wp\/v2\/comments?post=2998"}],"version-history":[{"count":8,"href":"https:\/\/dev-durable.agglo-larochelle.fr\/2023\/wp-json\/wp\/v2\/pages\/2998\/revisions"}],"predecessor-version":[{"id":3144,"href":"https:\/\/dev-durable.agglo-larochelle.fr\/2023\/wp-json\/wp\/v2\/pages\/2998\/revisions\/3144"}],"up":[{"embeddable":true,"href":"https:\/\/dev-durable.agglo-larochelle.fr\/2023\/wp-json\/wp\/v2\/pages\/32"}],"wp:featuredmedia":[{"embeddable":true,"href":"https:\/\/dev-durable.agglo-larochelle.fr\/2023\/wp-json\/wp\/v2\/media\/2433"}],"wp:attachment":[{"href":"https:\/\/dev-durable.agglo-larochelle.fr\/2023\/wp-json\/wp\/v2\/media?parent=2998"}],"wp:term":[{"taxonomy":"category","embeddable":true,"href":"https:\/\/dev-durable.agglo-larochelle.fr\/2023\/wp-json\/wp\/v2\/categories?post=2998"},{"taxonomy":"post_tag","embeddable":true,"href":"https:\/\/dev-durable.agglo-larochelle.fr\/2023\/wp-json\/wp\/v2\/tags?post=2998"}],"curies":[{"name":"wp","href":"https:\/\/api.w.org\/{rel}","templated":true}]}}