{"id":3008,"date":"2023-11-17T14:43:38","date_gmt":"2023-11-17T13:43:38","guid":{"rendered":"https:\/\/dev-durable.agglo-larochelle.fr\/2023\/?page_id=3008"},"modified":"2023-12-11T17:55:07","modified_gmt":"2023-12-11T16:55:07","slug":"une-premiere-phase-diagnostique-utile-pour-lelaboration-de-la-feuille-de-route-sobriete-numerique","status":"publish","type":"page","link":"https:\/\/dev-durable.agglo-larochelle.fr\/2023\/un-territoire-creative\/transition-energetique\/une-premiere-phase-diagnostique-utile-pour-lelaboration-de-la-feuille-de-route-sobriete-numerique\/","title":{"rendered":"Une premi\u00e8re phase diagnostique utile pour l\u2019\u00e9laboration de la feuille de route Sobri\u00e9t\u00e9 num\u00e9rique"},"content":{"rendered":"\n<p><strong>Dans le cadre de l\u2019\u00e9laboration de sa \u00ab\u00a0Feuille de route Sobri\u00e9t\u00e9 num\u00e9rique\u00a0\u00bb, la collectivit\u00e9 a \u00e9tabli fin 2022 un \u00e9tat des lieux, diagnostic de la \u00ab\u00a0maturit\u00e9 num\u00e9rique\u00a0\u00bb du territoire, afin de pouvoir mieux d\u00e9finir une feuille de route pour r\u00e9duire l\u2019empreinte num\u00e9rique. <\/strong><\/p>\n<p>Le diagnostic r\u00e9alis\u00e9 a permis de mettre en relief plusieurs points cl\u00e9s pour l\u2019\u00e9laboration et la mise en \u0153uvre de la strat\u00e9gie Num\u00e9rique responsable\u00a0: des bases solides et un engagement marqu\u00e9 de la collectivit\u00e9\u00a0; la part importante de la fabrication du mat\u00e9riel dans l\u2019empreinte carbone du num\u00e9rique, ainsi que celle des prestations et abonnements IT (technologies de l\u2019information),\u00a0qui permettent d\u2019envisager des pistes de r\u00e9duction ; l\u2019impact des usages \u00e0 ne pas n\u00e9gliger. L\u2019\u00e9tat des lieux pointe \u00e9galement que la connaissance du Num\u00e9rique responsable est encore in\u00e9gale sur le territoire et qu\u2019il sera n\u00e9cessaire de renforcer et faciliter l\u2019acc\u00e8s \u00e0 des services d\u00e9di\u00e9s. Enfin, la gestion des donn\u00e9es pourra faire l\u2019objet d\u2019actions sp\u00e9cifiques.<\/p>\n<p>Ainsi la feuille de route valid\u00e9 s\u2019\u00e9tablit autour de trois axes : sensibiliser et mobiliser sur les enjeux, r\u00e9duire les impacts environnementaux, soutenir l\u2019<a href=\"https:\/\/www.agglo-larochelle.fr\/vie-pratique\/numerique?article=numerique-responsable\" target=\"_blank\" rel=\"noopener\">\u00e9cosyst\u00e8me \u00ab sobri\u00e9t\u00e9 num\u00e9rique \u00bb local<\/a>.<\/p>\n<p>\u00a0<\/p>\n","protected":false},"excerpt":{"rendered":"<p>Dans le cadre de l\u2019\u00e9laboration de sa \u00ab\u00a0Feuille de route Sobri\u00e9t\u00e9 num\u00e9rique\u00a0\u00bb, la collectivit\u00e9 a \u00e9tabli fin 2022 un \u00e9tat des lieux, diagnostic de la \u00ab\u00a0maturit\u00e9 num\u00e9rique\u00a0\u00bb du territoire, afin de pouvoir mieux d\u00e9finir une feuille de route pour r\u00e9duire l\u2019empreinte num\u00e9rique. Le diagnostic r\u00e9alis\u00e9 a permis de mettre en relief plusieurs points cl\u00e9s pour [&hellip;]<\/p>\n","protected":false},"author":1,"featured_media":665,"parent":32,"menu_order":4,"comment_status":"closed","ping_status":"closed","template":"page-sous-partie.php","meta":{"inline_featured_image":false,"footnotes":""},"categories":[],"tags":[15,16],"acf":[],"_links":{"self":[{"href":"https:\/\/dev-durable.agglo-larochelle.fr\/2023\/wp-json\/wp\/v2\/pages\/3008"}],"collection":[{"href":"https:\/\/dev-durable.agglo-larochelle.fr\/2023\/wp-json\/wp\/v2\/pages"}],"about":[{"href":"https:\/\/dev-durable.agglo-larochelle.fr\/2023\/wp-json\/wp\/v2\/types\/page"}],"author":[{"embeddable":true,"href":"https:\/\/dev-durable.agglo-larochelle.fr\/2023\/wp-json\/wp\/v2\/users\/1"}],"replies":[{"embeddable":true,"href":"https:\/\/dev-durable.agglo-larochelle.fr\/2023\/wp-json\/wp\/v2\/comments?post=3008"}],"version-history":[{"count":3,"href":"https:\/\/dev-durable.agglo-larochelle.fr\/2023\/wp-json\/wp\/v2\/pages\/3008\/revisions"}],"predecessor-version":[{"id":3694,"href":"https:\/\/dev-durable.agglo-larochelle.fr\/2023\/wp-json\/wp\/v2\/pages\/3008\/revisions\/3694"}],"up":[{"embeddable":true,"href":"https:\/\/dev-durable.agglo-larochelle.fr\/2023\/wp-json\/wp\/v2\/pages\/32"}],"wp:featuredmedia":[{"embeddable":true,"href":"https:\/\/dev-durable.agglo-larochelle.fr\/2023\/wp-json\/wp\/v2\/media\/665"}],"wp:attachment":[{"href":"https:\/\/dev-durable.agglo-larochelle.fr\/2023\/wp-json\/wp\/v2\/media?parent=3008"}],"wp:term":[{"taxonomy":"category","embeddable":true,"href":"https:\/\/dev-durable.agglo-larochelle.fr\/2023\/wp-json\/wp\/v2\/categories?post=3008"},{"taxonomy":"post_tag","embeddable":true,"href":"https:\/\/dev-durable.agglo-larochelle.fr\/2023\/wp-json\/wp\/v2\/tags?post=3008"}],"curies":[{"name":"wp","href":"https:\/\/api.w.org\/{rel}","templated":true}]}}