{"id":3016,"date":"2023-11-17T14:48:23","date_gmt":"2023-11-17T13:48:23","guid":{"rendered":"https:\/\/dev-durable.agglo-larochelle.fr\/2023\/?page_id=3016"},"modified":"2023-12-11T17:55:52","modified_gmt":"2023-12-11T16:55:52","slug":"le-dispositif-tero-daide-a-la-transition-des-entreprises-affine-son-accompagnement","status":"publish","type":"page","link":"https:\/\/dev-durable.agglo-larochelle.fr\/2023\/un-territoire-creative\/transition-economique\/le-dispositif-tero-daide-a-la-transition-des-entreprises-affine-son-accompagnement\/","title":{"rendered":"Le dispositif T\u00e9ro d\u2019aide \u00e0 la transition des entreprises affine son accompagnement"},"content":{"rendered":"\n<p><strong>Le dispositif T\u00e9ro accompagne les TPE et PME du territoire dans leur transition \u00e9cologique. En 2023, le premier Appel \u00e0 projet a permis de soutenir 10 projets, pour 350 000 \u20ac d\u2019aides accord\u00e9s. Le dispositif \u00e9volue et propose d\u00e9sormais une aide en conseil et une en investissement.<\/strong><\/p>\n<p class=\"Standard\" style=\"text-align: left;\">T\u00e9ro accompagne les entreprises qui souhaitent investir dans des projets relatifs \u00e0 leur consommation \u00e9nerg\u00e9tique (r\u00e9duction, ma\u00eetrise, diversification) ou \u00e0 la gestion de l\u2019eau, au recyclage, au r\u00e9emploi et \u00e0 la valorisation des d\u00e9chets, \u00e0 la v\u00e9g\u00e9talisation et \u00e0 la biodiversit\u00e9, ou encore aux mobilit\u00e9s d\u00e9carbon\u00e9es pour les salari\u00e9s et les transports de marchandises. En 2023, T\u00e9ro a \u00e9volu\u00e9 et propose d\u00e9sormais deux dispositifs \u00e0 destination des entreprises\u00a0: T\u00e9ro Conseils et T\u00e9ro Invest\u2019, afin de mieux cibler les aides propos\u00e9es aux entreprises. L\u2019Agglom\u00e9ration peut apporter aux projets retenus une subvention de 50 000 \u20ac maximum, repr\u00e9sentant\u00a0entre 15 et 30 % des d\u00e9penses d\u2019investissements.<\/p>\n","protected":false},"excerpt":{"rendered":"<p>Le dispositif T\u00e9ro accompagne les TPE et PME du territoire dans leur transition \u00e9cologique. En 2023, le premier Appel \u00e0 projet a permis de soutenir 10 projets, pour 350 000 \u20ac d\u2019aides accord\u00e9s. Le dispositif \u00e9volue et propose d\u00e9sormais une aide en conseil et une en investissement. T\u00e9ro accompagne les entreprises qui souhaitent investir dans [&hellip;]<\/p>\n","protected":false},"author":1,"featured_media":660,"parent":156,"menu_order":2,"comment_status":"closed","ping_status":"closed","template":"page-sous-partie.php","meta":{"inline_featured_image":false,"footnotes":""},"categories":[],"tags":[18,19],"acf":[],"_links":{"self":[{"href":"https:\/\/dev-durable.agglo-larochelle.fr\/2023\/wp-json\/wp\/v2\/pages\/3016"}],"collection":[{"href":"https:\/\/dev-durable.agglo-larochelle.fr\/2023\/wp-json\/wp\/v2\/pages"}],"about":[{"href":"https:\/\/dev-durable.agglo-larochelle.fr\/2023\/wp-json\/wp\/v2\/types\/page"}],"author":[{"embeddable":true,"href":"https:\/\/dev-durable.agglo-larochelle.fr\/2023\/wp-json\/wp\/v2\/users\/1"}],"replies":[{"embeddable":true,"href":"https:\/\/dev-durable.agglo-larochelle.fr\/2023\/wp-json\/wp\/v2\/comments?post=3016"}],"version-history":[{"count":3,"href":"https:\/\/dev-durable.agglo-larochelle.fr\/2023\/wp-json\/wp\/v2\/pages\/3016\/revisions"}],"predecessor-version":[{"id":3022,"href":"https:\/\/dev-durable.agglo-larochelle.fr\/2023\/wp-json\/wp\/v2\/pages\/3016\/revisions\/3022"}],"up":[{"embeddable":true,"href":"https:\/\/dev-durable.agglo-larochelle.fr\/2023\/wp-json\/wp\/v2\/pages\/156"}],"wp:featuredmedia":[{"embeddable":true,"href":"https:\/\/dev-durable.agglo-larochelle.fr\/2023\/wp-json\/wp\/v2\/media\/660"}],"wp:attachment":[{"href":"https:\/\/dev-durable.agglo-larochelle.fr\/2023\/wp-json\/wp\/v2\/media?parent=3016"}],"wp:term":[{"taxonomy":"category","embeddable":true,"href":"https:\/\/dev-durable.agglo-larochelle.fr\/2023\/wp-json\/wp\/v2\/categories?post=3016"},{"taxonomy":"post_tag","embeddable":true,"href":"https:\/\/dev-durable.agglo-larochelle.fr\/2023\/wp-json\/wp\/v2\/tags?post=3016"}],"curies":[{"name":"wp","href":"https:\/\/api.w.org\/{rel}","templated":true}]}}