{"id":3029,"date":"2023-11-17T14:55:45","date_gmt":"2023-11-17T13:55:45","guid":{"rendered":"https:\/\/dev-durable.agglo-larochelle.fr\/2023\/?page_id=3029"},"modified":"2023-12-11T18:14:42","modified_gmt":"2023-12-11T17:14:42","slug":"le-dispositif-pop-poursuit-son-accompagnement-des-projets-deconomie-sociale-et-solidaire","status":"publish","type":"page","link":"https:\/\/dev-durable.agglo-larochelle.fr\/2023\/un-territoire-creative\/transition-economique\/le-dispositif-pop-poursuit-son-accompagnement-des-projets-deconomie-sociale-et-solidaire\/","title":{"rendered":"Le dispositif POP poursuit son accompagnement des projets d\u2019\u00e9conomie sociale et solidaire"},"content":{"rendered":"\n<p><strong>POP est un dispositif d\u2019accompagnement des porteurs de projets en faveur de l\u2019\u00e9conomie sociale et solidaire. Il soutient les projets locaux en phase d\u2019\u00e9mergence, de d\u00e9veloppement ou d\u2019incubation.<\/strong><\/p>\n<p>Le dispositif POP est port\u00e9 par l\u2019Association Territoire et Innovation Sociale (ATIS) et par France Active Nouvelle-Aquitaine, afin d\u2019accompagner l\u2019\u00e9mergence et le d\u00e9veloppement d\u2019entreprises socialement innovantes sur la r\u00e9gion. POP propose trois formes d\u2019accompagnement\u00a0: Pop D\u00e9part, Pop Incub et Pop Fabrique. La m\u00e9thode POP repose sur des ateliers participatifs, des formations th\u00e9oriques, un co-d\u00e9veloppement entre pairs, une mise en r\u00e9seau et une orientation personnalis\u00e9e. Ce dispositif s\u2019adresse aux porteurs de projets ayant une dimension sociale et\/ou environnementale.<\/p>\n","protected":false},"excerpt":{"rendered":"<p>POP est un dispositif d\u2019accompagnement des porteurs de projets en faveur de l\u2019\u00e9conomie sociale et solidaire. Il soutient les projets locaux en phase d\u2019\u00e9mergence, de d\u00e9veloppement ou d\u2019incubation. Le dispositif POP est port\u00e9 par l\u2019Association Territoire et Innovation Sociale (ATIS) et par France Active Nouvelle-Aquitaine, afin d\u2019accompagner l\u2019\u00e9mergence et le d\u00e9veloppement d\u2019entreprises socialement innovantes sur [&hellip;]<\/p>\n","protected":false},"author":1,"featured_media":3701,"parent":156,"menu_order":5,"comment_status":"closed","ping_status":"closed","template":"page-sous-partie.php","meta":{"inline_featured_image":false,"footnotes":""},"categories":[],"tags":[18,25,21],"acf":[],"_links":{"self":[{"href":"https:\/\/dev-durable.agglo-larochelle.fr\/2023\/wp-json\/wp\/v2\/pages\/3029"}],"collection":[{"href":"https:\/\/dev-durable.agglo-larochelle.fr\/2023\/wp-json\/wp\/v2\/pages"}],"about":[{"href":"https:\/\/dev-durable.agglo-larochelle.fr\/2023\/wp-json\/wp\/v2\/types\/page"}],"author":[{"embeddable":true,"href":"https:\/\/dev-durable.agglo-larochelle.fr\/2023\/wp-json\/wp\/v2\/users\/1"}],"replies":[{"embeddable":true,"href":"https:\/\/dev-durable.agglo-larochelle.fr\/2023\/wp-json\/wp\/v2\/comments?post=3029"}],"version-history":[{"count":2,"href":"https:\/\/dev-durable.agglo-larochelle.fr\/2023\/wp-json\/wp\/v2\/pages\/3029\/revisions"}],"predecessor-version":[{"id":3031,"href":"https:\/\/dev-durable.agglo-larochelle.fr\/2023\/wp-json\/wp\/v2\/pages\/3029\/revisions\/3031"}],"up":[{"embeddable":true,"href":"https:\/\/dev-durable.agglo-larochelle.fr\/2023\/wp-json\/wp\/v2\/pages\/156"}],"wp:featuredmedia":[{"embeddable":true,"href":"https:\/\/dev-durable.agglo-larochelle.fr\/2023\/wp-json\/wp\/v2\/media\/3701"}],"wp:attachment":[{"href":"https:\/\/dev-durable.agglo-larochelle.fr\/2023\/wp-json\/wp\/v2\/media?parent=3029"}],"wp:term":[{"taxonomy":"category","embeddable":true,"href":"https:\/\/dev-durable.agglo-larochelle.fr\/2023\/wp-json\/wp\/v2\/categories?post=3029"},{"taxonomy":"post_tag","embeddable":true,"href":"https:\/\/dev-durable.agglo-larochelle.fr\/2023\/wp-json\/wp\/v2\/tags?post=3029"}],"curies":[{"name":"wp","href":"https:\/\/api.w.org\/{rel}","templated":true}]}}