{"id":3041,"date":"2023-11-17T15:13:10","date_gmt":"2023-11-17T14:13:10","guid":{"rendered":"https:\/\/dev-durable.agglo-larochelle.fr\/2023\/?page_id=3041"},"modified":"2023-11-21T09:24:35","modified_gmt":"2023-11-21T08:24:35","slug":"lagglomeration-laureate-2023-de-lappel-a-projet-atlas-de-la-biodiversite-communale","status":"publish","type":"page","link":"https:\/\/dev-durable.agglo-larochelle.fr\/2023\/un-territoire-creative\/transition-ecologique\/lagglomeration-laureate-2023-de-lappel-a-projet-atlas-de-la-biodiversite-communale\/","title":{"rendered":"L\u2019Agglom\u00e9ration, laur\u00e9ate 2023 de l\u2019Appel \u00e0 Projet Atlas de la Biodiversit\u00e9 Communale"},"content":{"rendered":"\n<p><strong>L\u2019Agglom\u00e9ration a engag\u00e9 une d\u00e9marche d\u2019am\u00e9lioration des connaissance de la biodiversit\u00e9 \u00e0 l\u2019\u00e9chelle de son territoire, pour r\u00e9pondre aux enjeux de planification et d\u2019am\u00e9nagement. Dans ce cadre, elle est soutenue pour un projet d\u2019Atlas de la Biodiversit\u00e9 Communale.<\/strong><\/p>\n<p>En 2023, l\u2019Agglom\u00e9ration a obtenu de l\u2019Office Fran\u00e7ais de la Biodiversit\u00e9 le soutien et le financement d\u2019un Atlas de la Biodiversit\u00e9 Communale (ABC) sur trois ans, avec d\u00e9finition des besoins, partenaires, calendrier, moyens allou\u00e9s, etc. L\u2019ABC est une d\u00e9marche engag\u00e9e localement par une commune ou une structure intercommunale qui vise \u00e0 agir strat\u00e9giquement en faveur de la biodiversit\u00e9. La force de cet outil r\u00e9side dans sa transversalit\u00e9 : il permet \u00e0 la fois d\u2019am\u00e9liorer la connaissance en ciblant certaines esp\u00e8ces et milieux sur le territoire, de mobiliser les citoyens et acteurs locaux en les engageant autour d\u2019actions en faveur de la biodiversit\u00e9 et enfin d\u2019\u00e9tablir un plan d\u2019action \u00e0 partir d\u2019une cartographie pr\u00e9cise des enjeux r\u00e9v\u00e9l\u00e9s par l\u2019analyse des relev\u00e9s de terrain. Ce soutien entre dans le cadre du 8<sup>e<\/sup> Appel \u00e0 Projet de l\u2019OFB. En 2023, 76 nouveaux projets d\u2019Atlas de la biodiversit\u00e9 communale ont \u00e9t\u00e9 soutenus par cet organisme.<\/p>\n","protected":false},"excerpt":{"rendered":"<p>L\u2019Agglom\u00e9ration a engag\u00e9 une d\u00e9marche d\u2019am\u00e9lioration des connaissance de la biodiversit\u00e9 \u00e0 l\u2019\u00e9chelle de son territoire, pour r\u00e9pondre aux enjeux de planification et d\u2019am\u00e9nagement. Dans ce cadre, elle est soutenue pour un projet d\u2019Atlas de la Biodiversit\u00e9 Communale. En 2023, l\u2019Agglom\u00e9ration a obtenu de l\u2019Office Fran\u00e7ais de la Biodiversit\u00e9 le soutien et le financement d\u2019un [&hellip;]<\/p>\n","protected":false},"author":1,"featured_media":2471,"parent":272,"menu_order":2,"comment_status":"closed","ping_status":"closed","template":"page-sous-partie.php","meta":{"inline_featured_image":false,"footnotes":""},"categories":[],"tags":[31],"acf":[],"_links":{"self":[{"href":"https:\/\/dev-durable.agglo-larochelle.fr\/2023\/wp-json\/wp\/v2\/pages\/3041"}],"collection":[{"href":"https:\/\/dev-durable.agglo-larochelle.fr\/2023\/wp-json\/wp\/v2\/pages"}],"about":[{"href":"https:\/\/dev-durable.agglo-larochelle.fr\/2023\/wp-json\/wp\/v2\/types\/page"}],"author":[{"embeddable":true,"href":"https:\/\/dev-durable.agglo-larochelle.fr\/2023\/wp-json\/wp\/v2\/users\/1"}],"replies":[{"embeddable":true,"href":"https:\/\/dev-durable.agglo-larochelle.fr\/2023\/wp-json\/wp\/v2\/comments?post=3041"}],"version-history":[{"count":2,"href":"https:\/\/dev-durable.agglo-larochelle.fr\/2023\/wp-json\/wp\/v2\/pages\/3041\/revisions"}],"predecessor-version":[{"id":3043,"href":"https:\/\/dev-durable.agglo-larochelle.fr\/2023\/wp-json\/wp\/v2\/pages\/3041\/revisions\/3043"}],"up":[{"embeddable":true,"href":"https:\/\/dev-durable.agglo-larochelle.fr\/2023\/wp-json\/wp\/v2\/pages\/272"}],"wp:featuredmedia":[{"embeddable":true,"href":"https:\/\/dev-durable.agglo-larochelle.fr\/2023\/wp-json\/wp\/v2\/media\/2471"}],"wp:attachment":[{"href":"https:\/\/dev-durable.agglo-larochelle.fr\/2023\/wp-json\/wp\/v2\/media?parent=3041"}],"wp:term":[{"taxonomy":"category","embeddable":true,"href":"https:\/\/dev-durable.agglo-larochelle.fr\/2023\/wp-json\/wp\/v2\/categories?post=3041"},{"taxonomy":"post_tag","embeddable":true,"href":"https:\/\/dev-durable.agglo-larochelle.fr\/2023\/wp-json\/wp\/v2\/tags?post=3041"}],"curies":[{"name":"wp","href":"https:\/\/api.w.org\/{rel}","templated":true}]}}