{"id":3044,"date":"2023-11-17T15:15:03","date_gmt":"2023-11-17T14:15:03","guid":{"rendered":"https:\/\/dev-durable.agglo-larochelle.fr\/2023\/?page_id=3044"},"modified":"2023-12-12T10:33:37","modified_gmt":"2023-12-12T09:33:37","slug":"strategie-eviter-reduire-compenser-identifier-les-sites-de-compensation","status":"publish","type":"page","link":"https:\/\/dev-durable.agglo-larochelle.fr\/2023\/un-territoire-creative\/transition-ecologique\/strategie-eviter-reduire-compenser-identifier-les-sites-de-compensation\/","title":{"rendered":"Strat\u00e9gie \u00ab\u00a0\u00c9viter R\u00e9duire Compenser\u00a0\u00bb\u00a0: identifier les sites de compensation"},"content":{"rendered":"\n<p><strong>Dans le cadre de sa Strat\u00e9gie fonci\u00e8re, et de son volet \u00ab\u00a0Biodiversit\u00e9\u00a0\u00bb, l\u2019Agglom\u00e9ration a engag\u00e9 l\u2019analyse et l\u2019\u00e9valuation des besoins en compensation environnementale de plusieurs projets urbains.<\/strong><\/p>\n<p class=\"Standard\" style=\"text-align: left;\">Lorsqu\u2019un projet urbain sur le territoire est susceptible d\u2019avoir un impact sur la biodiversit\u00e9, des mesures compensatoires (en surface et localisation) sont \u00e0 rechercher. Compte-tenu de l\u2019\u00e9tat de plusieurs projets communautaires, l\u2019analyse des enjeux \u00e9cologiques a d\u2019ores et d\u00e9j\u00e0 permis d\u2019\u00e9valuer les besoins de compensation \u00e0 venir. Une nouvelle phase de travail est d\u00e9sormais lanc\u00e9e pour la recherche de sites compensatoires. Le bureau d\u2019\u00e9tudes SCE accompagne la collectivit\u00e9 sur ce travail.<\/p>\n","protected":false},"excerpt":{"rendered":"<p>Dans le cadre de sa Strat\u00e9gie fonci\u00e8re, et de son volet \u00ab\u00a0Biodiversit\u00e9\u00a0\u00bb, l\u2019Agglom\u00e9ration a engag\u00e9 l\u2019analyse et l\u2019\u00e9valuation des besoins en compensation environnementale de plusieurs projets urbains. Lorsqu\u2019un projet urbain sur le territoire est susceptible d\u2019avoir un impact sur la biodiversit\u00e9, des mesures compensatoires (en surface et localisation) sont \u00e0 rechercher. Compte-tenu de l\u2019\u00e9tat de [&hellip;]<\/p>\n","protected":false},"author":1,"featured_media":3705,"parent":272,"menu_order":3,"comment_status":"closed","ping_status":"closed","template":"page-sous-partie.php","meta":{"inline_featured_image":false,"footnotes":""},"categories":[],"tags":[31,32],"acf":[],"_links":{"self":[{"href":"https:\/\/dev-durable.agglo-larochelle.fr\/2023\/wp-json\/wp\/v2\/pages\/3044"}],"collection":[{"href":"https:\/\/dev-durable.agglo-larochelle.fr\/2023\/wp-json\/wp\/v2\/pages"}],"about":[{"href":"https:\/\/dev-durable.agglo-larochelle.fr\/2023\/wp-json\/wp\/v2\/types\/page"}],"author":[{"embeddable":true,"href":"https:\/\/dev-durable.agglo-larochelle.fr\/2023\/wp-json\/wp\/v2\/users\/1"}],"replies":[{"embeddable":true,"href":"https:\/\/dev-durable.agglo-larochelle.fr\/2023\/wp-json\/wp\/v2\/comments?post=3044"}],"version-history":[{"count":3,"href":"https:\/\/dev-durable.agglo-larochelle.fr\/2023\/wp-json\/wp\/v2\/pages\/3044\/revisions"}],"predecessor-version":[{"id":3050,"href":"https:\/\/dev-durable.agglo-larochelle.fr\/2023\/wp-json\/wp\/v2\/pages\/3044\/revisions\/3050"}],"up":[{"embeddable":true,"href":"https:\/\/dev-durable.agglo-larochelle.fr\/2023\/wp-json\/wp\/v2\/pages\/272"}],"wp:featuredmedia":[{"embeddable":true,"href":"https:\/\/dev-durable.agglo-larochelle.fr\/2023\/wp-json\/wp\/v2\/media\/3705"}],"wp:attachment":[{"href":"https:\/\/dev-durable.agglo-larochelle.fr\/2023\/wp-json\/wp\/v2\/media?parent=3044"}],"wp:term":[{"taxonomy":"category","embeddable":true,"href":"https:\/\/dev-durable.agglo-larochelle.fr\/2023\/wp-json\/wp\/v2\/categories?post=3044"},{"taxonomy":"post_tag","embeddable":true,"href":"https:\/\/dev-durable.agglo-larochelle.fr\/2023\/wp-json\/wp\/v2\/tags?post=3044"}],"curies":[{"name":"wp","href":"https:\/\/api.w.org\/{rel}","templated":true}]}}