{"id":3051,"date":"2023-11-17T15:20:43","date_gmt":"2023-11-17T14:20:43","guid":{"rendered":"https:\/\/dev-durable.agglo-larochelle.fr\/2023\/?page_id=3051"},"modified":"2023-12-11T18:07:56","modified_gmt":"2023-12-11T17:07:56","slug":"yelo-deta-des-mini-bus-electriques-autonomes-desserviront-lest-de-lagglomeration","status":"publish","type":"page","link":"https:\/\/dev-durable.agglo-larochelle.fr\/2023\/un-territoire-creative\/mobilite\/yelo-deta-des-mini-bus-electriques-autonomes-desserviront-lest-de-lagglomeration\/","title":{"rendered":"Y\u00e9lo DETA\u00a0: des mini-bus \u00e9lectriques autonomes desserviront l\u2019Est de l\u2019Agglom\u00e9ration"},"content":{"rendered":"\n<p><strong>L\u2019Agglom\u00e9ration et ses partenaires ont remport\u00e9 en mai 2023 un appel \u00e0 projet national pour d\u00e9velopper sur le territoire un syst\u00e8me de transport autonome z\u00e9ro carbone, desservant \u00e0 la demande arr\u00eats de bus, gare et parc-relais.<\/strong><\/p>\n<p>L\u2019Agglom\u00e9ration de La Rochelle et ses partenaires, le groupe de mobilit\u00e9s autonomes Milla, la RTCR, La Rochelle Universit\u00e9 et l\u2019EIGSI, ont port\u00e9 la candidature de leur projet \u00ab\u00a0Y\u00e9lo DETA\u00a0\u00bb de transport autonome \u00e9lectrique \u00e0 la demande, dans le cadre de l\u2019appel \u00e0 projet \u00ab Mobilit\u00e9s routi\u00e8res automatis\u00e9es, infrastructures de services connect\u00e9es et bas carbone \u00bb de la Banque Publique d\u2019Investissement. Laur\u00e9at, le projet Y\u00e9lo DETA a pour but de compl\u00e9ter l\u2019offre de transports pr\u00e9sente sur le territoire par un syst\u00e8me innovant de connexion des zones de faible densit\u00e9 aux infrastructures de transport existantes. Il permettra aux habitants des zones faiblement desservies de l\u2019Agglom\u00e9ration (plus de 14\u00a0000 habitants) de rejoindre par mini-bus \u00e9lectrique autonome un point d\u2019acc\u00e8s au r\u00e9seau de transport d\u00e9j\u00e0 existant. Le projet est entr\u00e9 cet automne dans une premi\u00e8re phase de pr\u00e9paration technique des v\u00e9hicules, de cartographie GPS des trajets et d\u2019organisation pratique du service.<\/p>\n","protected":false},"excerpt":{"rendered":"<p>L\u2019Agglom\u00e9ration et ses partenaires ont remport\u00e9 en mai 2023 un appel \u00e0 projet national pour d\u00e9velopper sur le territoire un syst\u00e8me de transport autonome z\u00e9ro carbone, desservant \u00e0 la demande arr\u00eats de bus, gare et parc-relais. L\u2019Agglom\u00e9ration de La Rochelle et ses partenaires, le groupe de mobilit\u00e9s autonomes Milla, la RTCR, La Rochelle Universit\u00e9 et [&hellip;]<\/p>\n","protected":false},"author":1,"featured_media":3698,"parent":2564,"menu_order":0,"comment_status":"closed","ping_status":"closed","template":"page-sous-partie.php","meta":{"inline_featured_image":false,"footnotes":""},"categories":[],"tags":[27,21,33],"acf":[],"_links":{"self":[{"href":"https:\/\/dev-durable.agglo-larochelle.fr\/2023\/wp-json\/wp\/v2\/pages\/3051"}],"collection":[{"href":"https:\/\/dev-durable.agglo-larochelle.fr\/2023\/wp-json\/wp\/v2\/pages"}],"about":[{"href":"https:\/\/dev-durable.agglo-larochelle.fr\/2023\/wp-json\/wp\/v2\/types\/page"}],"author":[{"embeddable":true,"href":"https:\/\/dev-durable.agglo-larochelle.fr\/2023\/wp-json\/wp\/v2\/users\/1"}],"replies":[{"embeddable":true,"href":"https:\/\/dev-durable.agglo-larochelle.fr\/2023\/wp-json\/wp\/v2\/comments?post=3051"}],"version-history":[{"count":2,"href":"https:\/\/dev-durable.agglo-larochelle.fr\/2023\/wp-json\/wp\/v2\/pages\/3051\/revisions"}],"predecessor-version":[{"id":3053,"href":"https:\/\/dev-durable.agglo-larochelle.fr\/2023\/wp-json\/wp\/v2\/pages\/3051\/revisions\/3053"}],"up":[{"embeddable":true,"href":"https:\/\/dev-durable.agglo-larochelle.fr\/2023\/wp-json\/wp\/v2\/pages\/2564"}],"wp:featuredmedia":[{"embeddable":true,"href":"https:\/\/dev-durable.agglo-larochelle.fr\/2023\/wp-json\/wp\/v2\/media\/3698"}],"wp:attachment":[{"href":"https:\/\/dev-durable.agglo-larochelle.fr\/2023\/wp-json\/wp\/v2\/media?parent=3051"}],"wp:term":[{"taxonomy":"category","embeddable":true,"href":"https:\/\/dev-durable.agglo-larochelle.fr\/2023\/wp-json\/wp\/v2\/categories?post=3051"},{"taxonomy":"post_tag","embeddable":true,"href":"https:\/\/dev-durable.agglo-larochelle.fr\/2023\/wp-json\/wp\/v2\/tags?post=3051"}],"curies":[{"name":"wp","href":"https:\/\/api.w.org\/{rel}","templated":true}]}}