{"id":3054,"date":"2023-11-17T15:29:28","date_gmt":"2023-11-17T14:29:28","guid":{"rendered":"https:\/\/dev-durable.agglo-larochelle.fr\/2023\/?page_id=3054"},"modified":"2023-12-12T10:37:07","modified_gmt":"2023-12-12T09:37:07","slug":"la-plateforme-de-donnees-territoriales-terreze-evaluee-par-lafaq-eco-conception","status":"publish","type":"page","link":"https:\/\/dev-durable.agglo-larochelle.fr\/2023\/un-territoire-creative\/numerique\/la-plateforme-de-donnees-territoriales-terreze-evaluee-par-lafaq-eco-conception\/","title":{"rendered":"La plateforme de donn\u00e9es territoriales Terreze \u00e9valu\u00e9e par l\u2019AFAQ Eco-conception"},"content":{"rendered":"\n<p><strong>La plateforme num\u00e9rique Terreze pr\u00e9figure les fa\u00e7ons dont la collecte et le traitement des donn\u00e9es produites sur le territoire vont aider \u00e0 la prise de d\u00e9cision pour atteindre la neutralit\u00e9 carbone. L\u2019\u00e9co-conception de la plateforme a fait l\u2019objet d\u2019une \u00e9valuation par l\u2019AFAQ Eco-conception.<\/strong><\/p>\n<p>La plateforme Terreze, d\u00e9velopp\u00e9e par un consortium compos\u00e9 de Citeos, Onepoint et Fieldbox a \u00e9t\u00e9 pr\u00e9sent\u00e9e \u00e0 la communaut\u00e9 LRTZC \u00e0 la fin de l\u2019ann\u00e9e 2022. Le portail en ligne de collecte et de traitement num\u00e9rique des donn\u00e9es produites par les diff\u00e9rents acteurs de LRTZC a vocation \u00e0 \u00eatre un outil puissant d\u2019aide \u00e0 la d\u00e9cision via la collecte, l\u2019enrichissement et la repr\u00e9sentation in\u00e9dite de donn\u00e9es territoriales extr\u00eamement vari\u00e9es (par exemple\u00a0: les consommations \u00e9nerg\u00e9tiques, les comptages de circulation, les donn\u00e9es de mobilit\u00e9s des entreprises et des m\u00e9nages, les pr\u00e9visions d\u2019ensoleillement, etc.).\u00a0. La plateforme Terreze est entr\u00e9e en 2023 dans une nouvelle phase d\u2019avancement, avec l\u2019ajout de nouvelles fonctionnalit\u00e9s permettant un acc\u00e8s plus large aux acteurs territoriaux, avant l\u2019int\u00e9gration de nouveaux cas d\u2019usages, l\u2019enrichissement des biblioth\u00e8ques de donn\u00e9es et l\u2019automatisation des collectes. Ce projet pionnier et innovant a fait l\u2019objet d\u2019une \u00e9valuation par l\u2019AFAQ \u00e9co-conception, afin d\u2019obtenir un avis objectif sur la d\u00e9marche d\u2019\u00e9co-conception et de mieux contr\u00f4ler les risques et les co\u00fbts li\u00e9s aux processus de conception et de d\u00e9veloppement.<\/p>\n","protected":false},"excerpt":{"rendered":"<p>La plateforme num\u00e9rique Terreze pr\u00e9figure les fa\u00e7ons dont la collecte et le traitement des donn\u00e9es produites sur le territoire vont aider \u00e0 la prise de d\u00e9cision pour atteindre la neutralit\u00e9 carbone. L\u2019\u00e9co-conception de la plateforme a fait l\u2019objet d\u2019une \u00e9valuation par l\u2019AFAQ Eco-conception. La plateforme Terreze, d\u00e9velopp\u00e9e par un consortium compos\u00e9 de Citeos, Onepoint et [&hellip;]<\/p>\n","protected":false},"author":1,"featured_media":665,"parent":2571,"menu_order":0,"comment_status":"closed","ping_status":"closed","template":"page-sous-partie.php","meta":{"inline_featured_image":false,"footnotes":""},"categories":[],"tags":[15],"acf":[],"_links":{"self":[{"href":"https:\/\/dev-durable.agglo-larochelle.fr\/2023\/wp-json\/wp\/v2\/pages\/3054"}],"collection":[{"href":"https:\/\/dev-durable.agglo-larochelle.fr\/2023\/wp-json\/wp\/v2\/pages"}],"about":[{"href":"https:\/\/dev-durable.agglo-larochelle.fr\/2023\/wp-json\/wp\/v2\/types\/page"}],"author":[{"embeddable":true,"href":"https:\/\/dev-durable.agglo-larochelle.fr\/2023\/wp-json\/wp\/v2\/users\/1"}],"replies":[{"embeddable":true,"href":"https:\/\/dev-durable.agglo-larochelle.fr\/2023\/wp-json\/wp\/v2\/comments?post=3054"}],"version-history":[{"count":2,"href":"https:\/\/dev-durable.agglo-larochelle.fr\/2023\/wp-json\/wp\/v2\/pages\/3054\/revisions"}],"predecessor-version":[{"id":3056,"href":"https:\/\/dev-durable.agglo-larochelle.fr\/2023\/wp-json\/wp\/v2\/pages\/3054\/revisions\/3056"}],"up":[{"embeddable":true,"href":"https:\/\/dev-durable.agglo-larochelle.fr\/2023\/wp-json\/wp\/v2\/pages\/2571"}],"wp:featuredmedia":[{"embeddable":true,"href":"https:\/\/dev-durable.agglo-larochelle.fr\/2023\/wp-json\/wp\/v2\/media\/665"}],"wp:attachment":[{"href":"https:\/\/dev-durable.agglo-larochelle.fr\/2023\/wp-json\/wp\/v2\/media?parent=3054"}],"wp:term":[{"taxonomy":"category","embeddable":true,"href":"https:\/\/dev-durable.agglo-larochelle.fr\/2023\/wp-json\/wp\/v2\/categories?post=3054"},{"taxonomy":"post_tag","embeddable":true,"href":"https:\/\/dev-durable.agglo-larochelle.fr\/2023\/wp-json\/wp\/v2\/tags?post=3054"}],"curies":[{"name":"wp","href":"https:\/\/api.w.org\/{rel}","templated":true}]}}