{"id":3057,"date":"2023-11-17T15:35:14","date_gmt":"2023-11-17T14:35:14","guid":{"rendered":"https:\/\/dev-durable.agglo-larochelle.fr\/2023\/?page_id=3057"},"modified":"2023-11-17T15:35:14","modified_gmt":"2023-11-17T14:35:14","slug":"lexperimentation-coach-co2-self-data-a-pris-fin","status":"publish","type":"page","link":"https:\/\/dev-durable.agglo-larochelle.fr\/2023\/un-territoire-creative\/numerique\/lexperimentation-coach-co2-self-data-a-pris-fin\/","title":{"rendered":"L\u2019exp\u00e9rimentation Coach CO2\/Self data a pris fin"},"content":{"rendered":"\n<p><strong>L\u2019Agglom\u00e9ration et la Ville de La Rochelle ont exp\u00e9riment\u00e9 entre 2021 et 2023 un dispositif num\u00e9rique unique permettant \u00e0 500 citoyens volontaires de mieux conna\u00eetre leurs habitudes de d\u00e9placement et d\u2019agir pour r\u00e9duire leurs \u00e9missions de CO<sub>2<\/sub>.<\/strong><\/p>\n<p>Dans le cadre du programme Agremob pour une mobilit\u00e9 durable, l\u2019initiative \u00ab\u00a0Coach CO<sub>2<\/sub>\/self data\u00a0\u00bb a permis aux citoyens volontaires de l\u2019Agglom\u00e9ration d\u2019acc\u00e9der \u00e0 des outils num\u00e9riques (<em>TraceMob <\/em>et <em>Coach CO<sub>2<\/sub> <\/em>via\u00a0 l\u2019application <em>Cozy Cloud<\/em>), afin de renseigner et de stocker de fa\u00e7on s\u00e9curis\u00e9e leurs donn\u00e9es de mobilit\u00e9. Les participants ont ainsi pu visualiser leurs d\u00e9placements et calculer leur empreinte carbone. Ce mode de collecte de donn\u00e9es publiques a permis de mieux conna\u00eetre les habitudes de d\u00e9placement. Les donn\u00e9es collect\u00e9es, correspondant aux pratiques r\u00e9elles de mobilit\u00e9s, sont des informations pr\u00e9cieuses pour proposer d\u00e9sormais des actions adapt\u00e9es afin de r\u00e9duire les \u00e9missions de CO<sub>2<\/sub> dues aux transports.<\/p>\n","protected":false},"excerpt":{"rendered":"<p>L\u2019Agglom\u00e9ration et la Ville de La Rochelle ont exp\u00e9riment\u00e9 entre 2021 et 2023 un dispositif num\u00e9rique unique permettant \u00e0 500 citoyens volontaires de mieux conna\u00eetre leurs habitudes de d\u00e9placement et d\u2019agir pour r\u00e9duire leurs \u00e9missions de CO2. Dans le cadre du programme Agremob pour une mobilit\u00e9 durable, l\u2019initiative \u00ab\u00a0Coach CO2\/self data\u00a0\u00bb a permis aux citoyens [&hellip;]<\/p>\n","protected":false},"author":1,"featured_media":3659,"parent":2571,"menu_order":0,"comment_status":"closed","ping_status":"closed","template":"page-sous-partie.php","meta":{"inline_featured_image":false,"footnotes":""},"categories":[],"tags":[33,15,20],"acf":[],"_links":{"self":[{"href":"https:\/\/dev-durable.agglo-larochelle.fr\/2023\/wp-json\/wp\/v2\/pages\/3057"}],"collection":[{"href":"https:\/\/dev-durable.agglo-larochelle.fr\/2023\/wp-json\/wp\/v2\/pages"}],"about":[{"href":"https:\/\/dev-durable.agglo-larochelle.fr\/2023\/wp-json\/wp\/v2\/types\/page"}],"author":[{"embeddable":true,"href":"https:\/\/dev-durable.agglo-larochelle.fr\/2023\/wp-json\/wp\/v2\/users\/1"}],"replies":[{"embeddable":true,"href":"https:\/\/dev-durable.agglo-larochelle.fr\/2023\/wp-json\/wp\/v2\/comments?post=3057"}],"version-history":[{"count":2,"href":"https:\/\/dev-durable.agglo-larochelle.fr\/2023\/wp-json\/wp\/v2\/pages\/3057\/revisions"}],"predecessor-version":[{"id":3059,"href":"https:\/\/dev-durable.agglo-larochelle.fr\/2023\/wp-json\/wp\/v2\/pages\/3057\/revisions\/3059"}],"up":[{"embeddable":true,"href":"https:\/\/dev-durable.agglo-larochelle.fr\/2023\/wp-json\/wp\/v2\/pages\/2571"}],"wp:featuredmedia":[{"embeddable":true,"href":"https:\/\/dev-durable.agglo-larochelle.fr\/2023\/wp-json\/wp\/v2\/media\/3659"}],"wp:attachment":[{"href":"https:\/\/dev-durable.agglo-larochelle.fr\/2023\/wp-json\/wp\/v2\/media?parent=3057"}],"wp:term":[{"taxonomy":"category","embeddable":true,"href":"https:\/\/dev-durable.agglo-larochelle.fr\/2023\/wp-json\/wp\/v2\/categories?post=3057"},{"taxonomy":"post_tag","embeddable":true,"href":"https:\/\/dev-durable.agglo-larochelle.fr\/2023\/wp-json\/wp\/v2\/tags?post=3057"}],"curies":[{"name":"wp","href":"https:\/\/api.w.org\/{rel}","templated":true}]}}