{"id":3060,"date":"2023-11-17T15:38:58","date_gmt":"2023-11-17T14:38:58","guid":{"rendered":"https:\/\/dev-durable.agglo-larochelle.fr\/2023\/?page_id=3060"},"modified":"2023-11-21T09:25:33","modified_gmt":"2023-11-21T08:25:33","slug":"premiere-saisine-du-conseil-de-developpement-codev-autour-du-pcaet","status":"publish","type":"page","link":"https:\/\/dev-durable.agglo-larochelle.fr\/2023\/un-territoire-creative\/gouvernance-et-animation-du-territoire\/premiere-saisine-du-conseil-de-developpement-codev-autour-du-pcaet\/","title":{"rendered":"Premi\u00e8re saisine du Conseil de d\u00e9veloppement (Codev) autour du PCAET"},"content":{"rendered":"\n<p><strong>Mis en place en septembre 2022, le Conseil de D\u00e9veloppement (Codev), instance et assembl\u00e9e citoyenne de l\u2019Agglom\u00e9ration, a \u00e9t\u00e9 saisi pour la premi\u00e8re fois par l\u2019Agglom\u00e9ration en 2023 pour \u00e9mettre un avis sur le Plan Climat Air \u00c9nergie Territorial (PCAET).<\/strong><\/p>\n<p>La premi\u00e8re saisine du Codev depuis sa cr\u00e9ation portait sur les conditions de d\u00e9veloppement des \u00e9nergies renouvelables sur le territoire de l\u2019agglom\u00e9ration rochelaise, dans le cadre du PCAET. D\u00e9but\u00e9 en mars 2023, la saisine s\u2019est achev\u00e9e en novembre 2023 par la remise d\u2019une contribution vot\u00e9e par ses membres. Les participants se sont r\u00e9unis lors de 6 s\u00e9ances pl\u00e9ni\u00e8res, ont particip\u00e9 \u00e0 la visite de plusieurs sites de production d\u2019\u00e9nergies renouvelables (Atlantech, unit\u00e9 de m\u00e9thanisation, parc \u00e9olien),\u00a0 \u00e0 plusieurs conf\u00e9rences et ont pu auditionner plusieurs experts et services de la collectivit\u00e9<\/p>\n","protected":false},"excerpt":{"rendered":"<p>Mis en place en septembre 2022, le Conseil de D\u00e9veloppement (Codev), instance et assembl\u00e9e citoyenne de l\u2019Agglom\u00e9ration, a \u00e9t\u00e9 saisi pour la premi\u00e8re fois par l\u2019Agglom\u00e9ration en 2023 pour \u00e9mettre un avis sur le Plan Climat Air \u00c9nergie Territorial (PCAET). La premi\u00e8re saisine du Codev depuis sa cr\u00e9ation portait sur les conditions de d\u00e9veloppement des [&hellip;]<\/p>\n","protected":false},"author":1,"featured_media":3660,"parent":289,"menu_order":1,"comment_status":"closed","ping_status":"closed","template":"page-sous-partie.php","meta":{"inline_featured_image":false,"footnotes":""},"categories":[],"tags":[10,36,20,13],"acf":[],"_links":{"self":[{"href":"https:\/\/dev-durable.agglo-larochelle.fr\/2023\/wp-json\/wp\/v2\/pages\/3060"}],"collection":[{"href":"https:\/\/dev-durable.agglo-larochelle.fr\/2023\/wp-json\/wp\/v2\/pages"}],"about":[{"href":"https:\/\/dev-durable.agglo-larochelle.fr\/2023\/wp-json\/wp\/v2\/types\/page"}],"author":[{"embeddable":true,"href":"https:\/\/dev-durable.agglo-larochelle.fr\/2023\/wp-json\/wp\/v2\/users\/1"}],"replies":[{"embeddable":true,"href":"https:\/\/dev-durable.agglo-larochelle.fr\/2023\/wp-json\/wp\/v2\/comments?post=3060"}],"version-history":[{"count":2,"href":"https:\/\/dev-durable.agglo-larochelle.fr\/2023\/wp-json\/wp\/v2\/pages\/3060\/revisions"}],"predecessor-version":[{"id":3062,"href":"https:\/\/dev-durable.agglo-larochelle.fr\/2023\/wp-json\/wp\/v2\/pages\/3060\/revisions\/3062"}],"up":[{"embeddable":true,"href":"https:\/\/dev-durable.agglo-larochelle.fr\/2023\/wp-json\/wp\/v2\/pages\/289"}],"wp:featuredmedia":[{"embeddable":true,"href":"https:\/\/dev-durable.agglo-larochelle.fr\/2023\/wp-json\/wp\/v2\/media\/3660"}],"wp:attachment":[{"href":"https:\/\/dev-durable.agglo-larochelle.fr\/2023\/wp-json\/wp\/v2\/media?parent=3060"}],"wp:term":[{"taxonomy":"category","embeddable":true,"href":"https:\/\/dev-durable.agglo-larochelle.fr\/2023\/wp-json\/wp\/v2\/categories?post=3060"},{"taxonomy":"post_tag","embeddable":true,"href":"https:\/\/dev-durable.agglo-larochelle.fr\/2023\/wp-json\/wp\/v2\/tags?post=3060"}],"curies":[{"name":"wp","href":"https:\/\/api.w.org\/{rel}","templated":true}]}}