{"id":3069,"date":"2023-11-17T15:53:48","date_gmt":"2023-11-17T14:53:48","guid":{"rendered":"https:\/\/dev-durable.agglo-larochelle.fr\/2023\/?page_id=3069"},"modified":"2023-11-21T09:25:42","modified_gmt":"2023-11-21T08:25:42","slug":"le-comite-citoyen-de-lrtzc-poursuit-son-travail-de-reflexion-et-de-proposition","status":"publish","type":"page","link":"https:\/\/dev-durable.agglo-larochelle.fr\/2023\/un-territoire-creative\/gouvernance-et-animation-du-territoire\/le-comite-citoyen-de-lrtzc-poursuit-son-travail-de-reflexion-et-de-proposition\/","title":{"rendered":"Le Comit\u00e9 citoyen de LRTZC poursuit son travail de r\u00e9flexion et de proposition"},"content":{"rendered":"\n<p><strong>Apr\u00e8s la transition agro-\u00e9cologique, le Comit\u00e9 citoyen, instance consultative du programme LRTZC, s\u2019est pench\u00e9 cette ann\u00e9e sur un nouvel axe, la mobilit\u00e9. Le Comit\u00e9 a d\u00e9but\u00e9 son travail en mai dernier. Un avis final sera rendu et pr\u00e9sent\u00e9 au Comit\u00e9 de pilotage en 2024.<\/strong><\/p>\n<p>Le Comit\u00e9 citoyen a \u0153uvr\u00e9 pendant les premiers mois de son installation sur la question de la transition agro-\u00e9cologique, et a \u00e9mis l\u2019an dernier des avis sur cet axe important. Depuis son installation en octobre 2021, il s\u2019est r\u00e9uni pr\u00e8s d\u2019une dizaine de fois pour remplir sa mission de r\u00e9flexion, d\u2019interpellation et de saisine des autres instances de LRTZC, et notamment son Comit\u00e9 de Pilotage (Copil). Le p\u00e9rim\u00e8tre de travail du Comit\u00e9 citoyen a d\u2019ailleurs \u00e9volu\u00e9 cette ann\u00e9e, avec la possibilit\u00e9 d\u2019inclure toutes les actions concourant \u00e0 la sobri\u00e9t\u00e9 carbone sur la territoire, y compris au-del\u00e0 du cadre strict du projet LRTZC.<\/p>\n","protected":false},"excerpt":{"rendered":"<p>Apr\u00e8s la transition agro-\u00e9cologique, le Comit\u00e9 citoyen, instance consultative du programme LRTZC, s\u2019est pench\u00e9 cette ann\u00e9e sur un nouvel axe, la mobilit\u00e9. Le Comit\u00e9 a d\u00e9but\u00e9 son travail en mai dernier. Un avis final sera rendu et pr\u00e9sent\u00e9 au Comit\u00e9 de pilotage en 2024. Le Comit\u00e9 citoyen a \u0153uvr\u00e9 pendant les premiers mois de son [&hellip;]<\/p>\n","protected":false},"author":1,"featured_media":3662,"parent":289,"menu_order":4,"comment_status":"closed","ping_status":"closed","template":"page-sous-partie.php","meta":{"inline_featured_image":false,"footnotes":""},"categories":[],"tags":[26,36,35,33,20],"acf":[],"_links":{"self":[{"href":"https:\/\/dev-durable.agglo-larochelle.fr\/2023\/wp-json\/wp\/v2\/pages\/3069"}],"collection":[{"href":"https:\/\/dev-durable.agglo-larochelle.fr\/2023\/wp-json\/wp\/v2\/pages"}],"about":[{"href":"https:\/\/dev-durable.agglo-larochelle.fr\/2023\/wp-json\/wp\/v2\/types\/page"}],"author":[{"embeddable":true,"href":"https:\/\/dev-durable.agglo-larochelle.fr\/2023\/wp-json\/wp\/v2\/users\/1"}],"replies":[{"embeddable":true,"href":"https:\/\/dev-durable.agglo-larochelle.fr\/2023\/wp-json\/wp\/v2\/comments?post=3069"}],"version-history":[{"count":3,"href":"https:\/\/dev-durable.agglo-larochelle.fr\/2023\/wp-json\/wp\/v2\/pages\/3069\/revisions"}],"predecessor-version":[{"id":3072,"href":"https:\/\/dev-durable.agglo-larochelle.fr\/2023\/wp-json\/wp\/v2\/pages\/3069\/revisions\/3072"}],"up":[{"embeddable":true,"href":"https:\/\/dev-durable.agglo-larochelle.fr\/2023\/wp-json\/wp\/v2\/pages\/289"}],"wp:featuredmedia":[{"embeddable":true,"href":"https:\/\/dev-durable.agglo-larochelle.fr\/2023\/wp-json\/wp\/v2\/media\/3662"}],"wp:attachment":[{"href":"https:\/\/dev-durable.agglo-larochelle.fr\/2023\/wp-json\/wp\/v2\/media?parent=3069"}],"wp:term":[{"taxonomy":"category","embeddable":true,"href":"https:\/\/dev-durable.agglo-larochelle.fr\/2023\/wp-json\/wp\/v2\/categories?post=3069"},{"taxonomy":"post_tag","embeddable":true,"href":"https:\/\/dev-durable.agglo-larochelle.fr\/2023\/wp-json\/wp\/v2\/tags?post=3069"}],"curies":[{"name":"wp","href":"https:\/\/api.w.org\/{rel}","templated":true}]}}