{"id":3079,"date":"2023-11-17T16:06:23","date_gmt":"2023-11-17T15:06:23","guid":{"rendered":"https:\/\/dev-durable.agglo-larochelle.fr\/2023\/?page_id=3079"},"modified":"2023-11-21T09:30:12","modified_gmt":"2023-11-21T08:30:12","slug":"de-nouveaux-projets-laureats-de-lappel-a-projet-2023-acteurs-de-la-transition","status":"publish","type":"page","link":"https:\/\/dev-durable.agglo-larochelle.fr\/2023\/un-territoire-creative\/accompagnement-au-changement\/de-nouveaux-projets-laureats-de-lappel-a-projet-2023-acteurs-de-la-transition\/","title":{"rendered":"De nouveaux projets laur\u00e9ats de l\u2019appel \u00e0 projet 2023 \u00ab\u00a0Acteurs de la transition\u00a0\u00bb"},"content":{"rendered":"\n<p><strong>La collectivit\u00e9 encourage et soutient les initiatives des citoyens, des collectifs et des associations sur le territoire, par son appel \u00e0 projets \u00ab\u00a0Acteurs de la transition\u00a0\u00bb. 10 structures vont b\u00e9n\u00e9ficier d\u2019un accompagnement et d\u2019une subvention, pour un montant total de 72 000 \u20ac.<\/strong><\/p>\n<p>Lanc\u00e9 en 2019, l\u2019appel \u00e0 projets annuel \u00ab\u00a0Acteurs de la transition\u00a0\u00bb vise \u00e0 soutenir des initiatives d\u2019int\u00e9r\u00eat collectif dans leurs phases d\u2019exp\u00e9rimentation, de d\u00e9marrage ou de nouveau d\u00e9veloppement. Les projets retenus, port\u00e9s par des associations ou des collectifs de citoyens, s\u2019inscrivent dans les enjeux de transition \u00e9nerg\u00e9tique, \u00e9cologique et sociale du territoire, en mati\u00e8re d\u2019\u00e9nergie, de biodiversit\u00e9, d\u2019alimentation, d\u2019\u00e9conomie circulaire, d\u2019\u00e9conomie sociale et solidaire, de mobilit\u00e9s, de num\u00e9rique responsable. Deux appels \u00e0 projets sont lanc\u00e9s chaque ann\u00e9e.<\/p>\n","protected":false},"excerpt":{"rendered":"<p>La collectivit\u00e9 encourage et soutient les initiatives des citoyens, des collectifs et des associations sur le territoire, par son appel \u00e0 projets \u00ab\u00a0Acteurs de la transition\u00a0\u00bb. 10 structures vont b\u00e9n\u00e9ficier d\u2019un accompagnement et d\u2019une subvention, pour un montant total de 72 000 \u20ac. Lanc\u00e9 en 2019, l\u2019appel \u00e0 projets annuel \u00ab\u00a0Acteurs de la transition\u00a0\u00bb vise [&hellip;]<\/p>\n","protected":false},"author":1,"featured_media":3666,"parent":3151,"menu_order":2,"comment_status":"closed","ping_status":"closed","template":"page-sous-partie.php","meta":{"inline_featured_image":false,"footnotes":""},"categories":[],"tags":[21,20],"acf":[],"_links":{"self":[{"href":"https:\/\/dev-durable.agglo-larochelle.fr\/2023\/wp-json\/wp\/v2\/pages\/3079"}],"collection":[{"href":"https:\/\/dev-durable.agglo-larochelle.fr\/2023\/wp-json\/wp\/v2\/pages"}],"about":[{"href":"https:\/\/dev-durable.agglo-larochelle.fr\/2023\/wp-json\/wp\/v2\/types\/page"}],"author":[{"embeddable":true,"href":"https:\/\/dev-durable.agglo-larochelle.fr\/2023\/wp-json\/wp\/v2\/users\/1"}],"replies":[{"embeddable":true,"href":"https:\/\/dev-durable.agglo-larochelle.fr\/2023\/wp-json\/wp\/v2\/comments?post=3079"}],"version-history":[{"count":2,"href":"https:\/\/dev-durable.agglo-larochelle.fr\/2023\/wp-json\/wp\/v2\/pages\/3079\/revisions"}],"predecessor-version":[{"id":3081,"href":"https:\/\/dev-durable.agglo-larochelle.fr\/2023\/wp-json\/wp\/v2\/pages\/3079\/revisions\/3081"}],"up":[{"embeddable":true,"href":"https:\/\/dev-durable.agglo-larochelle.fr\/2023\/wp-json\/wp\/v2\/pages\/3151"}],"wp:featuredmedia":[{"embeddable":true,"href":"https:\/\/dev-durable.agglo-larochelle.fr\/2023\/wp-json\/wp\/v2\/media\/3666"}],"wp:attachment":[{"href":"https:\/\/dev-durable.agglo-larochelle.fr\/2023\/wp-json\/wp\/v2\/media?parent=3079"}],"wp:term":[{"taxonomy":"category","embeddable":true,"href":"https:\/\/dev-durable.agglo-larochelle.fr\/2023\/wp-json\/wp\/v2\/categories?post=3079"},{"taxonomy":"post_tag","embeddable":true,"href":"https:\/\/dev-durable.agglo-larochelle.fr\/2023\/wp-json\/wp\/v2\/tags?post=3079"}],"curies":[{"name":"wp","href":"https:\/\/api.w.org\/{rel}","templated":true}]}}