{"id":3082,"date":"2023-11-17T16:08:28","date_gmt":"2023-11-17T15:08:28","guid":{"rendered":"https:\/\/dev-durable.agglo-larochelle.fr\/2023\/?page_id=3082"},"modified":"2023-12-12T11:10:17","modified_gmt":"2023-12-12T10:10:17","slug":"des-recits-prospectifs-a-decouvrir-en-ligne-pour-embarquer-pour-2040","status":"publish","type":"page","link":"https:\/\/dev-durable.agglo-larochelle.fr\/2023\/un-territoire-creative\/accompagnement-au-changement\/des-recits-prospectifs-a-decouvrir-en-ligne-pour-embarquer-pour-2040\/","title":{"rendered":"Des r\u00e9cits prospectifs \u00e0 d\u00e9couvrir en ligne pour \u00ab\u00a0Embarquer pour 2040 !\u00a0\u00bb"},"content":{"rendered":"\n<p><strong>L\u2019Agglom\u00e9ration, en partenariat avec l\u2019Universit\u00e9 et en collaboration avec la Ville de La Rochelle, l\u2019EIGSI, J\u2019adopte un projet, Les Petits D\u00e9brouillards et l\u2019association Atlantech ont mis en ligne 14 portraits et t\u00e9moignages fictifs, pour mieux se repr\u00e9senter les effets de la transition sur le territoire.<\/strong><\/p>\n<p>Cette mise en r\u00e9cits, issue d\u2019un travail partenarial, invite \u00e0 d\u00e9couvrir 14 t\u00e9moignages de personnages fictifs, vivant et travaillant dans les communes de l\u2019Agglo en 2040. Ces r\u00e9cits am\u00e8nent \u00e0 se projeter, \u00e0 questionner nos modes de vie et \u00e0 mieux envisager les changements possibles dans notre vie quotidienne. Les portraits sont ceux d\u2019une ouvri\u00e8re des chantiers maritimes, d\u2019un \u00e9leveur agroforestier, d\u2019un \u00e9tudiant, d\u2019une mytilicultrice, d\u2019un patron de BTP, etc., qui parlent de leurs m\u00e9tiers, de leurs nouvelles vies, de leurs r\u00e9ussites ou de leurs difficult\u00e9s \u00e0 atteindre cet objectif de neutralit\u00e9 carbone. L\u2019id\u00e9e est de proposer une vision \u00e0 la fois positive et objective, et de se projeter sur un futur d\u00e9sirable.<\/p>\n","protected":false},"excerpt":{"rendered":"<p>L\u2019Agglom\u00e9ration, en partenariat avec l\u2019Universit\u00e9 et en collaboration avec la Ville de La Rochelle, l\u2019EIGSI, J\u2019adopte un projet, Les Petits D\u00e9brouillards et l\u2019association Atlantech ont mis en ligne 14 portraits et t\u00e9moignages fictifs, pour mieux se repr\u00e9senter les effets de la transition sur le territoire. Cette mise en r\u00e9cits, issue d\u2019un travail partenarial, invite \u00e0 [&hellip;]<\/p>\n","protected":false},"author":1,"featured_media":3709,"parent":3151,"menu_order":3,"comment_status":"closed","ping_status":"closed","template":"page-sous-partie.php","meta":{"inline_featured_image":false,"footnotes":""},"categories":[],"tags":[27,17,20],"acf":[],"_links":{"self":[{"href":"https:\/\/dev-durable.agglo-larochelle.fr\/2023\/wp-json\/wp\/v2\/pages\/3082"}],"collection":[{"href":"https:\/\/dev-durable.agglo-larochelle.fr\/2023\/wp-json\/wp\/v2\/pages"}],"about":[{"href":"https:\/\/dev-durable.agglo-larochelle.fr\/2023\/wp-json\/wp\/v2\/types\/page"}],"author":[{"embeddable":true,"href":"https:\/\/dev-durable.agglo-larochelle.fr\/2023\/wp-json\/wp\/v2\/users\/1"}],"replies":[{"embeddable":true,"href":"https:\/\/dev-durable.agglo-larochelle.fr\/2023\/wp-json\/wp\/v2\/comments?post=3082"}],"version-history":[{"count":2,"href":"https:\/\/dev-durable.agglo-larochelle.fr\/2023\/wp-json\/wp\/v2\/pages\/3082\/revisions"}],"predecessor-version":[{"id":3084,"href":"https:\/\/dev-durable.agglo-larochelle.fr\/2023\/wp-json\/wp\/v2\/pages\/3082\/revisions\/3084"}],"up":[{"embeddable":true,"href":"https:\/\/dev-durable.agglo-larochelle.fr\/2023\/wp-json\/wp\/v2\/pages\/3151"}],"wp:featuredmedia":[{"embeddable":true,"href":"https:\/\/dev-durable.agglo-larochelle.fr\/2023\/wp-json\/wp\/v2\/media\/3709"}],"wp:attachment":[{"href":"https:\/\/dev-durable.agglo-larochelle.fr\/2023\/wp-json\/wp\/v2\/media?parent=3082"}],"wp:term":[{"taxonomy":"category","embeddable":true,"href":"https:\/\/dev-durable.agglo-larochelle.fr\/2023\/wp-json\/wp\/v2\/categories?post=3082"},{"taxonomy":"post_tag","embeddable":true,"href":"https:\/\/dev-durable.agglo-larochelle.fr\/2023\/wp-json\/wp\/v2\/tags?post=3082"}],"curies":[{"name":"wp","href":"https:\/\/api.w.org\/{rel}","templated":true}]}}