{"id":3087,"date":"2023-11-20T15:03:09","date_gmt":"2023-11-20T14:03:09","guid":{"rendered":"https:\/\/dev-durable.agglo-larochelle.fr\/2023\/?page_id=3087"},"modified":"2023-11-20T15:07:26","modified_gmt":"2023-11-20T14:07:26","slug":"prorogation-du-programme-local-de-lhabitat-pour-la-periode-2025-2031","status":"publish","type":"page","link":"https:\/\/dev-durable.agglo-larochelle.fr\/2023\/un-territoire-solidaire\/habitat-et-logement\/prorogation-du-programme-local-de-lhabitat-pour-la-periode-2025-2031\/","title":{"rendered":"Prorogation du Programme Local de l\u2019habitat pour la p\u00e9riode 2025-2031"},"content":{"rendered":"\n<p><strong>Le Programme Local de l\u2019Habitat (PLH) actuel est arriv\u00e9 \u00e0 son terme en mars 2023. Une prorogation d\u2019une dur\u00e9e de deux ans a \u00e9t\u00e9 sollicit\u00e9e aupr\u00e8s de l\u2019\u00c9tat afin de permettre d\u2019engager la proc\u00e9dure d\u2019\u00e9laboration d\u2019un nouveau PLH couvrant la p\u00e9riode 2025-2031.<\/strong><\/p>\n<p>Le Programme Local de l&rsquo;Habitat d\u00e9finit pour 6 ans les objectifs et principes d\u2019une politique visant \u00e0 r\u00e9pondre aux besoins des m\u00e9nages en logements et en h\u00e9bergement, \u00e0 favoriser le renouvellement urbain et la mixit\u00e9 sociale, \u00e0 am\u00e9liorer l\u2019efficacit\u00e9 \u00e9nerg\u00e9tique de l\u2019habitat et l&rsquo;accessibilit\u00e9 du cadre b\u00e2ti aux personnes handicap\u00e9es et l\u2019acc\u00e8s au logement des personnes d\u00e9favoris\u00e9es, en assurant une r\u00e9partition \u00e9quilibr\u00e9e et diversifi\u00e9e de l&rsquo;offre de logements entre les communes et entre les quartiers d&rsquo;une m\u00eame commune.<\/p>\n","protected":false},"excerpt":{"rendered":"<p>Le Programme Local de l\u2019Habitat (PLH) actuel est arriv\u00e9 \u00e0 son terme en mars 2023. Une prorogation d\u2019une dur\u00e9e de deux ans a \u00e9t\u00e9 sollicit\u00e9e aupr\u00e8s de l\u2019\u00c9tat afin de permettre d\u2019engager la proc\u00e9dure d\u2019\u00e9laboration d\u2019un nouveau PLH couvrant la p\u00e9riode 2025-2031. Le Programme Local de l&rsquo;Habitat d\u00e9finit pour 6 ans les objectifs et principes [&hellip;]<\/p>\n","protected":false},"author":1,"featured_media":3729,"parent":3085,"menu_order":1,"comment_status":"closed","ping_status":"closed","template":"page-sous-partie.php","meta":{"inline_featured_image":false,"footnotes":""},"categories":[],"tags":[40,41,42],"acf":[],"_links":{"self":[{"href":"https:\/\/dev-durable.agglo-larochelle.fr\/2023\/wp-json\/wp\/v2\/pages\/3087"}],"collection":[{"href":"https:\/\/dev-durable.agglo-larochelle.fr\/2023\/wp-json\/wp\/v2\/pages"}],"about":[{"href":"https:\/\/dev-durable.agglo-larochelle.fr\/2023\/wp-json\/wp\/v2\/types\/page"}],"author":[{"embeddable":true,"href":"https:\/\/dev-durable.agglo-larochelle.fr\/2023\/wp-json\/wp\/v2\/users\/1"}],"replies":[{"embeddable":true,"href":"https:\/\/dev-durable.agglo-larochelle.fr\/2023\/wp-json\/wp\/v2\/comments?post=3087"}],"version-history":[{"count":4,"href":"https:\/\/dev-durable.agglo-larochelle.fr\/2023\/wp-json\/wp\/v2\/pages\/3087\/revisions"}],"predecessor-version":[{"id":3091,"href":"https:\/\/dev-durable.agglo-larochelle.fr\/2023\/wp-json\/wp\/v2\/pages\/3087\/revisions\/3091"}],"up":[{"embeddable":true,"href":"https:\/\/dev-durable.agglo-larochelle.fr\/2023\/wp-json\/wp\/v2\/pages\/3085"}],"wp:featuredmedia":[{"embeddable":true,"href":"https:\/\/dev-durable.agglo-larochelle.fr\/2023\/wp-json\/wp\/v2\/media\/3729"}],"wp:attachment":[{"href":"https:\/\/dev-durable.agglo-larochelle.fr\/2023\/wp-json\/wp\/v2\/media?parent=3087"}],"wp:term":[{"taxonomy":"category","embeddable":true,"href":"https:\/\/dev-durable.agglo-larochelle.fr\/2023\/wp-json\/wp\/v2\/categories?post=3087"},{"taxonomy":"post_tag","embeddable":true,"href":"https:\/\/dev-durable.agglo-larochelle.fr\/2023\/wp-json\/wp\/v2\/tags?post=3087"}],"curies":[{"name":"wp","href":"https:\/\/api.w.org\/{rel}","templated":true}]}}