{"id":3092,"date":"2023-11-20T15:05:37","date_gmt":"2023-11-20T14:05:37","guid":{"rendered":"https:\/\/dev-durable.agglo-larochelle.fr\/2023\/?page_id=3092"},"modified":"2023-11-20T15:07:27","modified_gmt":"2023-11-20T14:07:27","slug":"la-production-de-logements-sociaux-et-logements-abordables-continue-de-croitre","status":"publish","type":"page","link":"https:\/\/dev-durable.agglo-larochelle.fr\/2023\/un-territoire-solidaire\/habitat-et-logement\/la-production-de-logements-sociaux-et-logements-abordables-continue-de-croitre\/","title":{"rendered":"La production de logements sociaux et logements abordables continue de cro\u00eetre"},"content":{"rendered":"\n<p><strong>Pr\u00e9s de 400 logements sociaux ont vu le jour l\u2019an dernier sur l\u2019ensemble de l\u2019Agglom\u00e9ration. Les dispositifs communautaires d\u2019appui aux bailleurs sociaux et \u00e0 l\u2019OPH ont \u00e9volu\u00e9 et le soutien financier aux primo-acc\u00e9dants se poursuit.<\/strong><\/p>\n<p>L\u2019objectif de production annuel de production de logements sociaux sur l\u2019Agglom\u00e9ration a \u00e9t\u00e9 atteint \u00e0 79\u00a0% en 2022. La r\u00e9partition territoriale des 391 logements sociaux agr\u00e9\u00e9s par l\u2019\u00c9tat concerne la ville centre (90 logements), l\u2019unit\u00e9 urbaine centrale (60), les p\u00f4les d\u2019appui (184), la couronne p\u00e9riurbaine (57). L\u2019effort de production dans les communes carenc\u00e9es se poursuit. L\u2019Agglom\u00e9ration accompagne la production de logements sociaux par des dispositifs d\u2019appui financier aux bailleurs sociaux, r\u00e9\u00e9valu\u00e9s cette ann\u00e9e, par une contribution financi\u00e8re \u00e0 l\u2019Office Public de l\u2019Habitat, et par l\u2019octroi de garanties d\u2019emprunt. La production d\u2019une offre de logements \u00e0 prix abordable est \u00e9galement soutenue. En 2022, 89 logements ont \u00e9t\u00e9 labellis\u00e9s abordables (pour un total de 324 depuis 2018). Enfin, 198 m\u00e9nages primo-acc\u00e9dants ont sollicit\u00e9 un soutien financier pour favoriser l\u2019accession \u00e0 la propri\u00e9t\u00e9 en 2022 et 160 m\u00e9nages ont b\u00e9n\u00e9fici\u00e9 d\u2019une aide individuelle de 4 000 \u20ac.<\/p>\n","protected":false},"excerpt":{"rendered":"<p>Pr\u00e9s de 400 logements sociaux ont vu le jour l\u2019an dernier sur l\u2019ensemble de l\u2019Agglom\u00e9ration. Les dispositifs communautaires d\u2019appui aux bailleurs sociaux et \u00e0 l\u2019OPH ont \u00e9volu\u00e9 et le soutien financier aux primo-acc\u00e9dants se poursuit. L\u2019objectif de production annuel de production de logements sociaux sur l\u2019Agglom\u00e9ration a \u00e9t\u00e9 atteint \u00e0 79\u00a0% en 2022. La r\u00e9partition [&hellip;]<\/p>\n","protected":false},"author":1,"featured_media":3728,"parent":3085,"menu_order":2,"comment_status":"closed","ping_status":"closed","template":"page-sous-partie.php","meta":{"inline_featured_image":false,"footnotes":""},"categories":[],"tags":[],"acf":[],"_links":{"self":[{"href":"https:\/\/dev-durable.agglo-larochelle.fr\/2023\/wp-json\/wp\/v2\/pages\/3092"}],"collection":[{"href":"https:\/\/dev-durable.agglo-larochelle.fr\/2023\/wp-json\/wp\/v2\/pages"}],"about":[{"href":"https:\/\/dev-durable.agglo-larochelle.fr\/2023\/wp-json\/wp\/v2\/types\/page"}],"author":[{"embeddable":true,"href":"https:\/\/dev-durable.agglo-larochelle.fr\/2023\/wp-json\/wp\/v2\/users\/1"}],"replies":[{"embeddable":true,"href":"https:\/\/dev-durable.agglo-larochelle.fr\/2023\/wp-json\/wp\/v2\/comments?post=3092"}],"version-history":[{"count":3,"href":"https:\/\/dev-durable.agglo-larochelle.fr\/2023\/wp-json\/wp\/v2\/pages\/3092\/revisions"}],"predecessor-version":[{"id":3096,"href":"https:\/\/dev-durable.agglo-larochelle.fr\/2023\/wp-json\/wp\/v2\/pages\/3092\/revisions\/3096"}],"up":[{"embeddable":true,"href":"https:\/\/dev-durable.agglo-larochelle.fr\/2023\/wp-json\/wp\/v2\/pages\/3085"}],"wp:featuredmedia":[{"embeddable":true,"href":"https:\/\/dev-durable.agglo-larochelle.fr\/2023\/wp-json\/wp\/v2\/media\/3728"}],"wp:attachment":[{"href":"https:\/\/dev-durable.agglo-larochelle.fr\/2023\/wp-json\/wp\/v2\/media?parent=3092"}],"wp:term":[{"taxonomy":"category","embeddable":true,"href":"https:\/\/dev-durable.agglo-larochelle.fr\/2023\/wp-json\/wp\/v2\/categories?post=3092"},{"taxonomy":"post_tag","embeddable":true,"href":"https:\/\/dev-durable.agglo-larochelle.fr\/2023\/wp-json\/wp\/v2\/tags?post=3092"}],"curies":[{"name":"wp","href":"https:\/\/api.w.org\/{rel}","templated":true}]}}