{"id":3095,"date":"2023-11-20T15:08:31","date_gmt":"2023-11-20T14:08:31","guid":{"rendered":"https:\/\/dev-durable.agglo-larochelle.fr\/2023\/?page_id=3095"},"modified":"2023-11-20T15:08:32","modified_gmt":"2023-11-20T14:08:32","slug":"un-programme-dinteret-general-en-soutien-a-la-renovation-et-a-ladaptation-du-parc-prive","status":"publish","type":"page","link":"https:\/\/dev-durable.agglo-larochelle.fr\/2023\/un-territoire-solidaire\/habitat-et-logement\/un-programme-dinteret-general-en-soutien-a-la-renovation-et-a-ladaptation-du-parc-prive\/","title":{"rendered":"Un Programme d\u2019Int\u00e9r\u00eat G\u00e9n\u00e9ral en soutien \u00e0 la r\u00e9novation et \u00e0 l\u2019adaptation du parc priv\u00e9"},"content":{"rendered":"\n<p><strong>D\u00e9but 2024, un Programme d\u2019Int\u00e9r\u00eat G\u00e9n\u00e9ral (PIG), pilot\u00e9 par la Communaut\u00e9 d\u2019Agglom\u00e9ration, va permettre de renforcer l\u2019accompagnement des particuliers \u00e0 la r\u00e9novation et l\u2019adaptation de leur habitation.<\/strong><\/p>\n<p><em>\u00a0<\/em>Ce PIG est contractualis\u00e9 entre l\u2019\u00c9tat, l\u2019Agence Nationale d\u2019Am\u00e9lioration de l\u2019Habitat (ANAH) et l\u2019Agglom\u00e9ration, avec l\u2019objectif de promouvoir la r\u00e9novation \u00e9nerg\u00e9tique du parc immobilier priv\u00e9, d\u2019adapter ce parc au vieillissement des m\u00e9nages et de lutter contre l\u2019habitat indigne et d\u00e9grad\u00e9. Ce dispositif communautaire d\u2019accompagnement programm\u00e9 d\u2019am\u00e9lioration des logements concernera plus particuli\u00e8rement les m\u00e9nages modestes et tr\u00e8s modestes. Le dispositif renforcera localement les actions de la Plateforme Rochelaise de R\u00e9novation \u00c9nerg\u00e9tique, qui constituera le lieu d\u2019accueil unique pour tous les m\u00e9nages et toutes leurs d\u00e9marches.<\/p>\n","protected":false},"excerpt":{"rendered":"<p>D\u00e9but 2024, un Programme d\u2019Int\u00e9r\u00eat G\u00e9n\u00e9ral (PIG), pilot\u00e9 par la Communaut\u00e9 d\u2019Agglom\u00e9ration, va permettre de renforcer l\u2019accompagnement des particuliers \u00e0 la r\u00e9novation et l\u2019adaptation de leur habitation. \u00a0Ce PIG est contractualis\u00e9 entre l\u2019\u00c9tat, l\u2019Agence Nationale d\u2019Am\u00e9lioration de l\u2019Habitat (ANAH) et l\u2019Agglom\u00e9ration, avec l\u2019objectif de promouvoir la r\u00e9novation \u00e9nerg\u00e9tique du parc immobilier priv\u00e9, d\u2019adapter ce parc [&hellip;]<\/p>\n","protected":false},"author":1,"featured_media":2442,"parent":3085,"menu_order":3,"comment_status":"closed","ping_status":"closed","template":"page-sous-partie.php","meta":{"inline_featured_image":false,"footnotes":""},"categories":[],"tags":[],"acf":[],"_links":{"self":[{"href":"https:\/\/dev-durable.agglo-larochelle.fr\/2023\/wp-json\/wp\/v2\/pages\/3095"}],"collection":[{"href":"https:\/\/dev-durable.agglo-larochelle.fr\/2023\/wp-json\/wp\/v2\/pages"}],"about":[{"href":"https:\/\/dev-durable.agglo-larochelle.fr\/2023\/wp-json\/wp\/v2\/types\/page"}],"author":[{"embeddable":true,"href":"https:\/\/dev-durable.agglo-larochelle.fr\/2023\/wp-json\/wp\/v2\/users\/1"}],"replies":[{"embeddable":true,"href":"https:\/\/dev-durable.agglo-larochelle.fr\/2023\/wp-json\/wp\/v2\/comments?post=3095"}],"version-history":[{"count":2,"href":"https:\/\/dev-durable.agglo-larochelle.fr\/2023\/wp-json\/wp\/v2\/pages\/3095\/revisions"}],"predecessor-version":[{"id":3098,"href":"https:\/\/dev-durable.agglo-larochelle.fr\/2023\/wp-json\/wp\/v2\/pages\/3095\/revisions\/3098"}],"up":[{"embeddable":true,"href":"https:\/\/dev-durable.agglo-larochelle.fr\/2023\/wp-json\/wp\/v2\/pages\/3085"}],"wp:featuredmedia":[{"embeddable":true,"href":"https:\/\/dev-durable.agglo-larochelle.fr\/2023\/wp-json\/wp\/v2\/media\/2442"}],"wp:attachment":[{"href":"https:\/\/dev-durable.agglo-larochelle.fr\/2023\/wp-json\/wp\/v2\/media?parent=3095"}],"wp:term":[{"taxonomy":"category","embeddable":true,"href":"https:\/\/dev-durable.agglo-larochelle.fr\/2023\/wp-json\/wp\/v2\/categories?post=3095"},{"taxonomy":"post_tag","embeddable":true,"href":"https:\/\/dev-durable.agglo-larochelle.fr\/2023\/wp-json\/wp\/v2\/tags?post=3095"}],"curies":[{"name":"wp","href":"https:\/\/api.w.org\/{rel}","templated":true}]}}