{"id":3113,"date":"2023-11-20T16:31:13","date_gmt":"2023-11-20T15:31:13","guid":{"rendered":"https:\/\/dev-durable.agglo-larochelle.fr\/2023\/?page_id=3113"},"modified":"2023-12-18T10:29:14","modified_gmt":"2023-12-18T09:29:14","slug":"les-assises-de-lemploi","status":"publish","type":"page","link":"https:\/\/dev-durable.agglo-larochelle.fr\/2023\/un-territoire-solidaire\/insertion\/les-assises-de-lemploi\/","title":{"rendered":"Les Assises de l&rsquo;Emploi"},"content":{"rendered":"\n<p><strong>Les Assises de l\u2019Emploi rapprochent l\u2019offre et la demande d\u2019emploi sur le territoire communautaire, au travers d\u2019actions cibl\u00e9es. 3 commissions se sont rassembl\u00e9es d\u00e9but 2023, pour la mise en place du Cycle 3 des Assises, avec de nouvelles actions.<\/strong><\/p>\n<p>Les Assises de l\u2019Emploi ont pour objectif de r\u00e9pondre de mani\u00e8re r\u00e9active aux attentes des employeurs et des salari\u00e9s sur le territoire. D\u00e9but 2023, les 3 commissions constituant les Assises se sont rassembl\u00e9es pour d\u00e9terminer les actions \u00e0 poursuivre ou \u00e0 d\u00e9velopper. Certaines de ces actions sont p\u00e9rennes (d\u00e9couvertes des m\u00e9tiers du nautisme et du littoral, \u00ab\u00a0Conjoints booster\u00a0\u00bb, guide de la reconversion, etc.), d\u2019autres r\u00e9pondent \u00e0 de nouvelles attentes du monde entrepreneurial, comme des ateliers de sensibilisation des TPE-PME \u00e0 la marque employeur, ou des ateliers pour s\u2019approprier la RSE et en faire un levier de recrutement structurant, ou encore la r\u00e9alisation d\u2019un guide d\u2019h\u00e9bergement des saisonniers pour aider la fili\u00e8re tourisme\/h\u00f4tellerie\/restauration \u00e0 recruter et maintenir dans l\u2019emploi.<\/p>\n","protected":false},"excerpt":{"rendered":"<p>Les Assises de l\u2019Emploi rapprochent l\u2019offre et la demande d\u2019emploi sur le territoire communautaire, au travers d\u2019actions cibl\u00e9es. 3 commissions se sont rassembl\u00e9es d\u00e9but 2023, pour la mise en place du Cycle 3 des Assises, avec de nouvelles actions. Les Assises de l\u2019Emploi ont pour objectif de r\u00e9pondre de mani\u00e8re r\u00e9active aux attentes des employeurs [&hellip;]<\/p>\n","protected":false},"author":1,"featured_media":2019,"parent":312,"menu_order":0,"comment_status":"closed","ping_status":"closed","template":"page-sous-partie.php","meta":{"inline_featured_image":false,"footnotes":""},"categories":[],"tags":[27,43],"acf":[],"_links":{"self":[{"href":"https:\/\/dev-durable.agglo-larochelle.fr\/2023\/wp-json\/wp\/v2\/pages\/3113"}],"collection":[{"href":"https:\/\/dev-durable.agglo-larochelle.fr\/2023\/wp-json\/wp\/v2\/pages"}],"about":[{"href":"https:\/\/dev-durable.agglo-larochelle.fr\/2023\/wp-json\/wp\/v2\/types\/page"}],"author":[{"embeddable":true,"href":"https:\/\/dev-durable.agglo-larochelle.fr\/2023\/wp-json\/wp\/v2\/users\/1"}],"replies":[{"embeddable":true,"href":"https:\/\/dev-durable.agglo-larochelle.fr\/2023\/wp-json\/wp\/v2\/comments?post=3113"}],"version-history":[{"count":4,"href":"https:\/\/dev-durable.agglo-larochelle.fr\/2023\/wp-json\/wp\/v2\/pages\/3113\/revisions"}],"predecessor-version":[{"id":3745,"href":"https:\/\/dev-durable.agglo-larochelle.fr\/2023\/wp-json\/wp\/v2\/pages\/3113\/revisions\/3745"}],"up":[{"embeddable":true,"href":"https:\/\/dev-durable.agglo-larochelle.fr\/2023\/wp-json\/wp\/v2\/pages\/312"}],"wp:featuredmedia":[{"embeddable":true,"href":"https:\/\/dev-durable.agglo-larochelle.fr\/2023\/wp-json\/wp\/v2\/media\/2019"}],"wp:attachment":[{"href":"https:\/\/dev-durable.agglo-larochelle.fr\/2023\/wp-json\/wp\/v2\/media?parent=3113"}],"wp:term":[{"taxonomy":"category","embeddable":true,"href":"https:\/\/dev-durable.agglo-larochelle.fr\/2023\/wp-json\/wp\/v2\/categories?post=3113"},{"taxonomy":"post_tag","embeddable":true,"href":"https:\/\/dev-durable.agglo-larochelle.fr\/2023\/wp-json\/wp\/v2\/tags?post=3113"}],"curies":[{"name":"wp","href":"https:\/\/api.w.org\/{rel}","templated":true}]}}