{"id":3116,"date":"2023-11-20T16:42:09","date_gmt":"2023-11-20T15:42:09","guid":{"rendered":"https:\/\/dev-durable.agglo-larochelle.fr\/2023\/?page_id=3116"},"modified":"2023-12-18T10:29:49","modified_gmt":"2023-12-18T09:29:49","slug":"derniere-annee-de-lexperimentation-le-lab-de-lemploi","status":"publish","type":"page","link":"https:\/\/dev-durable.agglo-larochelle.fr\/2023\/un-territoire-solidaire\/insertion\/derniere-annee-de-lexperimentation-le-lab-de-lemploi\/","title":{"rendered":"Derni\u00e8re ann\u00e9e de l\u2019exp\u00e9rimentation \u00ab\u00a0le Lab\u2019 de l\u2019emploi\u00a0\u00bb"},"content":{"rendered":"\n<p><strong>\u00c0 l\u2019issue de l\u2019exp\u00e9rimentation de ce dispositif partenarial d\u2019insertion, plus de la moiti\u00e9 des b\u00e9n\u00e9ficiaires sont en emploi ou en formation, la majorit\u00e9 en emploi durable dans une collectivit\u00e9 et le reste dans le secteur priv\u00e9 marchand.<\/strong><\/p>\n<p>L\u2019exp\u00e9rimentation du \u00ab Lab\u2019 de l\u2019emploi \u00bb r\u00e9sulte d\u2019une mobilisation de l\u2019Agglom\u00e9ration, de l\u2019\u00c9tat et de P\u00f4le emploi, en partenariat avec la R\u00e9gion Nouvelle-Aquitaine, la Mission locale, les entreprises signataires, etc. Son objectif \u00e9tait de favoriser une insertion durable des publics \u00e9loign\u00e9s de l\u2019emploi au sein des entreprises du territoire, gr\u00e2ce \u00e0 une \u00ab reprise de comp\u00e9tences \u00bb en Parcours Emploi Comp\u00e9tences (PEC) au sein des collectivit\u00e9s. Le \u00ab Lab\u2019 de l\u2019emploi \u00bb a ainsi permis de d\u00e9velopper l\u2019employabilit\u00e9 de 61 demandeurs d\u2019emploi via un contrat en PEC \u00e0 temps plein d\u2019une ann\u00e9e au sein de l\u2019Agglom\u00e9ration et des communes membres. Pour ces personnes, les comp\u00e9tences acquises dans ces collectivit\u00e9s peuvent ensuite servir dans le secteur marchand et permettre un meilleur retour sur le march\u00e9 du travail.<\/p>\n","protected":false},"excerpt":{"rendered":"<p>\u00c0 l\u2019issue de l\u2019exp\u00e9rimentation de ce dispositif partenarial d\u2019insertion, plus de la moiti\u00e9 des b\u00e9n\u00e9ficiaires sont en emploi ou en formation, la majorit\u00e9 en emploi durable dans une collectivit\u00e9 et le reste dans le secteur priv\u00e9 marchand. L\u2019exp\u00e9rimentation du \u00ab Lab\u2019 de l\u2019emploi \u00bb r\u00e9sulte d\u2019une mobilisation de l\u2019Agglom\u00e9ration, de l\u2019\u00c9tat et de P\u00f4le emploi, [&hellip;]<\/p>\n","protected":false},"author":1,"featured_media":3683,"parent":312,"menu_order":0,"comment_status":"closed","ping_status":"closed","template":"page-sous-partie.php","meta":{"inline_featured_image":false,"footnotes":""},"categories":[],"tags":[27,43,44],"acf":[],"_links":{"self":[{"href":"https:\/\/dev-durable.agglo-larochelle.fr\/2023\/wp-json\/wp\/v2\/pages\/3116"}],"collection":[{"href":"https:\/\/dev-durable.agglo-larochelle.fr\/2023\/wp-json\/wp\/v2\/pages"}],"about":[{"href":"https:\/\/dev-durable.agglo-larochelle.fr\/2023\/wp-json\/wp\/v2\/types\/page"}],"author":[{"embeddable":true,"href":"https:\/\/dev-durable.agglo-larochelle.fr\/2023\/wp-json\/wp\/v2\/users\/1"}],"replies":[{"embeddable":true,"href":"https:\/\/dev-durable.agglo-larochelle.fr\/2023\/wp-json\/wp\/v2\/comments?post=3116"}],"version-history":[{"count":3,"href":"https:\/\/dev-durable.agglo-larochelle.fr\/2023\/wp-json\/wp\/v2\/pages\/3116\/revisions"}],"predecessor-version":[{"id":3746,"href":"https:\/\/dev-durable.agglo-larochelle.fr\/2023\/wp-json\/wp\/v2\/pages\/3116\/revisions\/3746"}],"up":[{"embeddable":true,"href":"https:\/\/dev-durable.agglo-larochelle.fr\/2023\/wp-json\/wp\/v2\/pages\/312"}],"wp:featuredmedia":[{"embeddable":true,"href":"https:\/\/dev-durable.agglo-larochelle.fr\/2023\/wp-json\/wp\/v2\/media\/3683"}],"wp:attachment":[{"href":"https:\/\/dev-durable.agglo-larochelle.fr\/2023\/wp-json\/wp\/v2\/media?parent=3116"}],"wp:term":[{"taxonomy":"category","embeddable":true,"href":"https:\/\/dev-durable.agglo-larochelle.fr\/2023\/wp-json\/wp\/v2\/categories?post=3116"},{"taxonomy":"post_tag","embeddable":true,"href":"https:\/\/dev-durable.agglo-larochelle.fr\/2023\/wp-json\/wp\/v2\/tags?post=3116"}],"curies":[{"name":"wp","href":"https:\/\/api.w.org\/{rel}","templated":true}]}}