{"id":3125,"date":"2023-11-20T17:00:21","date_gmt":"2023-11-20T16:00:21","guid":{"rendered":"https:\/\/dev-durable.agglo-larochelle.fr\/2023\/?page_id=3125"},"modified":"2023-11-20T17:00:21","modified_gmt":"2023-11-20T16:00:21","slug":"une-convention-de-partenariat-signee-avec-unis-cite-pour-le-projet-mediaterre","status":"publish","type":"page","link":"https:\/\/dev-durable.agglo-larochelle.fr\/2023\/un-territoire-solidaire\/insertion\/une-convention-de-partenariat-signee-avec-unis-cite-pour-le-projet-mediaterre\/","title":{"rendered":"Une convention de partenariat sign\u00e9e avec Unis-Cit\u00e9 pour le projet M\u00e9diaTerre"},"content":{"rendered":"\n<p><strong>L\u2019Agglom\u00e9ration a sign\u00e9 une convention avec l\u2019association Unis-Cit\u00e9 pour mettre en \u0153uvre des actions de sensibilisation aux enjeux de l\u2019eau et des risques associ\u00e9s, le projet \u00ab\u00a0M\u00e9diaTerre\u00a0\u00bb.<\/strong><\/p>\n<p>Les jeunes en mission de service civique, form\u00e9s par l\u2019association Escal\u2019Oc\u00e9an, seront notamment impliqu\u00e9s dans des actions d\u2019information et d\u2019appropriation du th\u00e8me de l\u2019eau aupr\u00e8s des habitants sur le territoire, et plus particuli\u00e8rement en direction du public jeune (16-25 ans), ainsi que pour des actions d\u2019information sur le risque d\u2019inondation et de submersion. Ce partenariat entre l\u2019Agglom\u00e9ration et Unis-Cit\u00e9 mobilise jusqu\u2019\u00e0 8 jeunes volontaires, qui ont cr\u00e9\u00e9 eux-m\u00eames les actions et animations propos\u00e9es.<\/p>\n","protected":false},"excerpt":{"rendered":"<p>L\u2019Agglom\u00e9ration a sign\u00e9 une convention avec l\u2019association Unis-Cit\u00e9 pour mettre en \u0153uvre des actions de sensibilisation aux enjeux de l\u2019eau et des risques associ\u00e9s, le projet \u00ab\u00a0M\u00e9diaTerre\u00a0\u00bb. Les jeunes en mission de service civique, form\u00e9s par l\u2019association Escal\u2019Oc\u00e9an, seront notamment impliqu\u00e9s dans des actions d\u2019information et d\u2019appropriation du th\u00e8me de l\u2019eau aupr\u00e8s des habitants sur [&hellip;]<\/p>\n","protected":false},"author":1,"featured_media":3672,"parent":312,"menu_order":0,"comment_status":"closed","ping_status":"closed","template":"page-sous-partie.php","meta":{"inline_featured_image":false,"footnotes":""},"categories":[],"tags":[45,44,34],"acf":[],"_links":{"self":[{"href":"https:\/\/dev-durable.agglo-larochelle.fr\/2023\/wp-json\/wp\/v2\/pages\/3125"}],"collection":[{"href":"https:\/\/dev-durable.agglo-larochelle.fr\/2023\/wp-json\/wp\/v2\/pages"}],"about":[{"href":"https:\/\/dev-durable.agglo-larochelle.fr\/2023\/wp-json\/wp\/v2\/types\/page"}],"author":[{"embeddable":true,"href":"https:\/\/dev-durable.agglo-larochelle.fr\/2023\/wp-json\/wp\/v2\/users\/1"}],"replies":[{"embeddable":true,"href":"https:\/\/dev-durable.agglo-larochelle.fr\/2023\/wp-json\/wp\/v2\/comments?post=3125"}],"version-history":[{"count":2,"href":"https:\/\/dev-durable.agglo-larochelle.fr\/2023\/wp-json\/wp\/v2\/pages\/3125\/revisions"}],"predecessor-version":[{"id":3127,"href":"https:\/\/dev-durable.agglo-larochelle.fr\/2023\/wp-json\/wp\/v2\/pages\/3125\/revisions\/3127"}],"up":[{"embeddable":true,"href":"https:\/\/dev-durable.agglo-larochelle.fr\/2023\/wp-json\/wp\/v2\/pages\/312"}],"wp:featuredmedia":[{"embeddable":true,"href":"https:\/\/dev-durable.agglo-larochelle.fr\/2023\/wp-json\/wp\/v2\/media\/3672"}],"wp:attachment":[{"href":"https:\/\/dev-durable.agglo-larochelle.fr\/2023\/wp-json\/wp\/v2\/media?parent=3125"}],"wp:term":[{"taxonomy":"category","embeddable":true,"href":"https:\/\/dev-durable.agglo-larochelle.fr\/2023\/wp-json\/wp\/v2\/categories?post=3125"},{"taxonomy":"post_tag","embeddable":true,"href":"https:\/\/dev-durable.agglo-larochelle.fr\/2023\/wp-json\/wp\/v2\/tags?post=3125"}],"curies":[{"name":"wp","href":"https:\/\/api.w.org\/{rel}","templated":true}]}}