{"id":3128,"date":"2023-11-20T17:02:29","date_gmt":"2023-11-20T16:02:29","guid":{"rendered":"https:\/\/dev-durable.agglo-larochelle.fr\/2023\/?page_id=3128"},"modified":"2023-11-21T14:09:31","modified_gmt":"2023-11-21T13:09:31","slug":"mise-en-place-du-programme-solidarite-energie-avec-lassociation-unis-cite","status":"publish","type":"page","link":"https:\/\/dev-durable.agglo-larochelle.fr\/2023\/un-territoire-solidaire\/insertion\/mise-en-place-du-programme-solidarite-energie-avec-lassociation-unis-cite\/","title":{"rendered":"Le programme \u00ab\u00a0Solidarit\u00e9 \u00c9nergie\u00a0\u00bb pour sensibiliser \u00e0 la ma\u00eetrise de ses consommations"},"content":{"rendered":"\n<p><strong>Pour aider les foyers les plus modestes dans une d\u00e9marche de ma\u00eetrise des consommations \u00e9nerg\u00e9tiques, de nouvelles actions de sensibilisation sont mises en \u0153uvre afin de leur faire connaitre les moyens et accompagnements mis \u00e0 leur disposition.<\/strong><\/p>\n<p>En partenariat avec l\u2019association Unis-Cit\u00e9s, un programme d\u2019animations et de sensibilisation \u00e0 la ma\u00eetrise de l\u2019\u00e9nergie va \u00eatre propos\u00e9 aux foyers les plus modestes, afin de les informer des dispositifs adapt\u00e9s et des d\u00e9marches possibles afin d\u2019am\u00e9liorer son confort et de r\u00e9duite le co\u00fbt de ses consommations. Cette action compl\u00e8te d\u2019autres actions existantes propos\u00e9es par l\u2019Agglom\u00e9ration et la PRRE\u00a0: aide r\u00e9novation \u00ab\u00a0Bas Carbone\u00a0\u00bb, dispositif \u00ab\u00a0SLIME\u00a0\u00bb de diagnostic sociotechnique gratuit, Programme d\u2019Int\u00e9r\u00eat G\u00e9n\u00e9ral de financement des travaux de r\u00e9novation \u00e9nerg\u00e9tique.<\/p>\n","protected":false},"excerpt":{"rendered":"<p>Pour aider les foyers les plus modestes dans une d\u00e9marche de ma\u00eetrise des consommations \u00e9nerg\u00e9tiques, de nouvelles actions de sensibilisation sont mises en \u0153uvre afin de leur faire connaitre les moyens et accompagnements mis \u00e0 leur disposition. En partenariat avec l\u2019association Unis-Cit\u00e9s, un programme d\u2019animations et de sensibilisation \u00e0 la ma\u00eetrise de l\u2019\u00e9nergie va \u00eatre [&hellip;]<\/p>\n","protected":false},"author":1,"featured_media":2441,"parent":312,"menu_order":0,"comment_status":"closed","ping_status":"closed","template":"page-sous-partie.php","meta":{"inline_featured_image":false,"footnotes":""},"categories":[],"tags":[],"acf":[],"_links":{"self":[{"href":"https:\/\/dev-durable.agglo-larochelle.fr\/2023\/wp-json\/wp\/v2\/pages\/3128"}],"collection":[{"href":"https:\/\/dev-durable.agglo-larochelle.fr\/2023\/wp-json\/wp\/v2\/pages"}],"about":[{"href":"https:\/\/dev-durable.agglo-larochelle.fr\/2023\/wp-json\/wp\/v2\/types\/page"}],"author":[{"embeddable":true,"href":"https:\/\/dev-durable.agglo-larochelle.fr\/2023\/wp-json\/wp\/v2\/users\/1"}],"replies":[{"embeddable":true,"href":"https:\/\/dev-durable.agglo-larochelle.fr\/2023\/wp-json\/wp\/v2\/comments?post=3128"}],"version-history":[{"count":2,"href":"https:\/\/dev-durable.agglo-larochelle.fr\/2023\/wp-json\/wp\/v2\/pages\/3128\/revisions"}],"predecessor-version":[{"id":3308,"href":"https:\/\/dev-durable.agglo-larochelle.fr\/2023\/wp-json\/wp\/v2\/pages\/3128\/revisions\/3308"}],"up":[{"embeddable":true,"href":"https:\/\/dev-durable.agglo-larochelle.fr\/2023\/wp-json\/wp\/v2\/pages\/312"}],"wp:featuredmedia":[{"embeddable":true,"href":"https:\/\/dev-durable.agglo-larochelle.fr\/2023\/wp-json\/wp\/v2\/media\/2441"}],"wp:attachment":[{"href":"https:\/\/dev-durable.agglo-larochelle.fr\/2023\/wp-json\/wp\/v2\/media?parent=3128"}],"wp:term":[{"taxonomy":"category","embeddable":true,"href":"https:\/\/dev-durable.agglo-larochelle.fr\/2023\/wp-json\/wp\/v2\/categories?post=3128"},{"taxonomy":"post_tag","embeddable":true,"href":"https:\/\/dev-durable.agglo-larochelle.fr\/2023\/wp-json\/wp\/v2\/tags?post=3128"}],"curies":[{"name":"wp","href":"https:\/\/api.w.org\/{rel}","templated":true}]}}