{"id":3146,"date":"2023-11-21T09:20:38","date_gmt":"2023-11-21T08:20:38","guid":{"rendered":"https:\/\/dev-durable.agglo-larochelle.fr\/2023\/?page_id=3146"},"modified":"2023-11-21T09:20:38","modified_gmt":"2023-11-21T08:20:38","slug":"etude-urbaine-de-port-neuf-developpement-social-et-integration-de-nouveaux-logements","status":"publish","type":"page","link":"https:\/\/dev-durable.agglo-larochelle.fr\/2023\/un-territoire-creative\/amenagement\/etude-urbaine-de-port-neuf-developpement-social-et-integration-de-nouveaux-logements\/","title":{"rendered":"\u00c9tude urbaine de Port-Neuf\u00a0: d\u00e9veloppement social et int\u00e9gration de nouveaux logements"},"content":{"rendered":"\n<p><strong>Une \u00e9tude urbaine de Port-Neuf a permis d\u2019identifier des leviers de d\u00e9veloppement social et a \u00e9tabli des sc\u00e9narios permettant d\u2019int\u00e9grer de nouveaux logements, avec une intensification ma\u00eetris\u00e9e et respectueuse de l\u2019identit\u00e9 du quartier.<\/strong><\/p>\n<p>Cette \u00e9tude urbaine a formalis\u00e9 un plan-guide \u00e0 l\u2019\u00e9chelle du quartier, qui met en avant quelques grands enjeux\u00a0: valoriser les fonciers publics et para-publics dans un contexte de renouvellement urbain renforc\u00e9 par l\u2019objectif de Z\u00e9ro Artificialisation Nette, lier urbanisation et environnement naturel, valoriser les espaces libres, faciliter les mobilit\u00e9s actives, mettre \u00e0 niveau les \u00e9quipements. Le projet a identifi\u00e9 des entit\u00e9s fonci\u00e8res susceptibles d\u2019accueillir une future programmation de logements int\u00e9gr\u00e9s dans ce tissu urbain sp\u00e9cifique, et sans consommer d\u2019espaces agricoles ou naturels.<\/p>\n","protected":false},"excerpt":{"rendered":"<p>Une \u00e9tude urbaine de Port-Neuf a permis d\u2019identifier des leviers de d\u00e9veloppement social et a \u00e9tabli des sc\u00e9narios permettant d\u2019int\u00e9grer de nouveaux logements, avec une intensification ma\u00eetris\u00e9e et respectueuse de l\u2019identit\u00e9 du quartier. Cette \u00e9tude urbaine a formalis\u00e9 un plan-guide \u00e0 l\u2019\u00e9chelle du quartier, qui met en avant quelques grands enjeux\u00a0: valoriser les fonciers publics [&hellip;]<\/p>\n","protected":false},"author":1,"featured_media":2446,"parent":9,"menu_order":1,"comment_status":"closed","ping_status":"closed","template":"page-sous-partie.php","meta":{"inline_featured_image":false,"footnotes":""},"categories":[],"tags":[53,41,52,50],"acf":[],"_links":{"self":[{"href":"https:\/\/dev-durable.agglo-larochelle.fr\/2023\/wp-json\/wp\/v2\/pages\/3146"}],"collection":[{"href":"https:\/\/dev-durable.agglo-larochelle.fr\/2023\/wp-json\/wp\/v2\/pages"}],"about":[{"href":"https:\/\/dev-durable.agglo-larochelle.fr\/2023\/wp-json\/wp\/v2\/types\/page"}],"author":[{"embeddable":true,"href":"https:\/\/dev-durable.agglo-larochelle.fr\/2023\/wp-json\/wp\/v2\/users\/1"}],"replies":[{"embeddable":true,"href":"https:\/\/dev-durable.agglo-larochelle.fr\/2023\/wp-json\/wp\/v2\/comments?post=3146"}],"version-history":[{"count":3,"href":"https:\/\/dev-durable.agglo-larochelle.fr\/2023\/wp-json\/wp\/v2\/pages\/3146\/revisions"}],"predecessor-version":[{"id":3653,"href":"https:\/\/dev-durable.agglo-larochelle.fr\/2023\/wp-json\/wp\/v2\/pages\/3146\/revisions\/3653"}],"up":[{"embeddable":true,"href":"https:\/\/dev-durable.agglo-larochelle.fr\/2023\/wp-json\/wp\/v2\/pages\/9"}],"wp:featuredmedia":[{"embeddable":true,"href":"https:\/\/dev-durable.agglo-larochelle.fr\/2023\/wp-json\/wp\/v2\/media\/2446"}],"wp:attachment":[{"href":"https:\/\/dev-durable.agglo-larochelle.fr\/2023\/wp-json\/wp\/v2\/media?parent=3146"}],"wp:term":[{"taxonomy":"category","embeddable":true,"href":"https:\/\/dev-durable.agglo-larochelle.fr\/2023\/wp-json\/wp\/v2\/categories?post=3146"},{"taxonomy":"post_tag","embeddable":true,"href":"https:\/\/dev-durable.agglo-larochelle.fr\/2023\/wp-json\/wp\/v2\/tags?post=3146"}],"curies":[{"name":"wp","href":"https:\/\/api.w.org\/{rel}","templated":true}]}}