{"id":3149,"date":"2023-11-21T09:22:17","date_gmt":"2023-11-21T08:22:17","guid":{"rendered":"https:\/\/dev-durable.agglo-larochelle.fr\/2023\/?page_id=3149"},"modified":"2023-11-21T09:22:17","modified_gmt":"2023-11-21T08:22:17","slug":"etude-urbaine-des-minimes-integration-fonctionnelle-et-pistes-de-developpement","status":"publish","type":"page","link":"https:\/\/dev-durable.agglo-larochelle.fr\/2023\/un-territoire-creative\/amenagement\/etude-urbaine-des-minimes-integration-fonctionnelle-et-pistes-de-developpement\/","title":{"rendered":"\u00c9tude urbaine des Minimes\u00a0: int\u00e9gration fonctionnelle et pistes de d\u00e9veloppement"},"content":{"rendered":"\n<p class=\"Standard\"><strong>Une \u00e9tude urbaine portant sur le quartier des Minimes a d\u00e9fini dans un plan-guide les grands enjeux strat\u00e9giques permettant une meilleure int\u00e9gration fonctionnelle du quartier au reste de la ville.<\/strong><\/p>\n<p class=\"Standard\"><b>\u00a0<\/b>L\u2019\u00e9tude urbaine portant sur le quartier des Minimes a identifi\u00e9 plusieurs axes de r\u00e9flexions strat\u00e9giques autour d\u2019une meilleure int\u00e9gration urbaine\u00a0: centralit\u00e9, nouvelles pratiques de mobilit\u00e9, reconnexion avec le port, renaturation et d\u00e9simperm\u00e9abilisation des sols, p\u00f4les d\u2019intermodalit\u00e9, etc. L\u2019\u00e9tude identifie des espaces potentiels pour une intensification urbaine, afin de r\u00e9pondre aux besoins de d\u00e9veloppement de l\u2019universit\u00e9 ou de production de nouveaux logements sans consommation fonci\u00e8re par \u00e9talement urbain.<\/p>\n","protected":false},"excerpt":{"rendered":"<p>Une \u00e9tude urbaine portant sur le quartier des Minimes a d\u00e9fini dans un plan-guide les grands enjeux strat\u00e9giques permettant une meilleure int\u00e9gration fonctionnelle du quartier au reste de la ville. \u00a0L\u2019\u00e9tude urbaine portant sur le quartier des Minimes a identifi\u00e9 plusieurs axes de r\u00e9flexions strat\u00e9giques autour d\u2019une meilleure int\u00e9gration urbaine\u00a0: centralit\u00e9, nouvelles pratiques de mobilit\u00e9, [&hellip;]<\/p>\n","protected":false},"author":1,"featured_media":3664,"parent":9,"menu_order":1,"comment_status":"closed","ping_status":"closed","template":"page-sous-partie.php","meta":{"inline_featured_image":false,"footnotes":""},"categories":[],"tags":[53,41,55,54,52,50],"acf":[],"_links":{"self":[{"href":"https:\/\/dev-durable.agglo-larochelle.fr\/2023\/wp-json\/wp\/v2\/pages\/3149"}],"collection":[{"href":"https:\/\/dev-durable.agglo-larochelle.fr\/2023\/wp-json\/wp\/v2\/pages"}],"about":[{"href":"https:\/\/dev-durable.agglo-larochelle.fr\/2023\/wp-json\/wp\/v2\/types\/page"}],"author":[{"embeddable":true,"href":"https:\/\/dev-durable.agglo-larochelle.fr\/2023\/wp-json\/wp\/v2\/users\/1"}],"replies":[{"embeddable":true,"href":"https:\/\/dev-durable.agglo-larochelle.fr\/2023\/wp-json\/wp\/v2\/comments?post=3149"}],"version-history":[{"count":1,"href":"https:\/\/dev-durable.agglo-larochelle.fr\/2023\/wp-json\/wp\/v2\/pages\/3149\/revisions"}],"predecessor-version":[{"id":3150,"href":"https:\/\/dev-durable.agglo-larochelle.fr\/2023\/wp-json\/wp\/v2\/pages\/3149\/revisions\/3150"}],"up":[{"embeddable":true,"href":"https:\/\/dev-durable.agglo-larochelle.fr\/2023\/wp-json\/wp\/v2\/pages\/9"}],"wp:featuredmedia":[{"embeddable":true,"href":"https:\/\/dev-durable.agglo-larochelle.fr\/2023\/wp-json\/wp\/v2\/media\/3664"}],"wp:attachment":[{"href":"https:\/\/dev-durable.agglo-larochelle.fr\/2023\/wp-json\/wp\/v2\/media?parent=3149"}],"wp:term":[{"taxonomy":"category","embeddable":true,"href":"https:\/\/dev-durable.agglo-larochelle.fr\/2023\/wp-json\/wp\/v2\/categories?post=3149"},{"taxonomy":"post_tag","embeddable":true,"href":"https:\/\/dev-durable.agglo-larochelle.fr\/2023\/wp-json\/wp\/v2\/tags?post=3149"}],"curies":[{"name":"wp","href":"https:\/\/api.w.org\/{rel}","templated":true}]}}