{"id":3157,"date":"2023-11-21T09:44:05","date_gmt":"2023-11-21T08:44:05","guid":{"rendered":"https:\/\/dev-durable.agglo-larochelle.fr\/2023\/?page_id=3157"},"modified":"2023-12-12T12:35:31","modified_gmt":"2023-12-12T11:35:31","slug":"deux-nouvelles-liaisons-cyclables-entre-clavette-la-jarrie-et-nieul-lagord","status":"publish","type":"page","link":"https:\/\/dev-durable.agglo-larochelle.fr\/2023\/un-territoire-sobre\/amenagement\/deux-nouvelles-liaisons-cyclables-entre-clavette-la-jarrie-et-nieul-lagord\/","title":{"rendered":"Deux nouvelles liaisons cyclables, entre Clavette-La Jarrie et Nieul-Lagord"},"content":{"rendered":"\n<p><strong>Dans le cadre du Sch\u00e9ma directeur v\u00e9lo, l\u2019Agglom\u00e9ration continue \u00e0 d\u00e9velopper de nouvelles liaisons cyclables. Les liaisons \u00ab\u00a0Clavette-La Jarrie\u00a0\u00bb et \u00ab\u00a0Lagord-Nieul\u00a0\u00bb ont d\u00e9marr\u00e9 cette ann\u00e9e.<\/strong><\/p>\n<p>Les travaux pour l\u2019am\u00e9nagement du tron\u00e7on reliant Clavette et La Jarrie ont d\u00e9marr\u00e9 d\u00e9but janvier 2023, apr\u00e8s signature d\u2019une convention entre le D\u00e9partement de la Charente-Maritime, l\u2019Agglom\u00e9ration et Clavette. Ce nouveau tron\u00e7on connectera \u00e0 terme les usagers \u00e0 la piste cyclable existante de Saint-Rogatien \u00e0 P\u00e9rigny et permettra de rejoindre le Parc-Relais de Saint-Rogatien. La liaison cyclable entre Nieul-sur-Mer et Lagord a pour sa part d\u00e9but\u00e9 cet \u00e9t\u00e9. Cette liaison entre le parking relais des Greffi\u00e8res \u00e0 Lagord et le centre-ville de Nieul constitue un tron\u00e7on de l\u2019axe structurant La Rochelle &#8211; Lagord &#8211; Nieul-sur-Mer. Elle reliera la ZAC du Champ Pinson \u00e0 Nieul, le parc d\u2019activit\u00e9s Atlantech \u00e0 Lagord, des \u00e9quipements sportifs (tennis, stade de foot), le lyc\u00e9e Vieljeux et le centre-ville de La Rochelle.<\/p>\n","protected":false},"excerpt":{"rendered":"<p>Dans le cadre du Sch\u00e9ma directeur v\u00e9lo, l\u2019Agglom\u00e9ration continue \u00e0 d\u00e9velopper de nouvelles liaisons cyclables. Les liaisons \u00ab\u00a0Clavette-La Jarrie\u00a0\u00bb et \u00ab\u00a0Lagord-Nieul\u00a0\u00bb ont d\u00e9marr\u00e9 cette ann\u00e9e. Les travaux pour l\u2019am\u00e9nagement du tron\u00e7on reliant Clavette et La Jarrie ont d\u00e9marr\u00e9 d\u00e9but janvier 2023, apr\u00e8s signature d\u2019une convention entre le D\u00e9partement de la Charente-Maritime, l\u2019Agglom\u00e9ration et Clavette. Ce [&hellip;]<\/p>\n","protected":false},"author":1,"featured_media":3711,"parent":1516,"menu_order":0,"comment_status":"closed","ping_status":"closed","template":"page-sous-partie.php","meta":{"inline_featured_image":false,"footnotes":""},"categories":[],"tags":[57,33],"acf":[],"_links":{"self":[{"href":"https:\/\/dev-durable.agglo-larochelle.fr\/2023\/wp-json\/wp\/v2\/pages\/3157"}],"collection":[{"href":"https:\/\/dev-durable.agglo-larochelle.fr\/2023\/wp-json\/wp\/v2\/pages"}],"about":[{"href":"https:\/\/dev-durable.agglo-larochelle.fr\/2023\/wp-json\/wp\/v2\/types\/page"}],"author":[{"embeddable":true,"href":"https:\/\/dev-durable.agglo-larochelle.fr\/2023\/wp-json\/wp\/v2\/users\/1"}],"replies":[{"embeddable":true,"href":"https:\/\/dev-durable.agglo-larochelle.fr\/2023\/wp-json\/wp\/v2\/comments?post=3157"}],"version-history":[{"count":2,"href":"https:\/\/dev-durable.agglo-larochelle.fr\/2023\/wp-json\/wp\/v2\/pages\/3157\/revisions"}],"predecessor-version":[{"id":3159,"href":"https:\/\/dev-durable.agglo-larochelle.fr\/2023\/wp-json\/wp\/v2\/pages\/3157\/revisions\/3159"}],"up":[{"embeddable":true,"href":"https:\/\/dev-durable.agglo-larochelle.fr\/2023\/wp-json\/wp\/v2\/pages\/1516"}],"wp:featuredmedia":[{"embeddable":true,"href":"https:\/\/dev-durable.agglo-larochelle.fr\/2023\/wp-json\/wp\/v2\/media\/3711"}],"wp:attachment":[{"href":"https:\/\/dev-durable.agglo-larochelle.fr\/2023\/wp-json\/wp\/v2\/media?parent=3157"}],"wp:term":[{"taxonomy":"category","embeddable":true,"href":"https:\/\/dev-durable.agglo-larochelle.fr\/2023\/wp-json\/wp\/v2\/categories?post=3157"},{"taxonomy":"post_tag","embeddable":true,"href":"https:\/\/dev-durable.agglo-larochelle.fr\/2023\/wp-json\/wp\/v2\/tags?post=3157"}],"curies":[{"name":"wp","href":"https:\/\/api.w.org\/{rel}","templated":true}]}}