{"id":3170,"date":"2023-11-21T09:50:18","date_gmt":"2023-11-21T08:50:18","guid":{"rendered":"https:\/\/dev-durable.agglo-larochelle.fr\/2023\/?page_id=3170"},"modified":"2023-12-13T14:40:45","modified_gmt":"2023-12-13T13:40:45","slug":"renovation-et-lutte-contre-la-precarite-energetique-la-prre-accompagne-les-habitants","status":"publish","type":"page","link":"https:\/\/dev-durable.agglo-larochelle.fr\/2023\/un-territoire-sobre\/relever-le-defi-des-changements-climatiques\/renovation-et-lutte-contre-la-precarite-energetique-la-prre-accompagne-les-habitants\/","title":{"rendered":"R\u00e9novation et lutte contre la pr\u00e9carit\u00e9 \u00e9nerg\u00e9tique\u00a0: la PRRE accompagne les habitants"},"content":{"rendered":"\n<p><strong>La Plateforme Rochelaise de R\u00e9novation \u00c9nerg\u00e9tique (PRRE) a renforc\u00e9 son dispositif d\u2019aides financi\u00e8res \u00e0 la r\u00e9novation, et d\u00e9ploy\u00e9 de nouveaux moyens techniques pour lutter contre les d\u00e9perditions d\u2019\u00e9nergie.<\/strong><\/p>\n<p>Depuis 2021, la PRRE accompagne les usagers dans leurs projets de r\u00e9novation \u00e9nerg\u00e9tique en facilitant leur parcours de r\u00e9novation. Afin d\u2019adapter le budget de l\u2019aide \u00ab\u00a0bas carbone\u00a0\u00bb mise en place dans ce dispositif au rythme des demandes d\u2019aides, l\u2019enveloppe destin\u00e9e aux habitants pour 2021-2023 a \u00e9t\u00e9 augment\u00e9e de 200\u00a0000\u20ac, et port\u00e9e \u00e0 700 000\u20ac. Une modification du r\u00e8glement d\u2019attribution encourage en outre les projets de r\u00e9novation les plus performants, notamment ceux concernant l\u2019isolation des rampants de toiture, ou l\u2019emploi de mat\u00e9riaux biosourc\u00e9s pour l\u2019isolation des murs, des sols ou des rampants. La PRRE a par ailleurs fait effectuer une mission de rep\u00e9rage des d\u00e9perditions par thermographie a\u00e9rienne sur l\u2019ensemble des 28 communes de l\u2019Agglom\u00e9ration. Enfin, l\u2019adh\u00e9sion au programme national SLIME de lutte contre la pr\u00e9carit\u00e9 \u00e9nerg\u00e9tique est \u00e9galement venue compl\u00e9ter et renforcer l\u2019action de la PRRE.<\/p>\n","protected":false},"excerpt":{"rendered":"<p>La Plateforme Rochelaise de R\u00e9novation \u00c9nerg\u00e9tique (PRRE) a renforc\u00e9 son dispositif d\u2019aides financi\u00e8res \u00e0 la r\u00e9novation, et d\u00e9ploy\u00e9 de nouveaux moyens techniques pour lutter contre les d\u00e9perditions d\u2019\u00e9nergie. Depuis 2021, la PRRE accompagne les usagers dans leurs projets de r\u00e9novation \u00e9nerg\u00e9tique en facilitant leur parcours de r\u00e9novation. Afin d\u2019adapter le budget de l\u2019aide \u00ab\u00a0bas carbone\u00a0\u00bb [&hellip;]<\/p>\n","protected":false},"author":1,"featured_media":3717,"parent":3168,"menu_order":0,"comment_status":"closed","ping_status":"closed","template":"page-sous-partie.php","meta":{"inline_featured_image":false,"footnotes":""},"categories":[],"tags":[10,40],"acf":[],"_links":{"self":[{"href":"https:\/\/dev-durable.agglo-larochelle.fr\/2023\/wp-json\/wp\/v2\/pages\/3170"}],"collection":[{"href":"https:\/\/dev-durable.agglo-larochelle.fr\/2023\/wp-json\/wp\/v2\/pages"}],"about":[{"href":"https:\/\/dev-durable.agglo-larochelle.fr\/2023\/wp-json\/wp\/v2\/types\/page"}],"author":[{"embeddable":true,"href":"https:\/\/dev-durable.agglo-larochelle.fr\/2023\/wp-json\/wp\/v2\/users\/1"}],"replies":[{"embeddable":true,"href":"https:\/\/dev-durable.agglo-larochelle.fr\/2023\/wp-json\/wp\/v2\/comments?post=3170"}],"version-history":[{"count":2,"href":"https:\/\/dev-durable.agglo-larochelle.fr\/2023\/wp-json\/wp\/v2\/pages\/3170\/revisions"}],"predecessor-version":[{"id":3172,"href":"https:\/\/dev-durable.agglo-larochelle.fr\/2023\/wp-json\/wp\/v2\/pages\/3170\/revisions\/3172"}],"up":[{"embeddable":true,"href":"https:\/\/dev-durable.agglo-larochelle.fr\/2023\/wp-json\/wp\/v2\/pages\/3168"}],"wp:featuredmedia":[{"embeddable":true,"href":"https:\/\/dev-durable.agglo-larochelle.fr\/2023\/wp-json\/wp\/v2\/media\/3717"}],"wp:attachment":[{"href":"https:\/\/dev-durable.agglo-larochelle.fr\/2023\/wp-json\/wp\/v2\/media?parent=3170"}],"wp:term":[{"taxonomy":"category","embeddable":true,"href":"https:\/\/dev-durable.agglo-larochelle.fr\/2023\/wp-json\/wp\/v2\/categories?post=3170"},{"taxonomy":"post_tag","embeddable":true,"href":"https:\/\/dev-durable.agglo-larochelle.fr\/2023\/wp-json\/wp\/v2\/tags?post=3170"}],"curies":[{"name":"wp","href":"https:\/\/api.w.org\/{rel}","templated":true}]}}