{"id":3173,"date":"2023-11-21T09:51:23","date_gmt":"2023-11-21T08:51:23","guid":{"rendered":"https:\/\/dev-durable.agglo-larochelle.fr\/2023\/?page_id=3173"},"modified":"2023-12-13T14:41:53","modified_gmt":"2023-12-13T13:41:53","slug":"un-fonds-de-concours-en-hausse-pour-les-installations-denergie-renouvelable-communales","status":"publish","type":"page","link":"https:\/\/dev-durable.agglo-larochelle.fr\/2023\/un-territoire-sobre\/relever-le-defi-des-changements-climatiques\/un-fonds-de-concours-en-hausse-pour-les-installations-denergie-renouvelable-communales\/","title":{"rendered":"Un fonds de concours en hausse pour les installations d\u2019\u00e9nergie renouvelable communales"},"content":{"rendered":"\n<p><strong>L\u2019Agglom\u00e9ration a cr\u00e9\u00e9 en 2019 un fonds de concours pour inciter ses communes membres \u00e0 \u00e9quiper leur patrimoine d\u2019installations solaires thermiques ou photovolta\u00efques. Ce fonds a \u00e9t\u00e9 consid\u00e9rablement abond\u00e9 afin d\u2019encourager les nouveaux projets et porte d\u00e9sormais sur l\u2019ensemble des \u00e9nergies renouvelables.<\/strong><\/p>\n<p>En 2022, pour tenir compte de nouvelles dispositions r\u00e9glementaires interdisant le cumul d\u2019aides publiques sur les installations solaires photovolta\u00efques et pour acc\u00e9l\u00e9rer le d\u00e9veloppement des projets d\u2019\u00e9nergie renouvelable (EnR), le r\u00e8glement du fonds a \u00e9volu\u00e9 en \u00e9tendant son p\u00e9rim\u00e8tre \u00e0 d\u2019autres EnR : biomasse, chaleur fatale et g\u00e9othermie. Deux communes seulement avaient sollicit\u00e9 le fonds EnR sous cette nouvelle forme. Il a donc \u00e9t\u00e9 propos\u00e9 en 2023 de doubler l\u2019enveloppe globale par commune et par mandat en la passant \u00e0 150 000 \u20ac et d\u2019accepter le financement de certaines op\u00e9rations annexes aux installations EnR, permettant ainsi au fonds de continuer \u00e0 jouer son r\u00f4le de facilitateur des projets de transition \u00e9nerg\u00e9tique des communes, quelle que soit l\u2019\u00e9nergie concern\u00e9e.<\/p>\n","protected":false},"excerpt":{"rendered":"<p>L\u2019Agglom\u00e9ration a cr\u00e9\u00e9 en 2019 un fonds de concours pour inciter ses communes membres \u00e0 \u00e9quiper leur patrimoine d\u2019installations solaires thermiques ou photovolta\u00efques. Ce fonds a \u00e9t\u00e9 consid\u00e9rablement abond\u00e9 afin d\u2019encourager les nouveaux projets et porte d\u00e9sormais sur l\u2019ensemble des \u00e9nergies renouvelables. En 2022, pour tenir compte de nouvelles dispositions r\u00e9glementaires interdisant le cumul d\u2019aides [&hellip;]<\/p>\n","protected":false},"author":1,"featured_media":2440,"parent":3168,"menu_order":0,"comment_status":"closed","ping_status":"closed","template":"page-sous-partie.php","meta":{"inline_featured_image":false,"footnotes":""},"categories":[],"tags":[10],"acf":[],"_links":{"self":[{"href":"https:\/\/dev-durable.agglo-larochelle.fr\/2023\/wp-json\/wp\/v2\/pages\/3173"}],"collection":[{"href":"https:\/\/dev-durable.agglo-larochelle.fr\/2023\/wp-json\/wp\/v2\/pages"}],"about":[{"href":"https:\/\/dev-durable.agglo-larochelle.fr\/2023\/wp-json\/wp\/v2\/types\/page"}],"author":[{"embeddable":true,"href":"https:\/\/dev-durable.agglo-larochelle.fr\/2023\/wp-json\/wp\/v2\/users\/1"}],"replies":[{"embeddable":true,"href":"https:\/\/dev-durable.agglo-larochelle.fr\/2023\/wp-json\/wp\/v2\/comments?post=3173"}],"version-history":[{"count":2,"href":"https:\/\/dev-durable.agglo-larochelle.fr\/2023\/wp-json\/wp\/v2\/pages\/3173\/revisions"}],"predecessor-version":[{"id":3175,"href":"https:\/\/dev-durable.agglo-larochelle.fr\/2023\/wp-json\/wp\/v2\/pages\/3173\/revisions\/3175"}],"up":[{"embeddable":true,"href":"https:\/\/dev-durable.agglo-larochelle.fr\/2023\/wp-json\/wp\/v2\/pages\/3168"}],"wp:featuredmedia":[{"embeddable":true,"href":"https:\/\/dev-durable.agglo-larochelle.fr\/2023\/wp-json\/wp\/v2\/media\/2440"}],"wp:attachment":[{"href":"https:\/\/dev-durable.agglo-larochelle.fr\/2023\/wp-json\/wp\/v2\/media?parent=3173"}],"wp:term":[{"taxonomy":"category","embeddable":true,"href":"https:\/\/dev-durable.agglo-larochelle.fr\/2023\/wp-json\/wp\/v2\/categories?post=3173"},{"taxonomy":"post_tag","embeddable":true,"href":"https:\/\/dev-durable.agglo-larochelle.fr\/2023\/wp-json\/wp\/v2\/tags?post=3173"}],"curies":[{"name":"wp","href":"https:\/\/api.w.org\/{rel}","templated":true}]}}