{"id":3176,"date":"2023-11-21T09:54:13","date_gmt":"2023-11-21T08:54:13","guid":{"rendered":"https:\/\/dev-durable.agglo-larochelle.fr\/2023\/?page_id=3176"},"modified":"2023-12-13T14:43:06","modified_gmt":"2023-12-13T13:43:06","slug":"zonage-et-perimetre-de-classement-aux-reseaux-de-chaleur-urbains","status":"publish","type":"page","link":"https:\/\/dev-durable.agglo-larochelle.fr\/2023\/un-territoire-sobre\/relever-le-defi-des-changements-climatiques\/zonage-et-perimetre-de-classement-aux-reseaux-de-chaleur-urbains\/","title":{"rendered":"Zonage et p\u00e9rim\u00e8tre de classement aux r\u00e9seaux de chaleur urbains"},"content":{"rendered":"\n<p><strong>Les r\u00e9seaux de chaleur urbains de Port-Neuf-Mireuil et Villeneuve-les-Salines ont fait l\u2019objet d\u2019une cartographie qui va permettre d\u2019envisager le raccordement des b\u00e2timents nouvellement construits ou \u00e0 r\u00e9nover.<\/strong><\/p>\n<p>Afin de permettre l\u2019application du nouveau d\u00e9cret d\u2019avril 2022 imposant aux b\u00e2timents nouvellement construits, ou aux b\u00e2timents faisant l\u2019objet d\u2019une r\u00e9novation lourde, un raccordement aux r\u00e9seaux de chaleur urbains publics existants, il \u00e9tait n\u00e9cessaire de d\u00e9finir les p\u00e9rim\u00e8tres de d\u00e9veloppement prioritaires des r\u00e9seaux de Port-Neuf-Mireuil et de Villeneuve-les-Salines \u00e0 La Rochelle. Une cartographie a \u00e9t\u00e9 \u00e9tablie, qui d\u00e9taille les zonages concern\u00e9s du PLUi, ainsi que les b\u00e2timents qui devront faire l\u2019objet d\u2019un raccordement. Ces modalit\u00e9s de classement ont recueilli un avis favorable de la Commission Consultative des Services Publics Locaux d\u00e9but juin et ont \u00e9t\u00e9 adopt\u00e9s par le conseil communautaire de juillet.<\/p>\n","protected":false},"excerpt":{"rendered":"<p>Les r\u00e9seaux de chaleur urbains de Port-Neuf-Mireuil et Villeneuve-les-Salines ont fait l\u2019objet d\u2019une cartographie qui va permettre d\u2019envisager le raccordement des b\u00e2timents nouvellement construits ou \u00e0 r\u00e9nover. Afin de permettre l\u2019application du nouveau d\u00e9cret d\u2019avril 2022 imposant aux b\u00e2timents nouvellement construits, ou aux b\u00e2timents faisant l\u2019objet d\u2019une r\u00e9novation lourde, un raccordement aux r\u00e9seaux de chaleur [&hellip;]<\/p>\n","protected":false},"author":1,"featured_media":657,"parent":3168,"menu_order":0,"comment_status":"closed","ping_status":"closed","template":"page-sous-partie.php","meta":{"inline_featured_image":false,"footnotes":""},"categories":[],"tags":[10],"acf":[],"_links":{"self":[{"href":"https:\/\/dev-durable.agglo-larochelle.fr\/2023\/wp-json\/wp\/v2\/pages\/3176"}],"collection":[{"href":"https:\/\/dev-durable.agglo-larochelle.fr\/2023\/wp-json\/wp\/v2\/pages"}],"about":[{"href":"https:\/\/dev-durable.agglo-larochelle.fr\/2023\/wp-json\/wp\/v2\/types\/page"}],"author":[{"embeddable":true,"href":"https:\/\/dev-durable.agglo-larochelle.fr\/2023\/wp-json\/wp\/v2\/users\/1"}],"replies":[{"embeddable":true,"href":"https:\/\/dev-durable.agglo-larochelle.fr\/2023\/wp-json\/wp\/v2\/comments?post=3176"}],"version-history":[{"count":3,"href":"https:\/\/dev-durable.agglo-larochelle.fr\/2023\/wp-json\/wp\/v2\/pages\/3176\/revisions"}],"predecessor-version":[{"id":3179,"href":"https:\/\/dev-durable.agglo-larochelle.fr\/2023\/wp-json\/wp\/v2\/pages\/3176\/revisions\/3179"}],"up":[{"embeddable":true,"href":"https:\/\/dev-durable.agglo-larochelle.fr\/2023\/wp-json\/wp\/v2\/pages\/3168"}],"wp:featuredmedia":[{"embeddable":true,"href":"https:\/\/dev-durable.agglo-larochelle.fr\/2023\/wp-json\/wp\/v2\/media\/657"}],"wp:attachment":[{"href":"https:\/\/dev-durable.agglo-larochelle.fr\/2023\/wp-json\/wp\/v2\/media?parent=3176"}],"wp:term":[{"taxonomy":"category","embeddable":true,"href":"https:\/\/dev-durable.agglo-larochelle.fr\/2023\/wp-json\/wp\/v2\/categories?post=3176"},{"taxonomy":"post_tag","embeddable":true,"href":"https:\/\/dev-durable.agglo-larochelle.fr\/2023\/wp-json\/wp\/v2\/tags?post=3176"}],"curies":[{"name":"wp","href":"https:\/\/api.w.org\/{rel}","templated":true}]}}