{"id":3180,"date":"2023-11-21T09:55:40","date_gmt":"2023-11-21T08:55:40","guid":{"rendered":"https:\/\/dev-durable.agglo-larochelle.fr\/2023\/?page_id=3180"},"modified":"2023-12-13T14:45:33","modified_gmt":"2023-12-13T13:45:33","slug":"vers-un-schema-directeur-pour-les-infrastructures-de-recharge-des-vehicules-electriques","status":"publish","type":"page","link":"https:\/\/dev-durable.agglo-larochelle.fr\/2023\/un-territoire-sobre\/relever-le-defi-des-changements-climatiques\/vers-un-schema-directeur-pour-les-infrastructures-de-recharge-des-vehicules-electriques\/","title":{"rendered":"Vers un Sch\u00e9ma directeur pour les infrastructures de recharge des v\u00e9hicules \u00e9lectriques"},"content":{"rendered":"\n<p><strong>L\u2019Agglom\u00e9ration s\u2019engage dans la r\u00e9alisation d\u2019un Sch\u00e9ma directeur des installations de recharge pour v\u00e9hicules \u00e9lectriques (SDIRVE), qui permettra de lancer des Appels \u00e0 Manifestation d\u2019Int\u00e9r\u00eat ou Appels \u00e0 projets pour d\u00e9ployer ces \u00e9quipements sur le territoire.<\/strong><\/p>\n<p>L\u2019objectif du SDIRVE est d\u2019anticiper et de coordonner au mieux le d\u00e9ploiement des installations de recharge pour v\u00e9hicules \u00e9lectriques ouvertes au public \u00e0 l\u2019\u00e9chelle de l\u2019Agglom\u00e9ration. La r\u00e9alisation de ce document permet de b\u00e9n\u00e9ficier de subventionnement de la part de l\u2019\u00c9tat lors de la phase de d\u00e9ploiement. Il permet \u00e9galement de faire appel au secteur priv\u00e9 pour le d\u00e9ploiement, la gestion et l\u2019exploitation de ces \u00e9quipements en ayant recours \u00e0 des Appels \u00e0 Manifestation d\u2019Int\u00e9r\u00eat (AMI) ou des Appels \u00e0 Projet (AP).<\/p>\n","protected":false},"excerpt":{"rendered":"<p>L\u2019Agglom\u00e9ration s\u2019engage dans la r\u00e9alisation d\u2019un Sch\u00e9ma directeur des installations de recharge pour v\u00e9hicules \u00e9lectriques (SDIRVE), qui permettra de lancer des Appels \u00e0 Manifestation d\u2019Int\u00e9r\u00eat ou Appels \u00e0 projets pour d\u00e9ployer ces \u00e9quipements sur le territoire. L\u2019objectif du SDIRVE est d\u2019anticiper et de coordonner au mieux le d\u00e9ploiement des installations de recharge pour v\u00e9hicules \u00e9lectriques [&hellip;]<\/p>\n","protected":false},"author":1,"featured_media":3718,"parent":3168,"menu_order":0,"comment_status":"closed","ping_status":"closed","template":"page-sous-partie.php","meta":{"inline_featured_image":false,"footnotes":""},"categories":[],"tags":[10,33],"acf":[],"_links":{"self":[{"href":"https:\/\/dev-durable.agglo-larochelle.fr\/2023\/wp-json\/wp\/v2\/pages\/3180"}],"collection":[{"href":"https:\/\/dev-durable.agglo-larochelle.fr\/2023\/wp-json\/wp\/v2\/pages"}],"about":[{"href":"https:\/\/dev-durable.agglo-larochelle.fr\/2023\/wp-json\/wp\/v2\/types\/page"}],"author":[{"embeddable":true,"href":"https:\/\/dev-durable.agglo-larochelle.fr\/2023\/wp-json\/wp\/v2\/users\/1"}],"replies":[{"embeddable":true,"href":"https:\/\/dev-durable.agglo-larochelle.fr\/2023\/wp-json\/wp\/v2\/comments?post=3180"}],"version-history":[{"count":2,"href":"https:\/\/dev-durable.agglo-larochelle.fr\/2023\/wp-json\/wp\/v2\/pages\/3180\/revisions"}],"predecessor-version":[{"id":3182,"href":"https:\/\/dev-durable.agglo-larochelle.fr\/2023\/wp-json\/wp\/v2\/pages\/3180\/revisions\/3182"}],"up":[{"embeddable":true,"href":"https:\/\/dev-durable.agglo-larochelle.fr\/2023\/wp-json\/wp\/v2\/pages\/3168"}],"wp:featuredmedia":[{"embeddable":true,"href":"https:\/\/dev-durable.agglo-larochelle.fr\/2023\/wp-json\/wp\/v2\/media\/3718"}],"wp:attachment":[{"href":"https:\/\/dev-durable.agglo-larochelle.fr\/2023\/wp-json\/wp\/v2\/media?parent=3180"}],"wp:term":[{"taxonomy":"category","embeddable":true,"href":"https:\/\/dev-durable.agglo-larochelle.fr\/2023\/wp-json\/wp\/v2\/categories?post=3180"},{"taxonomy":"post_tag","embeddable":true,"href":"https:\/\/dev-durable.agglo-larochelle.fr\/2023\/wp-json\/wp\/v2\/tags?post=3180"}],"curies":[{"name":"wp","href":"https:\/\/api.w.org\/{rel}","templated":true}]}}