{"id":3192,"date":"2023-11-21T10:02:41","date_gmt":"2023-11-21T09:02:41","guid":{"rendered":"https:\/\/dev-durable.agglo-larochelle.fr\/2023\/?page_id=3192"},"modified":"2023-12-13T14:51:00","modified_gmt":"2023-12-13T13:51:00","slug":"la-biodiversite-prise-en-compte-dans-laccompagnement-des-projets-urbains","status":"publish","type":"page","link":"https:\/\/dev-durable.agglo-larochelle.fr\/2023\/un-territoire-sobre\/proteger-les-ressources\/la-biodiversite-prise-en-compte-dans-laccompagnement-des-projets-urbains\/","title":{"rendered":"La biodiversit\u00e9 prise en compte dans l\u2019accompagnement des projets urbains"},"content":{"rendered":"\n<p><strong>L\u2019anticipation des enjeux \u00e9cologiques des projets urbains men\u00e9s sur le territoire communautaire s\u2019affine \u00e0 mesure que progresse la connaissance de la biodiversit\u00e9. Cette d\u00e9marche \u00ab\u00a0\u00c9viter, R\u00e9duire, Compenser\u00a0\u00bb profite \u00e0 l\u2019environnement, sans entraver le d\u00e9veloppement communautaire.<\/strong><\/p>\n<p>La connaissance fine de la biodiversit\u00e9 territoriale est une donn\u00e9e pr\u00e9cieuse dans les phases pr\u00e9paratoires des projets urbains du territoire. Les \u00e9tudes prennent en compte tr\u00e8s en amont les enjeux patrimoniaux et environnementaux recens\u00e9s, ce qui \u00e9vite d\u2019engager les travaux sur de mauvaises bases. Cette d\u00e9marche \u00ab\u00a0\u00c9viter, R\u00e9duire, Compenser\u00a0\u00bb a \u00e9t\u00e9 mise en \u0153uvre pour de nombreux projets sur le territoire communautaire, tels que le projet de Centre de valorisation des d\u00e9chets Les Bonneveaux \u00e0 Saint-Vivien, l\u2019extension du centre de tri Altriane \u00e0 Salles-sur-Mer ou encore le quartier \u00e9co-responsable de Champ Pinson \u00e0 Nieul-sur-Mer.<\/p>\n","protected":false},"excerpt":{"rendered":"<p>L\u2019anticipation des enjeux \u00e9cologiques des projets urbains men\u00e9s sur le territoire communautaire s\u2019affine \u00e0 mesure que progresse la connaissance de la biodiversit\u00e9. Cette d\u00e9marche \u00ab\u00a0\u00c9viter, R\u00e9duire, Compenser\u00a0\u00bb profite \u00e0 l\u2019environnement, sans entraver le d\u00e9veloppement communautaire. La connaissance fine de la biodiversit\u00e9 territoriale est une donn\u00e9e pr\u00e9cieuse dans les phases pr\u00e9paratoires des projets urbains du territoire. [&hellip;]<\/p>\n","protected":false},"author":1,"featured_media":3705,"parent":2072,"menu_order":0,"comment_status":"closed","ping_status":"closed","template":"page-sous-partie.php","meta":{"inline_featured_image":false,"footnotes":""},"categories":[],"tags":[31],"acf":[],"_links":{"self":[{"href":"https:\/\/dev-durable.agglo-larochelle.fr\/2023\/wp-json\/wp\/v2\/pages\/3192"}],"collection":[{"href":"https:\/\/dev-durable.agglo-larochelle.fr\/2023\/wp-json\/wp\/v2\/pages"}],"about":[{"href":"https:\/\/dev-durable.agglo-larochelle.fr\/2023\/wp-json\/wp\/v2\/types\/page"}],"author":[{"embeddable":true,"href":"https:\/\/dev-durable.agglo-larochelle.fr\/2023\/wp-json\/wp\/v2\/users\/1"}],"replies":[{"embeddable":true,"href":"https:\/\/dev-durable.agglo-larochelle.fr\/2023\/wp-json\/wp\/v2\/comments?post=3192"}],"version-history":[{"count":2,"href":"https:\/\/dev-durable.agglo-larochelle.fr\/2023\/wp-json\/wp\/v2\/pages\/3192\/revisions"}],"predecessor-version":[{"id":3194,"href":"https:\/\/dev-durable.agglo-larochelle.fr\/2023\/wp-json\/wp\/v2\/pages\/3192\/revisions\/3194"}],"up":[{"embeddable":true,"href":"https:\/\/dev-durable.agglo-larochelle.fr\/2023\/wp-json\/wp\/v2\/pages\/2072"}],"wp:featuredmedia":[{"embeddable":true,"href":"https:\/\/dev-durable.agglo-larochelle.fr\/2023\/wp-json\/wp\/v2\/media\/3705"}],"wp:attachment":[{"href":"https:\/\/dev-durable.agglo-larochelle.fr\/2023\/wp-json\/wp\/v2\/media?parent=3192"}],"wp:term":[{"taxonomy":"category","embeddable":true,"href":"https:\/\/dev-durable.agglo-larochelle.fr\/2023\/wp-json\/wp\/v2\/categories?post=3192"},{"taxonomy":"post_tag","embeddable":true,"href":"https:\/\/dev-durable.agglo-larochelle.fr\/2023\/wp-json\/wp\/v2\/tags?post=3192"}],"curies":[{"name":"wp","href":"https:\/\/api.w.org\/{rel}","templated":true}]}}