{"id":3195,"date":"2023-11-21T10:12:52","date_gmt":"2023-11-21T09:12:52","guid":{"rendered":"https:\/\/dev-durable.agglo-larochelle.fr\/2023\/?page_id=3195"},"modified":"2023-12-13T14:51:30","modified_gmt":"2023-12-13T13:51:30","slug":"entretien-et-suivi-de-la-biodiversite-sur-les-sites-de-compensation","status":"publish","type":"page","link":"https:\/\/dev-durable.agglo-larochelle.fr\/2023\/un-territoire-sobre\/proteger-les-ressources\/entretien-et-suivi-de-la-biodiversite-sur-les-sites-de-compensation\/","title":{"rendered":"Entretien et suivi de la biodiversit\u00e9 sur les sites de compensation"},"content":{"rendered":"\n<p><strong>La collectivit\u00e9 doit assurer l\u2019entretien et le suivi des sites de compensation, pour s\u2019assurer du maintien des esp\u00e8ces et\/ou des habitats naturels. Ce suivi permet d\u2019alimenter les connaissances de l\u2019Agence R\u00e9gionale de Biodiversit\u00e9.<\/strong><\/p>\n<p>L\u2019Agglom\u00e9ration doit assurer le suivi naturaliste de ses sites de compensation. Plusieurs sites sont concern\u00e9s par ces suivis\u00a0: l\u2019\u00e9coquartier de Bongraine et ses secteurs compensatoires associ\u00e9s\u00a0: le Marais Doux d\u2019Aytr\u00e9, l\u2019ancien champs de tir, l\u2019ancien terrain militaire d\u2019Angoulins, des parcelles sur la Pointe de Roux\u00a0; l\u2019avenue Simone Veil et le marais renatur\u00e9 au sud d\u2019Aytr\u00e9\u00a0; le Parc Bas Carbone \u00e0 Lagord\u00a0; le Parc d\u2019activit\u00e9 de l\u2019Aubre\u00e7ay \u00e0 Saint-Xandre. L\u2019Agence R\u00e9gionale de la Biodiversit\u00e9 a sollicit\u00e9 l\u2019Agglom\u00e9ration pour produire des fiches \u00ab\u00a0retours d\u2019exp\u00e9riences\u00a0\u00bb de ces suivis, afin d\u2019alimenter sa base de connaissances.<\/p>\n","protected":false},"excerpt":{"rendered":"<p>La collectivit\u00e9 doit assurer l\u2019entretien et le suivi des sites de compensation, pour s\u2019assurer du maintien des esp\u00e8ces et\/ou des habitats naturels. Ce suivi permet d\u2019alimenter les connaissances de l\u2019Agence R\u00e9gionale de Biodiversit\u00e9. L\u2019Agglom\u00e9ration doit assurer le suivi naturaliste de ses sites de compensation. Plusieurs sites sont concern\u00e9s par ces suivis\u00a0: l\u2019\u00e9coquartier de Bongraine et [&hellip;]<\/p>\n","protected":false},"author":1,"featured_media":2471,"parent":2072,"menu_order":0,"comment_status":"closed","ping_status":"closed","template":"page-sous-partie.php","meta":{"inline_featured_image":false,"footnotes":""},"categories":[],"tags":[31],"acf":[],"_links":{"self":[{"href":"https:\/\/dev-durable.agglo-larochelle.fr\/2023\/wp-json\/wp\/v2\/pages\/3195"}],"collection":[{"href":"https:\/\/dev-durable.agglo-larochelle.fr\/2023\/wp-json\/wp\/v2\/pages"}],"about":[{"href":"https:\/\/dev-durable.agglo-larochelle.fr\/2023\/wp-json\/wp\/v2\/types\/page"}],"author":[{"embeddable":true,"href":"https:\/\/dev-durable.agglo-larochelle.fr\/2023\/wp-json\/wp\/v2\/users\/1"}],"replies":[{"embeddable":true,"href":"https:\/\/dev-durable.agglo-larochelle.fr\/2023\/wp-json\/wp\/v2\/comments?post=3195"}],"version-history":[{"count":2,"href":"https:\/\/dev-durable.agglo-larochelle.fr\/2023\/wp-json\/wp\/v2\/pages\/3195\/revisions"}],"predecessor-version":[{"id":3197,"href":"https:\/\/dev-durable.agglo-larochelle.fr\/2023\/wp-json\/wp\/v2\/pages\/3195\/revisions\/3197"}],"up":[{"embeddable":true,"href":"https:\/\/dev-durable.agglo-larochelle.fr\/2023\/wp-json\/wp\/v2\/pages\/2072"}],"wp:featuredmedia":[{"embeddable":true,"href":"https:\/\/dev-durable.agglo-larochelle.fr\/2023\/wp-json\/wp\/v2\/media\/2471"}],"wp:attachment":[{"href":"https:\/\/dev-durable.agglo-larochelle.fr\/2023\/wp-json\/wp\/v2\/media?parent=3195"}],"wp:term":[{"taxonomy":"category","embeddable":true,"href":"https:\/\/dev-durable.agglo-larochelle.fr\/2023\/wp-json\/wp\/v2\/categories?post=3195"},{"taxonomy":"post_tag","embeddable":true,"href":"https:\/\/dev-durable.agglo-larochelle.fr\/2023\/wp-json\/wp\/v2\/tags?post=3195"}],"curies":[{"name":"wp","href":"https:\/\/api.w.org\/{rel}","templated":true}]}}