{"id":3201,"date":"2023-11-21T10:18:02","date_gmt":"2023-11-21T09:18:02","guid":{"rendered":"https:\/\/dev-durable.agglo-larochelle.fr\/2023\/?page_id=3201"},"modified":"2023-12-13T14:56:15","modified_gmt":"2023-12-13T13:56:15","slug":"mise-a-larret-des-captages-de-launis","status":"publish","type":"page","link":"https:\/\/dev-durable.agglo-larochelle.fr\/2023\/un-territoire-sobre\/proteger-les-ressources\/mise-a-larret-des-captages-de-launis\/","title":{"rendered":"Mise \u00e0 l\u2019arr\u00eat des captages de l\u2019Aunis"},"content":{"rendered":"\n<p class=\"Standard\"><strong>Suite \u00e0 la d\u00e9couverte de la pr\u00e9sence de chlorothalonil R471811 dans l&rsquo;eau, l&rsquo;Agglom\u00e9ration a pris la d\u00e9cision, par mesure de pr\u00e9caution et \u00e0 titre pr\u00e9ventif, de mettre temporairement \u00e0 l\u2019arr\u00eat tous ses captages situ\u00e9s en Aunis.<\/strong><\/p>\n<p class=\"Standard\" style=\"text-align: left;\">En 2023, des \u00e9tudes de l\u2019Agence nationale de s\u00e9curit\u00e9 sanitaire de l&rsquo;alimentation, de l&rsquo;environnement et du travail \u2013 ANSES \u2013 ont r\u00e9v\u00e9l\u00e9 que le m\u00e9tabolite Chlorothalonil R471811 \u00e9tait \u00ab retrouv\u00e9 tr\u00e8s fr\u00e9quemment \u00bb dans les forages d\u2019eau de France. L\u2019Agglom\u00e9ration a fait tr\u00e8s rapidement r\u00e9aliser des analyses de l\u2019eau consomm\u00e9e par les habitants, qui ont confirm\u00e9 la pr\u00e9sence du m\u00e9tabolite dans les diff\u00e9rents captages alimentant le territoire, dans des concentrations diverses, mais sans atteindre de seuils alarmants. Par mesure de pr\u00e9caution, l\u2019Agglom\u00e9ration a cependant d\u00e9cid\u00e9 de mettre temporairement \u00e0 l\u2019arr\u00eat ses captages d\u2019Aunis et de distribuer aux habitants uniquement de l\u2019eau provenant de Coulonge et Saint-Hippolyte Eau17, moins concentr\u00e9es en Chlorothalonil.<\/p>\n","protected":false},"excerpt":{"rendered":"<p>Suite \u00e0 la d\u00e9couverte de la pr\u00e9sence de chlorothalonil R471811 dans l&rsquo;eau, l&rsquo;Agglom\u00e9ration a pris la d\u00e9cision, par mesure de pr\u00e9caution et \u00e0 titre pr\u00e9ventif, de mettre temporairement \u00e0 l\u2019arr\u00eat tous ses captages situ\u00e9s en Aunis. En 2023, des \u00e9tudes de l\u2019Agence nationale de s\u00e9curit\u00e9 sanitaire de l&rsquo;alimentation, de l&rsquo;environnement et du travail \u2013 ANSES [&hellip;]<\/p>\n","protected":false},"author":1,"featured_media":3720,"parent":2072,"menu_order":0,"comment_status":"closed","ping_status":"closed","template":"page-sous-partie.php","meta":{"inline_featured_image":false,"footnotes":""},"categories":[],"tags":[],"acf":[],"_links":{"self":[{"href":"https:\/\/dev-durable.agglo-larochelle.fr\/2023\/wp-json\/wp\/v2\/pages\/3201"}],"collection":[{"href":"https:\/\/dev-durable.agglo-larochelle.fr\/2023\/wp-json\/wp\/v2\/pages"}],"about":[{"href":"https:\/\/dev-durable.agglo-larochelle.fr\/2023\/wp-json\/wp\/v2\/types\/page"}],"author":[{"embeddable":true,"href":"https:\/\/dev-durable.agglo-larochelle.fr\/2023\/wp-json\/wp\/v2\/users\/1"}],"replies":[{"embeddable":true,"href":"https:\/\/dev-durable.agglo-larochelle.fr\/2023\/wp-json\/wp\/v2\/comments?post=3201"}],"version-history":[{"count":4,"href":"https:\/\/dev-durable.agglo-larochelle.fr\/2023\/wp-json\/wp\/v2\/pages\/3201\/revisions"}],"predecessor-version":[{"id":3205,"href":"https:\/\/dev-durable.agglo-larochelle.fr\/2023\/wp-json\/wp\/v2\/pages\/3201\/revisions\/3205"}],"up":[{"embeddable":true,"href":"https:\/\/dev-durable.agglo-larochelle.fr\/2023\/wp-json\/wp\/v2\/pages\/2072"}],"wp:featuredmedia":[{"embeddable":true,"href":"https:\/\/dev-durable.agglo-larochelle.fr\/2023\/wp-json\/wp\/v2\/media\/3720"}],"wp:attachment":[{"href":"https:\/\/dev-durable.agglo-larochelle.fr\/2023\/wp-json\/wp\/v2\/media?parent=3201"}],"wp:term":[{"taxonomy":"category","embeddable":true,"href":"https:\/\/dev-durable.agglo-larochelle.fr\/2023\/wp-json\/wp\/v2\/categories?post=3201"},{"taxonomy":"post_tag","embeddable":true,"href":"https:\/\/dev-durable.agglo-larochelle.fr\/2023\/wp-json\/wp\/v2\/tags?post=3201"}],"curies":[{"name":"wp","href":"https:\/\/api.w.org\/{rel}","templated":true}]}}