{"id":3206,"date":"2023-11-21T10:21:16","date_gmt":"2023-11-21T09:21:16","guid":{"rendered":"https:\/\/dev-durable.agglo-larochelle.fr\/2023\/?page_id=3206"},"modified":"2023-12-13T14:59:46","modified_gmt":"2023-12-13T13:59:46","slug":"demarche-de-revision-des-perimetres-de-protection-realisation-dune-etude-de-tracage","status":"publish","type":"page","link":"https:\/\/dev-durable.agglo-larochelle.fr\/2023\/un-territoire-sobre\/proteger-les-ressources\/demarche-de-revision-des-perimetres-de-protection-realisation-dune-etude-de-tracage\/","title":{"rendered":"D\u00e9marche de r\u00e9vision des p\u00e9rim\u00e8tres de protection\u00a0: r\u00e9alisation d\u2019une \u00e9tude de tra\u00e7age"},"content":{"rendered":"\n<p><strong>Suite \u00e0 la pollution du captage des Mortiers en 2021 par l\u2019Agence R\u00e9gionale de Sant\u00e9 (ARS), l\u2019Agglom\u00e9ration a engag\u00e9 une d\u00e9marche de r\u00e9vision du p\u00e9rim\u00e8tre de protection du captage.<\/strong><\/p>\n<p>Le captage \u00ab\u00a0Les Mortiers\u00a0\u00bb, localis\u00e9 sur le territoire de Clavette, est actuellement \u00e0 l\u2019arr\u00eat. Une \u00e9tude pr\u00e9alable \u00e0 la r\u00e9vision des p\u00e9rim\u00e8tres de protection est en cours. Financ\u00e9e par l\u2019agence\u00a0 de l\u2019Eau Loire Bretagne et le D\u00e9partement, elle a pour objectif de mettre \u00e0 jour les donn\u00e9es existantes sur le captage et ses p\u00e9rim\u00e8tres. Elle comporte un diagnostic complet du forage, un diagnostic agricole, des analyses des niveaux d\u2019eau et de la qualit\u00e9 de l\u2019eau sur des puits ou forages sur le secteur. Un \u00e9tude de tra\u00e7age a \u00e9galement pour objet de simuler un transfert de polluant sur le bassin.<\/p>\n","protected":false},"excerpt":{"rendered":"<p>Suite \u00e0 la pollution du captage des Mortiers en 2021 par l\u2019Agence R\u00e9gionale de Sant\u00e9 (ARS), l\u2019Agglom\u00e9ration a engag\u00e9 une d\u00e9marche de r\u00e9vision du p\u00e9rim\u00e8tre de protection du captage. Le captage \u00ab\u00a0Les Mortiers\u00a0\u00bb, localis\u00e9 sur le territoire de Clavette, est actuellement \u00e0 l\u2019arr\u00eat. Une \u00e9tude pr\u00e9alable \u00e0 la r\u00e9vision des p\u00e9rim\u00e8tres de protection est en [&hellip;]<\/p>\n","protected":false},"author":1,"featured_media":3722,"parent":2072,"menu_order":0,"comment_status":"closed","ping_status":"closed","template":"page-sous-partie.php","meta":{"inline_featured_image":false,"footnotes":""},"categories":[],"tags":[45],"acf":[],"_links":{"self":[{"href":"https:\/\/dev-durable.agglo-larochelle.fr\/2023\/wp-json\/wp\/v2\/pages\/3206"}],"collection":[{"href":"https:\/\/dev-durable.agglo-larochelle.fr\/2023\/wp-json\/wp\/v2\/pages"}],"about":[{"href":"https:\/\/dev-durable.agglo-larochelle.fr\/2023\/wp-json\/wp\/v2\/types\/page"}],"author":[{"embeddable":true,"href":"https:\/\/dev-durable.agglo-larochelle.fr\/2023\/wp-json\/wp\/v2\/users\/1"}],"replies":[{"embeddable":true,"href":"https:\/\/dev-durable.agglo-larochelle.fr\/2023\/wp-json\/wp\/v2\/comments?post=3206"}],"version-history":[{"count":2,"href":"https:\/\/dev-durable.agglo-larochelle.fr\/2023\/wp-json\/wp\/v2\/pages\/3206\/revisions"}],"predecessor-version":[{"id":3208,"href":"https:\/\/dev-durable.agglo-larochelle.fr\/2023\/wp-json\/wp\/v2\/pages\/3206\/revisions\/3208"}],"up":[{"embeddable":true,"href":"https:\/\/dev-durable.agglo-larochelle.fr\/2023\/wp-json\/wp\/v2\/pages\/2072"}],"wp:featuredmedia":[{"embeddable":true,"href":"https:\/\/dev-durable.agglo-larochelle.fr\/2023\/wp-json\/wp\/v2\/media\/3722"}],"wp:attachment":[{"href":"https:\/\/dev-durable.agglo-larochelle.fr\/2023\/wp-json\/wp\/v2\/media?parent=3206"}],"wp:term":[{"taxonomy":"category","embeddable":true,"href":"https:\/\/dev-durable.agglo-larochelle.fr\/2023\/wp-json\/wp\/v2\/categories?post=3206"},{"taxonomy":"post_tag","embeddable":true,"href":"https:\/\/dev-durable.agglo-larochelle.fr\/2023\/wp-json\/wp\/v2\/tags?post=3206"}],"curies":[{"name":"wp","href":"https:\/\/api.w.org\/{rel}","templated":true}]}}