{"id":3209,"date":"2023-11-21T10:22:49","date_gmt":"2023-11-21T09:22:49","guid":{"rendered":"https:\/\/dev-durable.agglo-larochelle.fr\/2023\/?page_id=3209"},"modified":"2023-12-13T15:00:45","modified_gmt":"2023-12-13T14:00:45","slug":"des-etudes-a-venir-sur-les-tetes-de-bassin-versant","status":"publish","type":"page","link":"https:\/\/dev-durable.agglo-larochelle.fr\/2023\/un-territoire-sobre\/proteger-les-ressources\/des-etudes-a-venir-sur-les-tetes-de-bassin-versant\/","title":{"rendered":"Des \u00e9tudes \u00e0 venir sur les t\u00eates de bassin versant"},"content":{"rendered":"\n<p><strong>Dans le cadre du programme d\u2019action pour le Contrat Territorial Milieux Aquatiques (CTMA) de l\u2019Agglom\u00e9ration, plusieurs \u00e9tudes vont concerner les t\u00eates de bassin versant.<\/strong><\/p>\n<p>Les t\u00eates de bassin versant constituent un enjeu majeur de la gestion de l\u2019eau. Leur int\u00e9grit\u00e9 d\u00e9termine tout le fonctionnement de la rivi\u00e8re aval tant sur les aspects quantitatifs que qualitatifs.<\/p>\n<p>La connaissance et la pr\u00e9servation des t\u00eates de bassin versant est n\u00e9cessaire afin d\u2019atteindre les objectifs environnementaux fix\u00e9s par le Sch\u00e9ma Directeur d\u2019Am\u00e9nagement et de Gestion des Eaux Loire-Bretagne, \u00e0 savoir le bon \u00e9tat \u00e9cologique des masses d\u2019eau d\u2019ici 2027. Les \u00e9tudes men\u00e9es par l\u2019Agglom\u00e9ration vont se d\u00e9composer en 3 phases : \u00c9tat des lieux, Diagnostic et enjeux, Strat\u00e9gie d\u2019intervention et programme d\u2019actions pluriannuel.<\/p>\n","protected":false},"excerpt":{"rendered":"<p>Dans le cadre du programme d\u2019action pour le Contrat Territorial Milieux Aquatiques (CTMA) de l\u2019Agglom\u00e9ration, plusieurs \u00e9tudes vont concerner les t\u00eates de bassin versant. Les t\u00eates de bassin versant constituent un enjeu majeur de la gestion de l\u2019eau. Leur int\u00e9grit\u00e9 d\u00e9termine tout le fonctionnement de la rivi\u00e8re aval tant sur les aspects quantitatifs que qualitatifs. [&hellip;]<\/p>\n","protected":false},"author":1,"featured_media":3722,"parent":2072,"menu_order":0,"comment_status":"closed","ping_status":"closed","template":"page-sous-partie.php","meta":{"inline_featured_image":false,"footnotes":""},"categories":[],"tags":[45],"acf":[],"_links":{"self":[{"href":"https:\/\/dev-durable.agglo-larochelle.fr\/2023\/wp-json\/wp\/v2\/pages\/3209"}],"collection":[{"href":"https:\/\/dev-durable.agglo-larochelle.fr\/2023\/wp-json\/wp\/v2\/pages"}],"about":[{"href":"https:\/\/dev-durable.agglo-larochelle.fr\/2023\/wp-json\/wp\/v2\/types\/page"}],"author":[{"embeddable":true,"href":"https:\/\/dev-durable.agglo-larochelle.fr\/2023\/wp-json\/wp\/v2\/users\/1"}],"replies":[{"embeddable":true,"href":"https:\/\/dev-durable.agglo-larochelle.fr\/2023\/wp-json\/wp\/v2\/comments?post=3209"}],"version-history":[{"count":2,"href":"https:\/\/dev-durable.agglo-larochelle.fr\/2023\/wp-json\/wp\/v2\/pages\/3209\/revisions"}],"predecessor-version":[{"id":3211,"href":"https:\/\/dev-durable.agglo-larochelle.fr\/2023\/wp-json\/wp\/v2\/pages\/3209\/revisions\/3211"}],"up":[{"embeddable":true,"href":"https:\/\/dev-durable.agglo-larochelle.fr\/2023\/wp-json\/wp\/v2\/pages\/2072"}],"wp:featuredmedia":[{"embeddable":true,"href":"https:\/\/dev-durable.agglo-larochelle.fr\/2023\/wp-json\/wp\/v2\/media\/3722"}],"wp:attachment":[{"href":"https:\/\/dev-durable.agglo-larochelle.fr\/2023\/wp-json\/wp\/v2\/media?parent=3209"}],"wp:term":[{"taxonomy":"category","embeddable":true,"href":"https:\/\/dev-durable.agglo-larochelle.fr\/2023\/wp-json\/wp\/v2\/categories?post=3209"},{"taxonomy":"post_tag","embeddable":true,"href":"https:\/\/dev-durable.agglo-larochelle.fr\/2023\/wp-json\/wp\/v2\/tags?post=3209"}],"curies":[{"name":"wp","href":"https:\/\/api.w.org\/{rel}","templated":true}]}}