{"id":3217,"date":"2023-11-21T10:35:39","date_gmt":"2023-11-21T09:35:39","guid":{"rendered":"https:\/\/dev-durable.agglo-larochelle.fr\/2023\/?page_id=3217"},"modified":"2023-12-13T15:07:10","modified_gmt":"2023-12-13T14:07:10","slug":"re-sources-present-au-salon-balade-a-la-ferme","status":"publish","type":"page","link":"https:\/\/dev-durable.agglo-larochelle.fr\/2023\/un-territoire-sobre\/proteger-les-ressources\/re-sources-present-au-salon-balade-a-la-ferme\/","title":{"rendered":"Re-Sources pr\u00e9sent au salon Balade \u00e0 la ferme"},"content":{"rendered":"\n<p><strong>Le programme Re-Sources a pu pr\u00e9senter l\u2019ensemble de ses actions en faveur de la pr\u00e9servation en eau sur le territoire \u00e0 l\u2019occasion du salon Balade \u00e0 la ferme organis\u00e9 en septembre \u00e0 L\u2019Encan.<\/strong><\/p>\n<p>Re-Sources tenait un stand commun avec Eau17, l\u2019Etablissement Public Territorial de Bassin (EPTB) Charente et l\u2019Agglom\u00e9ration. Cette pr\u00e9sence commune a permis de porter un message coh\u00e9rent aux visiteurs du salon, en pr\u00e9sentant \u00e0 la fois les ressources, les enjeux et les actions men\u00e9es par les diff\u00e9rents acteurs pour pr\u00e9server la ressource en eau. Re-Sources a notamment pr\u00e9sent\u00e9 ses actions de sensibilisation \u00e0 destination des usagers et professionnels, du grand-public et des scolaires. L\u2019exposition \u00ab\u00a0J\u2019agis pour pr\u00e9server l\u2019eau\u00a0\u00bb a \u00e9t\u00e9 pr\u00e9sent\u00e9e \u00e0 cette occasion.<\/p>\n","protected":false},"excerpt":{"rendered":"<p>Le programme Re-Sources a pu pr\u00e9senter l\u2019ensemble de ses actions en faveur de la pr\u00e9servation en eau sur le territoire \u00e0 l\u2019occasion du salon Balade \u00e0 la ferme organis\u00e9 en septembre \u00e0 L\u2019Encan. Re-Sources tenait un stand commun avec Eau17, l\u2019Etablissement Public Territorial de Bassin (EPTB) Charente et l\u2019Agglom\u00e9ration. Cette pr\u00e9sence commune a permis de [&hellip;]<\/p>\n","protected":false},"author":1,"featured_media":3679,"parent":2072,"menu_order":0,"comment_status":"closed","ping_status":"closed","template":"page-sous-partie.php","meta":{"inline_featured_image":false,"footnotes":""},"categories":[],"tags":[45,34],"acf":[],"_links":{"self":[{"href":"https:\/\/dev-durable.agglo-larochelle.fr\/2023\/wp-json\/wp\/v2\/pages\/3217"}],"collection":[{"href":"https:\/\/dev-durable.agglo-larochelle.fr\/2023\/wp-json\/wp\/v2\/pages"}],"about":[{"href":"https:\/\/dev-durable.agglo-larochelle.fr\/2023\/wp-json\/wp\/v2\/types\/page"}],"author":[{"embeddable":true,"href":"https:\/\/dev-durable.agglo-larochelle.fr\/2023\/wp-json\/wp\/v2\/users\/1"}],"replies":[{"embeddable":true,"href":"https:\/\/dev-durable.agglo-larochelle.fr\/2023\/wp-json\/wp\/v2\/comments?post=3217"}],"version-history":[{"count":2,"href":"https:\/\/dev-durable.agglo-larochelle.fr\/2023\/wp-json\/wp\/v2\/pages\/3217\/revisions"}],"predecessor-version":[{"id":3219,"href":"https:\/\/dev-durable.agglo-larochelle.fr\/2023\/wp-json\/wp\/v2\/pages\/3217\/revisions\/3219"}],"up":[{"embeddable":true,"href":"https:\/\/dev-durable.agglo-larochelle.fr\/2023\/wp-json\/wp\/v2\/pages\/2072"}],"wp:featuredmedia":[{"embeddable":true,"href":"https:\/\/dev-durable.agglo-larochelle.fr\/2023\/wp-json\/wp\/v2\/media\/3679"}],"wp:attachment":[{"href":"https:\/\/dev-durable.agglo-larochelle.fr\/2023\/wp-json\/wp\/v2\/media?parent=3217"}],"wp:term":[{"taxonomy":"category","embeddable":true,"href":"https:\/\/dev-durable.agglo-larochelle.fr\/2023\/wp-json\/wp\/v2\/categories?post=3217"},{"taxonomy":"post_tag","embeddable":true,"href":"https:\/\/dev-durable.agglo-larochelle.fr\/2023\/wp-json\/wp\/v2\/tags?post=3217"}],"curies":[{"name":"wp","href":"https:\/\/api.w.org\/{rel}","templated":true}]}}