{"id":3220,"date":"2023-11-21T10:37:06","date_gmt":"2023-11-21T09:37:06","guid":{"rendered":"https:\/\/dev-durable.agglo-larochelle.fr\/2023\/?page_id=3220"},"modified":"2023-12-13T15:10:54","modified_gmt":"2023-12-13T14:10:54","slug":"un-concours-jagis-pour-preserver-leau-organise-par-le-programme-re-sources","status":"publish","type":"page","link":"https:\/\/dev-durable.agglo-larochelle.fr\/2023\/un-territoire-sobre\/proteger-les-ressources\/un-concours-jagis-pour-preserver-leau-organise-par-le-programme-re-sources\/","title":{"rendered":"Un concours \u00ab\u00a0J\u2019agis pour pr\u00e9server l\u2019Eau\u00a0\u00bb organis\u00e9 par le programme Re-Sources"},"content":{"rendered":"\n<p><strong>Dans le cadre du programme Re-Sources, le syndicat d\u00e9partemental Eau 17, l\u2019\u00c9tablissement Public Territorial de Bassin Charente et l\u2019Agglom\u00e9ration ont organis\u00e9 le concours \u00ab J\u2019agis pour pr\u00e9server l\u2019eau \u00bb aupr\u00e8s des \u00e9lus, agents municipaux et agriculteurs des territoires concern\u00e9s.<\/strong><\/p>\n<p>Le concours \u00e9tait organis\u00e9 en f\u00e9vrier et mars dans les communes des territoires Re-Sources. Pour l\u2019Agglom\u00e9ration, il s\u2019agit de : Aytr\u00e9, Bourgneuf, Clavette, Croix-Chapeau, La Jarrie, Montroy, P\u00e9rigny, Saint-Christophe, Saint-M\u00e9dard-d\u2019Aunis, Saint-Rogatien, Sainte-Soulle, Thair\u00e9 et V\u00e9rines. L\u2019objectif du concours \u00e9tait de valoriser les actions concr\u00e8tes, toujours en cours en 2023, contribuant \u00e0 pr\u00e9server la ressource en eau. Les participants ont eu tout le mois de f\u00e9vrier pour mettre en avant leurs pratiques environnementales. Un jury, compos\u00e9 des financeurs, des partenaires agricoles, d\u2019\u00e9tudiants en gestion de l\u2019eau et d\u2019un journaliste, ont s\u00e9lectionn\u00e9 les laur\u00e9ats pour les cat\u00e9gories \u00abagriculteur\u00bb et \u00abcommune\u00bb. Les r\u00e9sultats du concours ont \u00e9t\u00e9 pr\u00e9sent\u00e9s \u00e0 l\u2019usine Lucien Grand de Saint-Hippolyte, \u00e0 l&rsquo;occasion de la Journ\u00e9e Mondiale de l\u2019Eau. Dans la cat\u00e9gorie \u00ab\u00a0communes\u00a0\u00bb, La Jarrie a remport\u00e9 le 1<sup>er<\/sup> prix pour son action \u00ab\u00a0Quand les haies mortes favorisent la vie\u00a0\u00bb (am\u00e9nagement d\u2019un arboretum).<\/p>\n","protected":false},"excerpt":{"rendered":"<p>Dans le cadre du programme Re-Sources, le syndicat d\u00e9partemental Eau 17, l\u2019\u00c9tablissement Public Territorial de Bassin Charente et l\u2019Agglom\u00e9ration ont organis\u00e9 le concours \u00ab J\u2019agis pour pr\u00e9server l\u2019eau \u00bb aupr\u00e8s des \u00e9lus, agents municipaux et agriculteurs des territoires concern\u00e9s. Le concours \u00e9tait organis\u00e9 en f\u00e9vrier et mars dans les communes des territoires Re-Sources. Pour l\u2019Agglom\u00e9ration, [&hellip;]<\/p>\n","protected":false},"author":1,"featured_media":3727,"parent":2072,"menu_order":0,"comment_status":"closed","ping_status":"closed","template":"page-sous-partie.php","meta":{"inline_featured_image":false,"footnotes":""},"categories":[],"tags":[26,45,34],"acf":[],"_links":{"self":[{"href":"https:\/\/dev-durable.agglo-larochelle.fr\/2023\/wp-json\/wp\/v2\/pages\/3220"}],"collection":[{"href":"https:\/\/dev-durable.agglo-larochelle.fr\/2023\/wp-json\/wp\/v2\/pages"}],"about":[{"href":"https:\/\/dev-durable.agglo-larochelle.fr\/2023\/wp-json\/wp\/v2\/types\/page"}],"author":[{"embeddable":true,"href":"https:\/\/dev-durable.agglo-larochelle.fr\/2023\/wp-json\/wp\/v2\/users\/1"}],"replies":[{"embeddable":true,"href":"https:\/\/dev-durable.agglo-larochelle.fr\/2023\/wp-json\/wp\/v2\/comments?post=3220"}],"version-history":[{"count":2,"href":"https:\/\/dev-durable.agglo-larochelle.fr\/2023\/wp-json\/wp\/v2\/pages\/3220\/revisions"}],"predecessor-version":[{"id":3222,"href":"https:\/\/dev-durable.agglo-larochelle.fr\/2023\/wp-json\/wp\/v2\/pages\/3220\/revisions\/3222"}],"up":[{"embeddable":true,"href":"https:\/\/dev-durable.agglo-larochelle.fr\/2023\/wp-json\/wp\/v2\/pages\/2072"}],"wp:featuredmedia":[{"embeddable":true,"href":"https:\/\/dev-durable.agglo-larochelle.fr\/2023\/wp-json\/wp\/v2\/media\/3727"}],"wp:attachment":[{"href":"https:\/\/dev-durable.agglo-larochelle.fr\/2023\/wp-json\/wp\/v2\/media?parent=3220"}],"wp:term":[{"taxonomy":"category","embeddable":true,"href":"https:\/\/dev-durable.agglo-larochelle.fr\/2023\/wp-json\/wp\/v2\/categories?post=3220"},{"taxonomy":"post_tag","embeddable":true,"href":"https:\/\/dev-durable.agglo-larochelle.fr\/2023\/wp-json\/wp\/v2\/tags?post=3220"}],"curies":[{"name":"wp","href":"https:\/\/api.w.org\/{rel}","templated":true}]}}