{"id":3223,"date":"2023-11-21T10:38:23","date_gmt":"2023-11-21T09:38:23","guid":{"rendered":"https:\/\/dev-durable.agglo-larochelle.fr\/2023\/?page_id=3223"},"modified":"2023-12-13T15:11:32","modified_gmt":"2023-12-13T14:11:32","slug":"densification-de-lapport-volontaire-du-verre","status":"publish","type":"page","link":"https:\/\/dev-durable.agglo-larochelle.fr\/2023\/un-territoire-sobre\/proteger-les-ressources\/densification-de-lapport-volontaire-du-verre\/","title":{"rendered":"Densification de l\u2019apport volontaire du verre"},"content":{"rendered":"\n<p><strong>Un nouveau sch\u00e9ma de collecte d\u00e9lib\u00e9r\u00e9 du verre a \u00e9t\u00e9 mis en place par la Direction Gestion et Pr\u00e9vention des D\u00e9chets, et pr\u00e9voit notamment une densification du parc de colonnes d\u2019apport volontaire.<\/strong><\/p>\n<p>Afin d\u2019atteindre les objectifs de r\u00e9duction de la production des d\u00e9chets et d\u2019am\u00e9liorer la qualit\u00e9 du tri, le nouveau sch\u00e9ma de collecte pr\u00e9voit la densification du parc de colonnes d\u2019apport volontaire du verre, pour que chaque usager puisse avoir un \u00e9quipement o\u00f9 d\u00e9poser son verre \u00e0 proximit\u00e9 de son habitat. L\u2019Agglom\u00e9ration a d\u00e9but\u00e9 en 2023 l\u2019implantation de nouvelles bornes pour le verre. L\u2019objectif est de 1 colonne pour 250 habitants ce qui repr\u00e9sente un ajout de 100 \u00e0 130 colonnes suppl\u00e9mentaires (587 colonnes \u00e0 verre en d\u00e9but d\u2019ann\u00e9e 2023).<\/p>\n","protected":false},"excerpt":{"rendered":"<p>Un nouveau sch\u00e9ma de collecte d\u00e9lib\u00e9r\u00e9 du verre a \u00e9t\u00e9 mis en place par la Direction Gestion et Pr\u00e9vention des D\u00e9chets, et pr\u00e9voit notamment une densification du parc de colonnes d\u2019apport volontaire. Afin d\u2019atteindre les objectifs de r\u00e9duction de la production des d\u00e9chets et d\u2019am\u00e9liorer la qualit\u00e9 du tri, le nouveau sch\u00e9ma de collecte pr\u00e9voit [&hellip;]<\/p>\n","protected":false},"author":1,"featured_media":653,"parent":2072,"menu_order":0,"comment_status":"closed","ping_status":"closed","template":"page-sous-partie.php","meta":{"inline_featured_image":false,"footnotes":""},"categories":[],"tags":[],"acf":[],"_links":{"self":[{"href":"https:\/\/dev-durable.agglo-larochelle.fr\/2023\/wp-json\/wp\/v2\/pages\/3223"}],"collection":[{"href":"https:\/\/dev-durable.agglo-larochelle.fr\/2023\/wp-json\/wp\/v2\/pages"}],"about":[{"href":"https:\/\/dev-durable.agglo-larochelle.fr\/2023\/wp-json\/wp\/v2\/types\/page"}],"author":[{"embeddable":true,"href":"https:\/\/dev-durable.agglo-larochelle.fr\/2023\/wp-json\/wp\/v2\/users\/1"}],"replies":[{"embeddable":true,"href":"https:\/\/dev-durable.agglo-larochelle.fr\/2023\/wp-json\/wp\/v2\/comments?post=3223"}],"version-history":[{"count":2,"href":"https:\/\/dev-durable.agglo-larochelle.fr\/2023\/wp-json\/wp\/v2\/pages\/3223\/revisions"}],"predecessor-version":[{"id":3225,"href":"https:\/\/dev-durable.agglo-larochelle.fr\/2023\/wp-json\/wp\/v2\/pages\/3223\/revisions\/3225"}],"up":[{"embeddable":true,"href":"https:\/\/dev-durable.agglo-larochelle.fr\/2023\/wp-json\/wp\/v2\/pages\/2072"}],"wp:featuredmedia":[{"embeddable":true,"href":"https:\/\/dev-durable.agglo-larochelle.fr\/2023\/wp-json\/wp\/v2\/media\/653"}],"wp:attachment":[{"href":"https:\/\/dev-durable.agglo-larochelle.fr\/2023\/wp-json\/wp\/v2\/media?parent=3223"}],"wp:term":[{"taxonomy":"category","embeddable":true,"href":"https:\/\/dev-durable.agglo-larochelle.fr\/2023\/wp-json\/wp\/v2\/categories?post=3223"},{"taxonomy":"post_tag","embeddable":true,"href":"https:\/\/dev-durable.agglo-larochelle.fr\/2023\/wp-json\/wp\/v2\/tags?post=3223"}],"curies":[{"name":"wp","href":"https:\/\/api.w.org\/{rel}","templated":true}]}}