{"id":3226,"date":"2023-11-21T10:39:56","date_gmt":"2023-11-21T09:39:56","guid":{"rendered":"https:\/\/dev-durable.agglo-larochelle.fr\/2023\/?page_id=3226"},"modified":"2023-12-13T15:12:29","modified_gmt":"2023-12-13T14:12:29","slug":"le-23e-congres-national-des-conservatoires-despaces-naturels-sest-deroule-a-la-rochelle","status":"publish","type":"page","link":"https:\/\/dev-durable.agglo-larochelle.fr\/2023\/un-territoire-sobre\/proteger-les-ressources\/le-23e-congres-national-des-conservatoires-despaces-naturels-sest-deroule-a-la-rochelle\/","title":{"rendered":"Le 23e Congr\u00e9s national des Conservatoires d\u2019espaces naturels s\u2019est d\u00e9roul\u00e9 \u00e0 La Rochelle"},"content":{"rendered":"\n<p><strong>La Rochelle a accueilli fin 2023 le 23<sup>e<\/sup> Congr\u00e8s national des Conservatoires d\u2019espaces naturels sur la th\u00e9matique Biodiversit\u00e9 et Agriculture.<\/strong><\/p>\n<p>Les repr\u00e9sentants des Conservatoires d\u2019espaces naturels de toute la France se sont r\u00e9unis pour leur congr\u00e8s annuel \u00e0 l\u2019Espace Encan de La Rochelle, afin d\u2019\u00e9changer autour de l\u2019agriculture et de la biodiversit\u00e9, d\u00e9clin\u00e9s en axes th\u00e9matiques tels que les liens positifs entre l\u2019agriculture, la for\u00eat et la biodiversit\u00e9 ; le soutien des Conservatoires dans la mise en valeur d\u2019un mod\u00e8le agricole et forestier innovant et respectueux de la nature ; la participation aux instances nationales des repr\u00e9sentants du monde agricole et forestier ; l\u2019accompagnement \u00e0 la transition \u00e9cologique de l\u2019agriculture et de la gestion foresti\u00e8re en contribuant aux d\u00e9cisions nationales et europ\u00e9ennes.<\/p>\n","protected":false},"excerpt":{"rendered":"<p>La Rochelle a accueilli fin 2023 le 23e Congr\u00e8s national des Conservatoires d\u2019espaces naturels sur la th\u00e9matique Biodiversit\u00e9 et Agriculture. Les repr\u00e9sentants des Conservatoires d\u2019espaces naturels de toute la France se sont r\u00e9unis pour leur congr\u00e8s annuel \u00e0 l\u2019Espace Encan de La Rochelle, afin d\u2019\u00e9changer autour de l\u2019agriculture et de la biodiversit\u00e9, d\u00e9clin\u00e9s en axes [&hellip;]<\/p>\n","protected":false},"author":1,"featured_media":667,"parent":2072,"menu_order":0,"comment_status":"closed","ping_status":"closed","template":"page-sous-partie.php","meta":{"inline_featured_image":false,"footnotes":""},"categories":[],"tags":[26,31],"acf":[],"_links":{"self":[{"href":"https:\/\/dev-durable.agglo-larochelle.fr\/2023\/wp-json\/wp\/v2\/pages\/3226"}],"collection":[{"href":"https:\/\/dev-durable.agglo-larochelle.fr\/2023\/wp-json\/wp\/v2\/pages"}],"about":[{"href":"https:\/\/dev-durable.agglo-larochelle.fr\/2023\/wp-json\/wp\/v2\/types\/page"}],"author":[{"embeddable":true,"href":"https:\/\/dev-durable.agglo-larochelle.fr\/2023\/wp-json\/wp\/v2\/users\/1"}],"replies":[{"embeddable":true,"href":"https:\/\/dev-durable.agglo-larochelle.fr\/2023\/wp-json\/wp\/v2\/comments?post=3226"}],"version-history":[{"count":2,"href":"https:\/\/dev-durable.agglo-larochelle.fr\/2023\/wp-json\/wp\/v2\/pages\/3226\/revisions"}],"predecessor-version":[{"id":3228,"href":"https:\/\/dev-durable.agglo-larochelle.fr\/2023\/wp-json\/wp\/v2\/pages\/3226\/revisions\/3228"}],"up":[{"embeddable":true,"href":"https:\/\/dev-durable.agglo-larochelle.fr\/2023\/wp-json\/wp\/v2\/pages\/2072"}],"wp:featuredmedia":[{"embeddable":true,"href":"https:\/\/dev-durable.agglo-larochelle.fr\/2023\/wp-json\/wp\/v2\/media\/667"}],"wp:attachment":[{"href":"https:\/\/dev-durable.agglo-larochelle.fr\/2023\/wp-json\/wp\/v2\/media?parent=3226"}],"wp:term":[{"taxonomy":"category","embeddable":true,"href":"https:\/\/dev-durable.agglo-larochelle.fr\/2023\/wp-json\/wp\/v2\/categories?post=3226"},{"taxonomy":"post_tag","embeddable":true,"href":"https:\/\/dev-durable.agglo-larochelle.fr\/2023\/wp-json\/wp\/v2\/tags?post=3226"}],"curies":[{"name":"wp","href":"https:\/\/api.w.org\/{rel}","templated":true}]}}