{"id":3237,"date":"2023-11-21T10:45:20","date_gmt":"2023-11-21T09:45:20","guid":{"rendered":"https:\/\/dev-durable.agglo-larochelle.fr\/2023\/?page_id=3237"},"modified":"2023-12-15T15:35:49","modified_gmt":"2023-12-15T14:35:49","slug":"realisation-dun-diagnostic-local-sante-environnement","status":"publish","type":"page","link":"https:\/\/dev-durable.agglo-larochelle.fr\/2023\/un-territoire-sobre\/sante-environnementale\/realisation-dun-diagnostic-local-sante-environnement\/","title":{"rendered":"R\u00e9alisation d\u2019un Diagnostic Local Sant\u00e9 Environnement"},"content":{"rendered":"\n<p><strong>Dans le cadre du nouveau Contrat Local de Sant\u00e9, l&rsquo;Agglom\u00e9ration et l&rsquo;ARS ont confi\u00e9 \u00e0 l\u2019Observatoire R\u00e9gional de la Sant\u00e9 Nouvelle-Aquitaine la r\u00e9alisation d\u2019un Diagnostic Local Sant\u00e9 Environnement.<\/strong><\/p>\n<p>L\u2019objectif de ce diagnostic sp\u00e9cifique sur les questions de sant\u00e9 environnementale est d\u2019objectiver la situation des enjeux environnementaux potentiellement en lien avec la sant\u00e9 sur l\u2019ensemble de l\u2019Agglom\u00e9ration. Ce diagnostic a \u00e9t\u00e9 aliment\u00e9 par les donn\u00e9es statistiques disponibles et compl\u00e9t\u00e9 par des enqu\u00eates et entretiens collectifs aupr\u00e8s des acteurs de la sant\u00e9. Ce diagnostic concerne l\u2019air ext\u00e9rieur, l\u2019occupation des sols, l\u2019agriculture, la biodiversit\u00e9, les installations potentiellement dangereuses, l\u2019eau, l\u2019alimentation, l\u2019habitat, le cadre de vie et la mobilit\u00e9.<\/p>\n","protected":false},"excerpt":{"rendered":"<p>Dans le cadre du nouveau Contrat Local de Sant\u00e9, l&rsquo;Agglom\u00e9ration et l&rsquo;ARS ont confi\u00e9 \u00e0 l\u2019Observatoire R\u00e9gional de la Sant\u00e9 Nouvelle-Aquitaine la r\u00e9alisation d\u2019un Diagnostic Local Sant\u00e9 Environnement. L\u2019objectif de ce diagnostic sp\u00e9cifique sur les questions de sant\u00e9 environnementale est d\u2019objectiver la situation des enjeux environnementaux potentiellement en lien avec la sant\u00e9 sur l\u2019ensemble de [&hellip;]<\/p>\n","protected":false},"author":1,"featured_media":655,"parent":3235,"menu_order":0,"comment_status":"closed","ping_status":"closed","template":"page-sous-partie.php","meta":{"inline_featured_image":false,"footnotes":""},"categories":[],"tags":[61],"acf":[],"_links":{"self":[{"href":"https:\/\/dev-durable.agglo-larochelle.fr\/2023\/wp-json\/wp\/v2\/pages\/3237"}],"collection":[{"href":"https:\/\/dev-durable.agglo-larochelle.fr\/2023\/wp-json\/wp\/v2\/pages"}],"about":[{"href":"https:\/\/dev-durable.agglo-larochelle.fr\/2023\/wp-json\/wp\/v2\/types\/page"}],"author":[{"embeddable":true,"href":"https:\/\/dev-durable.agglo-larochelle.fr\/2023\/wp-json\/wp\/v2\/users\/1"}],"replies":[{"embeddable":true,"href":"https:\/\/dev-durable.agglo-larochelle.fr\/2023\/wp-json\/wp\/v2\/comments?post=3237"}],"version-history":[{"count":2,"href":"https:\/\/dev-durable.agglo-larochelle.fr\/2023\/wp-json\/wp\/v2\/pages\/3237\/revisions"}],"predecessor-version":[{"id":3239,"href":"https:\/\/dev-durable.agglo-larochelle.fr\/2023\/wp-json\/wp\/v2\/pages\/3237\/revisions\/3239"}],"up":[{"embeddable":true,"href":"https:\/\/dev-durable.agglo-larochelle.fr\/2023\/wp-json\/wp\/v2\/pages\/3235"}],"wp:featuredmedia":[{"embeddable":true,"href":"https:\/\/dev-durable.agglo-larochelle.fr\/2023\/wp-json\/wp\/v2\/media\/655"}],"wp:attachment":[{"href":"https:\/\/dev-durable.agglo-larochelle.fr\/2023\/wp-json\/wp\/v2\/media?parent=3237"}],"wp:term":[{"taxonomy":"category","embeddable":true,"href":"https:\/\/dev-durable.agglo-larochelle.fr\/2023\/wp-json\/wp\/v2\/categories?post=3237"},{"taxonomy":"post_tag","embeddable":true,"href":"https:\/\/dev-durable.agglo-larochelle.fr\/2023\/wp-json\/wp\/v2\/tags?post=3237"}],"curies":[{"name":"wp","href":"https:\/\/api.w.org\/{rel}","templated":true}]}}