{"id":3242,"date":"2023-11-21T10:48:46","date_gmt":"2023-11-21T09:48:46","guid":{"rendered":"https:\/\/dev-durable.agglo-larochelle.fr\/2023\/?page_id=3242"},"modified":"2023-12-18T14:46:42","modified_gmt":"2023-12-18T13:46:42","slug":"atmo-nouvelle-aquitaine-poursuit-son-travail-de-mesure-des-pesticides-sur-le-territoire","status":"publish","type":"page","link":"https:\/\/dev-durable.agglo-larochelle.fr\/2023\/un-territoire-sobre\/sante-environnementale\/atmo-nouvelle-aquitaine-poursuit-son-travail-de-mesure-des-pesticides-sur-le-territoire\/","title":{"rendered":"ATMO Nouvelle-Aquitaine poursuit son travail de mesure des pesticides sur le territoire"},"content":{"rendered":"\n<p><strong>L\u2019Agence ATMO Nouvelle-Aquitaine a publi\u00e9 le bilan de sa campagne 2022 et lanc\u00e9 de nouvelles \u00e9tudes pour mieux d\u00e9finir les actions \u00e0 mettre en \u0153uvre pour limiter les risques li\u00e9s \u00e0 l\u2019utilisation de pesticides sur le territoire communautaire.<\/strong><\/p>\n<p>Le bilan annuel d\u2019ATMO de mesure des pesticides dans l\u2019air (portant sur l\u2019ann\u00e9e 2022) fait notamment ressortir pour l\u2019agglom\u00e9ration rochelaise la pr\u00e9sence importante de prosulfocarbe (surtout utilis\u00e9 comme herbicide des c\u00e9r\u00e9ales d\u2019hiver), mol\u00e9cule dominante \u00e0 Montroy et \u00e0 Saint-Saturnin. Cette mol\u00e9cule ressort particuli\u00e8rement sur le site de Montroy, bien que la concentration annuelle soit presque 3 fois plus faible qu\u2019en 2021. ATMO a r\u00e9install\u00e9 d\u00e9but 2023 un capteur \u00e0 Montroy, et m\u00e8ne depuis f\u00e9vrier et jusqu\u2019\u00e0 d\u00e9cembre 2023 une nouvelle \u00e9tude de mesures des pesticides sur la plaine d\u2019Aunis. L\u2019int\u00e9gration de cette station p\u00e9renne au r\u00e9seau de surveillance permet non seulement de caract\u00e9riser les pesticides dans l\u2019air mais aussi de les comparer avec d\u2019autres territoires aux caract\u00e9ristiques similaires, ainsi qu\u2019aux autres sites de mesures permanents de la R\u00e9gion Nouvelle-Aquitaine : Bordeaux, Poitiers et le Cogna\u00e7ais.<\/p>\n","protected":false},"excerpt":{"rendered":"<p>L\u2019Agence ATMO Nouvelle-Aquitaine a publi\u00e9 le bilan de sa campagne 2022 et lanc\u00e9 de nouvelles \u00e9tudes pour mieux d\u00e9finir les actions \u00e0 mettre en \u0153uvre pour limiter les risques li\u00e9s \u00e0 l\u2019utilisation de pesticides sur le territoire communautaire. Le bilan annuel d\u2019ATMO de mesure des pesticides dans l\u2019air (portant sur l\u2019ann\u00e9e 2022) fait notamment ressortir [&hellip;]<\/p>\n","protected":false},"author":1,"featured_media":3737,"parent":3235,"menu_order":0,"comment_status":"closed","ping_status":"closed","template":"page-sous-partie.php","meta":{"inline_featured_image":false,"footnotes":""},"categories":[],"tags":[61],"acf":[],"_links":{"self":[{"href":"https:\/\/dev-durable.agglo-larochelle.fr\/2023\/wp-json\/wp\/v2\/pages\/3242"}],"collection":[{"href":"https:\/\/dev-durable.agglo-larochelle.fr\/2023\/wp-json\/wp\/v2\/pages"}],"about":[{"href":"https:\/\/dev-durable.agglo-larochelle.fr\/2023\/wp-json\/wp\/v2\/types\/page"}],"author":[{"embeddable":true,"href":"https:\/\/dev-durable.agglo-larochelle.fr\/2023\/wp-json\/wp\/v2\/users\/1"}],"replies":[{"embeddable":true,"href":"https:\/\/dev-durable.agglo-larochelle.fr\/2023\/wp-json\/wp\/v2\/comments?post=3242"}],"version-history":[{"count":2,"href":"https:\/\/dev-durable.agglo-larochelle.fr\/2023\/wp-json\/wp\/v2\/pages\/3242\/revisions"}],"predecessor-version":[{"id":3244,"href":"https:\/\/dev-durable.agglo-larochelle.fr\/2023\/wp-json\/wp\/v2\/pages\/3242\/revisions\/3244"}],"up":[{"embeddable":true,"href":"https:\/\/dev-durable.agglo-larochelle.fr\/2023\/wp-json\/wp\/v2\/pages\/3235"}],"wp:featuredmedia":[{"embeddable":true,"href":"https:\/\/dev-durable.agglo-larochelle.fr\/2023\/wp-json\/wp\/v2\/media\/3737"}],"wp:attachment":[{"href":"https:\/\/dev-durable.agglo-larochelle.fr\/2023\/wp-json\/wp\/v2\/media?parent=3242"}],"wp:term":[{"taxonomy":"category","embeddable":true,"href":"https:\/\/dev-durable.agglo-larochelle.fr\/2023\/wp-json\/wp\/v2\/categories?post=3242"},{"taxonomy":"post_tag","embeddable":true,"href":"https:\/\/dev-durable.agglo-larochelle.fr\/2023\/wp-json\/wp\/v2\/tags?post=3242"}],"curies":[{"name":"wp","href":"https:\/\/api.w.org\/{rel}","templated":true}]}}