{"id":3245,"date":"2023-11-21T10:50:49","date_gmt":"2023-11-21T09:50:49","guid":{"rendered":"https:\/\/dev-durable.agglo-larochelle.fr\/2023\/?page_id=3245"},"modified":"2023-12-15T15:31:01","modified_gmt":"2023-12-15T14:31:01","slug":"realisation-dune-etude-epidemiologique-sur-lincidence-des-cancers-sur-le-territoire","status":"publish","type":"page","link":"https:\/\/dev-durable.agglo-larochelle.fr\/2023\/un-territoire-sobre\/sante-environnementale\/realisation-dune-etude-epidemiologique-sur-lincidence-des-cancers-sur-le-territoire\/","title":{"rendered":"R\u00e9alisation d\u2019une \u00e9tude \u00e9pid\u00e9miologique sur l\u2019incidence des cancers sur le territoire"},"content":{"rendered":"\n<p><strong>Une \u00e9tude \u00e9pid\u00e9miologique portant sur l\u2019ensemble du territoire communautaire vise \u00e0 analyser l\u2019incidence des cancers sur la p\u00e9riode 2008-2019.<\/strong><\/p>\n<p>Sollicit\u00e9 en 2018 par le Comit\u00e9 d\u00e9partemental de la Ligue contre le Cancer, le Registre G\u00e9n\u00e9ral des Cancers de Poitou-Charentes (RGCPC) avait r\u00e9alis\u00e9 une \u00e9tude des cas de cancers sur les communes de Saint-Rogatien et P\u00e9rigny, pour la p\u00e9riode 2008-2015. Les r\u00e9sultats de cette premi\u00e8re observation faisaient \u00e9tat d\u2019un effectif statistique trop faible pour \u00e9tablir des conclusions certaines. Afin de poursuivre cette premi\u00e8re \u00e9tude sur un bassin de population plus large et plus repr\u00e9sentatif, l\u2019Agglom\u00e9ration avec la Ligue contre le cancer ont command\u00e9 au RGCPC une \u00e9tude portant sur l\u2019ensemble de la CdA. Les r\u00e9sultats ont \u00e9t\u00e9 partag\u00e9s aux acteurs de la sant\u00e9 et sont disponibles sur le site internet du registre des cancers.<\/p>\n","protected":false},"excerpt":{"rendered":"<p>Une \u00e9tude \u00e9pid\u00e9miologique portant sur l\u2019ensemble du territoire communautaire vise \u00e0 analyser l\u2019incidence des cancers sur la p\u00e9riode 2008-2019. Sollicit\u00e9 en 2018 par le Comit\u00e9 d\u00e9partemental de la Ligue contre le Cancer, le Registre G\u00e9n\u00e9ral des Cancers de Poitou-Charentes (RGCPC) avait r\u00e9alis\u00e9 une \u00e9tude des cas de cancers sur les communes de Saint-Rogatien et P\u00e9rigny, [&hellip;]<\/p>\n","protected":false},"author":1,"featured_media":3722,"parent":3235,"menu_order":0,"comment_status":"closed","ping_status":"closed","template":"page-sous-partie.php","meta":{"inline_featured_image":false,"footnotes":""},"categories":[],"tags":[61],"acf":[],"_links":{"self":[{"href":"https:\/\/dev-durable.agglo-larochelle.fr\/2023\/wp-json\/wp\/v2\/pages\/3245"}],"collection":[{"href":"https:\/\/dev-durable.agglo-larochelle.fr\/2023\/wp-json\/wp\/v2\/pages"}],"about":[{"href":"https:\/\/dev-durable.agglo-larochelle.fr\/2023\/wp-json\/wp\/v2\/types\/page"}],"author":[{"embeddable":true,"href":"https:\/\/dev-durable.agglo-larochelle.fr\/2023\/wp-json\/wp\/v2\/users\/1"}],"replies":[{"embeddable":true,"href":"https:\/\/dev-durable.agglo-larochelle.fr\/2023\/wp-json\/wp\/v2\/comments?post=3245"}],"version-history":[{"count":4,"href":"https:\/\/dev-durable.agglo-larochelle.fr\/2023\/wp-json\/wp\/v2\/pages\/3245\/revisions"}],"predecessor-version":[{"id":3249,"href":"https:\/\/dev-durable.agglo-larochelle.fr\/2023\/wp-json\/wp\/v2\/pages\/3245\/revisions\/3249"}],"up":[{"embeddable":true,"href":"https:\/\/dev-durable.agglo-larochelle.fr\/2023\/wp-json\/wp\/v2\/pages\/3235"}],"wp:featuredmedia":[{"embeddable":true,"href":"https:\/\/dev-durable.agglo-larochelle.fr\/2023\/wp-json\/wp\/v2\/media\/3722"}],"wp:attachment":[{"href":"https:\/\/dev-durable.agglo-larochelle.fr\/2023\/wp-json\/wp\/v2\/media?parent=3245"}],"wp:term":[{"taxonomy":"category","embeddable":true,"href":"https:\/\/dev-durable.agglo-larochelle.fr\/2023\/wp-json\/wp\/v2\/categories?post=3245"},{"taxonomy":"post_tag","embeddable":true,"href":"https:\/\/dev-durable.agglo-larochelle.fr\/2023\/wp-json\/wp\/v2\/tags?post=3245"}],"curies":[{"name":"wp","href":"https:\/\/api.w.org\/{rel}","templated":true}]}}