{"id":3259,"date":"2023-11-21T10:58:47","date_gmt":"2023-11-21T09:58:47","guid":{"rendered":"https:\/\/dev-durable.agglo-larochelle.fr\/2023\/?page_id=3259"},"modified":"2023-11-21T10:58:47","modified_gmt":"2023-11-21T09:58:47","slug":"le-pat-present-au-salon-balade-a-la-ferme-et-aux-48h-de-lagriculture-urbaine","status":"publish","type":"page","link":"https:\/\/dev-durable.agglo-larochelle.fr\/2023\/un-territoire-sobre\/accompagnement-au-changement\/le-pat-present-au-salon-balade-a-la-ferme-et-aux-48h-de-lagriculture-urbaine\/","title":{"rendered":"Le PAT pr\u00e9sent au salon Balade \u00e0 la Ferme et aux 48h de l\u2019agriculture urbaine"},"content":{"rendered":"\n<p><strong>Le Projet Alimentaire de Territoire (PAT) \u00e9tait pr\u00e9sent lors des \u00e9v\u00e9nements locaux autour de l\u2019agriculture\u00a0: Balade \u00e0 la Ferme et les 48h de l\u2019agriculture urbaine.<\/strong><\/p>\n<p>Balade \u00e0 la Ferme est organis\u00e9 depuis 2017 par l\u2019association Balade \u00e0 la ferme et Chambre Interd\u00e9partementale d\u2019Agriculture Charente-Maritime\/Deux-S\u00e8vres pour pr\u00e9senter ses actions aupr\u00e8s d\u2019un public urbain. Les 48h de l\u2019agriculture urbaine informent, quant \u00e0 elles, sur les formes nouvelles d\u2019agriculture (jardins partag\u00e9s, associatifs, etc.) pr\u00e9sentes sur le territoire. Lors de ces deux \u00e9v\u00e9nements, le PAT a pu pr\u00e9senter ses actions visant \u00e0 renforcer l\u2019agriculture d\u2019un territoire \u00e9largi \u00e0 toute l\u2019Aunis et l\u2019\u00eele de R\u00e9, afin d\u2019\u0153uvrer \u00e0 l\u2019autonomie alimentaire, faciliter l\u2019acc\u00e8s de tous \u00e0 des produits durables et locaux, et accompagner au changement d\u2019habitudes de consommation.<\/p>\n","protected":false},"excerpt":{"rendered":"<p>Le Projet Alimentaire de Territoire (PAT) \u00e9tait pr\u00e9sent lors des \u00e9v\u00e9nements locaux autour de l\u2019agriculture\u00a0: Balade \u00e0 la Ferme et les 48h de l\u2019agriculture urbaine. Balade \u00e0 la Ferme est organis\u00e9 depuis 2017 par l\u2019association Balade \u00e0 la ferme et Chambre Interd\u00e9partementale d\u2019Agriculture Charente-Maritime\/Deux-S\u00e8vres pour pr\u00e9senter ses actions aupr\u00e8s d\u2019un public urbain. Les 48h de [&hellip;]<\/p>\n","protected":false},"author":1,"featured_media":3684,"parent":2120,"menu_order":0,"comment_status":"closed","ping_status":"closed","template":"page-sous-partie.php","meta":{"inline_featured_image":false,"footnotes":""},"categories":[],"tags":[26,28],"acf":[],"_links":{"self":[{"href":"https:\/\/dev-durable.agglo-larochelle.fr\/2023\/wp-json\/wp\/v2\/pages\/3259"}],"collection":[{"href":"https:\/\/dev-durable.agglo-larochelle.fr\/2023\/wp-json\/wp\/v2\/pages"}],"about":[{"href":"https:\/\/dev-durable.agglo-larochelle.fr\/2023\/wp-json\/wp\/v2\/types\/page"}],"author":[{"embeddable":true,"href":"https:\/\/dev-durable.agglo-larochelle.fr\/2023\/wp-json\/wp\/v2\/users\/1"}],"replies":[{"embeddable":true,"href":"https:\/\/dev-durable.agglo-larochelle.fr\/2023\/wp-json\/wp\/v2\/comments?post=3259"}],"version-history":[{"count":2,"href":"https:\/\/dev-durable.agglo-larochelle.fr\/2023\/wp-json\/wp\/v2\/pages\/3259\/revisions"}],"predecessor-version":[{"id":3261,"href":"https:\/\/dev-durable.agglo-larochelle.fr\/2023\/wp-json\/wp\/v2\/pages\/3259\/revisions\/3261"}],"up":[{"embeddable":true,"href":"https:\/\/dev-durable.agglo-larochelle.fr\/2023\/wp-json\/wp\/v2\/pages\/2120"}],"wp:featuredmedia":[{"embeddable":true,"href":"https:\/\/dev-durable.agglo-larochelle.fr\/2023\/wp-json\/wp\/v2\/media\/3684"}],"wp:attachment":[{"href":"https:\/\/dev-durable.agglo-larochelle.fr\/2023\/wp-json\/wp\/v2\/media?parent=3259"}],"wp:term":[{"taxonomy":"category","embeddable":true,"href":"https:\/\/dev-durable.agglo-larochelle.fr\/2023\/wp-json\/wp\/v2\/categories?post=3259"},{"taxonomy":"post_tag","embeddable":true,"href":"https:\/\/dev-durable.agglo-larochelle.fr\/2023\/wp-json\/wp\/v2\/tags?post=3259"}],"curies":[{"name":"wp","href":"https:\/\/api.w.org\/{rel}","templated":true}]}}