{"id":3262,"date":"2023-11-21T11:00:22","date_gmt":"2023-11-21T10:00:22","guid":{"rendered":"https:\/\/dev-durable.agglo-larochelle.fr\/2023\/?page_id=3262"},"modified":"2023-12-13T15:18:21","modified_gmt":"2023-12-13T14:18:21","slug":"les-actions-de-sensibilisation-se-multiplient-aupres-des-scolaires","status":"publish","type":"page","link":"https:\/\/dev-durable.agglo-larochelle.fr\/2023\/un-territoire-sobre\/accompagnement-au-changement\/les-actions-de-sensibilisation-se-multiplient-aupres-des-scolaires\/","title":{"rendered":"Les actions de sensibilisation se multiplient aupr\u00e8s des scolaires"},"content":{"rendered":"\n<p><strong>Les \u00e9l\u00e8ves de tous niveaux b\u00e9n\u00e9ficient d\u2019une sensibilisation \u00e0 l\u2019environnement avec les nombreuses actions propos\u00e9es toute l\u2019ann\u00e9e par les acteurs du territoire, telles que d\u00e9couverte de la nature, formation aux risques littoraux, concours de sc\u00e9narios.<\/strong><\/p>\n<p>Cette ann\u00e9e, onze animations, touchant seize classes extra-rochelaises de l\u2019Agglom\u00e9ration et 350 \u00e9l\u00e8ves, se sont d\u00e9roul\u00e9es au Relais Nature de la Moulinette. Des actions d\u2019information et de sensibilisation au risque de submersion adapt\u00e9es aux enfants se sont \u00e9galement d\u00e9roul\u00e9es, propos\u00e9es et anim\u00e9es par quatre associations partenaires (Les Petits D\u00e9brouillards, la LPO, Nature Environnement 17 et l\u2019E.C.O.L.E. de la mer). Le Festival International du Film d\u2019Aventure a pour sa part invit\u00e9, avec le soutien de l\u2019Agglom\u00e9ration, pr\u00e8s de 1 600 \u00e9coliers des 28 communes \u00e0 deux projections priv\u00e9es, suivies d\u2019une rencontre avec un protagoniste du film. Enfin, l\u2019appel \u00e0 projets \u00ab\u00a0Imagine ta vie en 2040 dans une agglom\u00e9ration sobre en carbone\u00a0\u00bb a embarqu\u00e9 quatre classes, de la 4<sup>e<\/sup> \u00e0 la 1<sup>\u00e8re<\/sup>, qui ont imagin\u00e9 les sc\u00e9narios d\u2019une vie dans une ville d\u00e9sirable \u00e0 tr\u00e8s court terme.<\/p>\n","protected":false},"excerpt":{"rendered":"<p>Les \u00e9l\u00e8ves de tous niveaux b\u00e9n\u00e9ficient d\u2019une sensibilisation \u00e0 l\u2019environnement avec les nombreuses actions propos\u00e9es toute l\u2019ann\u00e9e par les acteurs du territoire, telles que d\u00e9couverte de la nature, formation aux risques littoraux, concours de sc\u00e9narios. Cette ann\u00e9e, onze animations, touchant seize classes extra-rochelaises de l\u2019Agglom\u00e9ration et 350 \u00e9l\u00e8ves, se sont d\u00e9roul\u00e9es au Relais Nature de [&hellip;]<\/p>\n","protected":false},"author":1,"featured_media":3692,"parent":2120,"menu_order":0,"comment_status":"closed","ping_status":"closed","template":"page-sous-partie.php","meta":{"inline_featured_image":false,"footnotes":""},"categories":[],"tags":[20,34],"acf":[],"_links":{"self":[{"href":"https:\/\/dev-durable.agglo-larochelle.fr\/2023\/wp-json\/wp\/v2\/pages\/3262"}],"collection":[{"href":"https:\/\/dev-durable.agglo-larochelle.fr\/2023\/wp-json\/wp\/v2\/pages"}],"about":[{"href":"https:\/\/dev-durable.agglo-larochelle.fr\/2023\/wp-json\/wp\/v2\/types\/page"}],"author":[{"embeddable":true,"href":"https:\/\/dev-durable.agglo-larochelle.fr\/2023\/wp-json\/wp\/v2\/users\/1"}],"replies":[{"embeddable":true,"href":"https:\/\/dev-durable.agglo-larochelle.fr\/2023\/wp-json\/wp\/v2\/comments?post=3262"}],"version-history":[{"count":2,"href":"https:\/\/dev-durable.agglo-larochelle.fr\/2023\/wp-json\/wp\/v2\/pages\/3262\/revisions"}],"predecessor-version":[{"id":3264,"href":"https:\/\/dev-durable.agglo-larochelle.fr\/2023\/wp-json\/wp\/v2\/pages\/3262\/revisions\/3264"}],"up":[{"embeddable":true,"href":"https:\/\/dev-durable.agglo-larochelle.fr\/2023\/wp-json\/wp\/v2\/pages\/2120"}],"wp:featuredmedia":[{"embeddable":true,"href":"https:\/\/dev-durable.agglo-larochelle.fr\/2023\/wp-json\/wp\/v2\/media\/3692"}],"wp:attachment":[{"href":"https:\/\/dev-durable.agglo-larochelle.fr\/2023\/wp-json\/wp\/v2\/media?parent=3262"}],"wp:term":[{"taxonomy":"category","embeddable":true,"href":"https:\/\/dev-durable.agglo-larochelle.fr\/2023\/wp-json\/wp\/v2\/categories?post=3262"},{"taxonomy":"post_tag","embeddable":true,"href":"https:\/\/dev-durable.agglo-larochelle.fr\/2023\/wp-json\/wp\/v2\/tags?post=3262"}],"curies":[{"name":"wp","href":"https:\/\/api.w.org\/{rel}","templated":true}]}}