{"id":3268,"date":"2023-11-21T11:07:40","date_gmt":"2023-11-21T10:07:40","guid":{"rendered":"https:\/\/dev-durable.agglo-larochelle.fr\/2023\/?page_id=3268"},"modified":"2023-11-21T11:07:41","modified_gmt":"2023-11-21T10:07:41","slug":"participation-de-lagglomeration-a-la-journee-mondiale-de-leau-2023","status":"publish","type":"page","link":"https:\/\/dev-durable.agglo-larochelle.fr\/2023\/un-territoire-sobre\/accompagnement-au-changement\/participation-de-lagglomeration-a-la-journee-mondiale-de-leau-2023\/","title":{"rendered":"Participation de l\u2019Agglom\u00e9ration \u00e0 la Journ\u00e9e mondiale de l&rsquo;Eau 2023"},"content":{"rendered":"\n<p><strong>L\u2019Agglom\u00e9ration et ESCAL\u2019Oc\u00e9an ont accueilli et organis\u00e9 localement la Journ\u00e9e mondiale de l\u2019Eau, avec une s\u00e9rie d\u2019animations qui ont rencontr\u00e9 leur public.<\/strong><\/p>\n<p>\u00c0 l\u2019occasion de la Journ\u00e9e Mondiale de l\u2019Eau, et en partenariat avec l\u2019association Escal\u2019Oc\u00e9an, l\u2019Agglom\u00e9ration a contribu\u00e9 \u00e0 l\u2019organisation de six ateliers et expositions sur six sites (Biblioth\u00e8ques de Villeneuve-les-Salines, de P\u00e9rigny, de Salles-sur-Mer, de Saint-M\u00e9dard-D\u2019Aunis, de Mireuil, Coll\u00e8ge Samuel de Missy ). Ces actions contribuent \u00e0 inscrire dans une strat\u00e9gie de sensibilisation globale des habitants \u00e0 la gestion de la ressource en eau sur l\u2019ensemble du territoire pour favoriser l\u2019appropriation des enjeux.<\/p>\n","protected":false},"excerpt":{"rendered":"<p>L\u2019Agglom\u00e9ration et ESCAL\u2019Oc\u00e9an ont accueilli et organis\u00e9 localement la Journ\u00e9e mondiale de l\u2019Eau, avec une s\u00e9rie d\u2019animations qui ont rencontr\u00e9 leur public. \u00c0 l\u2019occasion de la Journ\u00e9e Mondiale de l\u2019Eau, et en partenariat avec l\u2019association Escal\u2019Oc\u00e9an, l\u2019Agglom\u00e9ration a contribu\u00e9 \u00e0 l\u2019organisation de six ateliers et expositions sur six sites (Biblioth\u00e8ques de Villeneuve-les-Salines, de P\u00e9rigny, de [&hellip;]<\/p>\n","protected":false},"author":1,"featured_media":3680,"parent":2120,"menu_order":0,"comment_status":"closed","ping_status":"closed","template":"page-sous-partie.php","meta":{"inline_featured_image":false,"footnotes":""},"categories":[],"tags":[45,20,34],"acf":[],"_links":{"self":[{"href":"https:\/\/dev-durable.agglo-larochelle.fr\/2023\/wp-json\/wp\/v2\/pages\/3268"}],"collection":[{"href":"https:\/\/dev-durable.agglo-larochelle.fr\/2023\/wp-json\/wp\/v2\/pages"}],"about":[{"href":"https:\/\/dev-durable.agglo-larochelle.fr\/2023\/wp-json\/wp\/v2\/types\/page"}],"author":[{"embeddable":true,"href":"https:\/\/dev-durable.agglo-larochelle.fr\/2023\/wp-json\/wp\/v2\/users\/1"}],"replies":[{"embeddable":true,"href":"https:\/\/dev-durable.agglo-larochelle.fr\/2023\/wp-json\/wp\/v2\/comments?post=3268"}],"version-history":[{"count":2,"href":"https:\/\/dev-durable.agglo-larochelle.fr\/2023\/wp-json\/wp\/v2\/pages\/3268\/revisions"}],"predecessor-version":[{"id":3270,"href":"https:\/\/dev-durable.agglo-larochelle.fr\/2023\/wp-json\/wp\/v2\/pages\/3268\/revisions\/3270"}],"up":[{"embeddable":true,"href":"https:\/\/dev-durable.agglo-larochelle.fr\/2023\/wp-json\/wp\/v2\/pages\/2120"}],"wp:featuredmedia":[{"embeddable":true,"href":"https:\/\/dev-durable.agglo-larochelle.fr\/2023\/wp-json\/wp\/v2\/media\/3680"}],"wp:attachment":[{"href":"https:\/\/dev-durable.agglo-larochelle.fr\/2023\/wp-json\/wp\/v2\/media?parent=3268"}],"wp:term":[{"taxonomy":"category","embeddable":true,"href":"https:\/\/dev-durable.agglo-larochelle.fr\/2023\/wp-json\/wp\/v2\/categories?post=3268"},{"taxonomy":"post_tag","embeddable":true,"href":"https:\/\/dev-durable.agglo-larochelle.fr\/2023\/wp-json\/wp\/v2\/tags?post=3268"}],"curies":[{"name":"wp","href":"https:\/\/api.w.org\/{rel}","templated":true}]}}