{"id":3274,"date":"2023-11-21T11:10:38","date_gmt":"2023-11-21T10:10:38","guid":{"rendered":"https:\/\/dev-durable.agglo-larochelle.fr\/2023\/?page_id=3274"},"modified":"2023-12-15T15:40:52","modified_gmt":"2023-12-15T14:40:52","slug":"publication-de-la-cartographie-des-acteurs-dune-seconde-vie-du-numerique","status":"publish","type":"page","link":"https:\/\/dev-durable.agglo-larochelle.fr\/2023\/un-territoire-sobre\/accompagnement-au-changement\/publication-de-la-cartographie-des-acteurs-dune-seconde-vie-du-numerique\/","title":{"rendered":"Publication de la cartographie des acteurs d\u2019une seconde vie du num\u00e9rique"},"content":{"rendered":"\n<p><strong>Les collectivit\u00e9s rochelaises invitent les citoyens \u00e0 s\u2019engager en faveur d\u2019un num\u00e9rique plus responsable. Elles recensent les acteurs de la r\u00e9paration, du reconditionnement et du r\u00e9emploi de la fili\u00e8re num\u00e9rique via une cartographie en ligne. Une quarantaine d\u2019acteurs y figurent d\u00e9j\u00e0.<\/strong><\/p>\n<p>Les actions des collectivit\u00e9s \u2013 Ville et Agglom\u00e9ration de La Rochelle \u2013 sont nombreuses en mati\u00e8re de promotion d\u2019un num\u00e9rique \u00e9cologiquement plus responsable. Au-del\u00e0 des actions annuelles incitant les usagers au nettoyage de leurs donn\u00e9es sur les espaces de stockage, elles agissent \u00e9galement pour que le mat\u00e9riel (terminaux, \u00e9crans, etc.) puisse conna\u00eetre une \u00ab\u00a0seconde vie\u00a0\u00bb, en \u00e9tant r\u00e9par\u00e9, reconditionn\u00e9, r\u00e9employ\u00e9, recycl\u00e9 par des acteurs du territoire. Une cartographie dynamique et un annuaire de ces acteurs ont \u00e9t\u00e9 cr\u00e9\u00e9s sur le site de l\u2019Agglom\u00e9ration, et recensent pour l\u2019instant pr\u00e8s de 40 lieux pouvant assumer tout ou partie de ces t\u00e2ches.<\/p>\n","protected":false},"excerpt":{"rendered":"<p>Les collectivit\u00e9s rochelaises invitent les citoyens \u00e0 s\u2019engager en faveur d\u2019un num\u00e9rique plus responsable. Elles recensent les acteurs de la r\u00e9paration, du reconditionnement et du r\u00e9emploi de la fili\u00e8re num\u00e9rique via une cartographie en ligne. Une quarantaine d\u2019acteurs y figurent d\u00e9j\u00e0. Les actions des collectivit\u00e9s \u2013 Ville et Agglom\u00e9ration de La Rochelle \u2013 sont nombreuses [&hellip;]<\/p>\n","protected":false},"author":1,"featured_media":3739,"parent":2120,"menu_order":0,"comment_status":"closed","ping_status":"closed","template":"page-sous-partie.php","meta":{"inline_featured_image":false,"footnotes":""},"categories":[],"tags":[15],"acf":[],"_links":{"self":[{"href":"https:\/\/dev-durable.agglo-larochelle.fr\/2023\/wp-json\/wp\/v2\/pages\/3274"}],"collection":[{"href":"https:\/\/dev-durable.agglo-larochelle.fr\/2023\/wp-json\/wp\/v2\/pages"}],"about":[{"href":"https:\/\/dev-durable.agglo-larochelle.fr\/2023\/wp-json\/wp\/v2\/types\/page"}],"author":[{"embeddable":true,"href":"https:\/\/dev-durable.agglo-larochelle.fr\/2023\/wp-json\/wp\/v2\/users\/1"}],"replies":[{"embeddable":true,"href":"https:\/\/dev-durable.agglo-larochelle.fr\/2023\/wp-json\/wp\/v2\/comments?post=3274"}],"version-history":[{"count":2,"href":"https:\/\/dev-durable.agglo-larochelle.fr\/2023\/wp-json\/wp\/v2\/pages\/3274\/revisions"}],"predecessor-version":[{"id":3276,"href":"https:\/\/dev-durable.agglo-larochelle.fr\/2023\/wp-json\/wp\/v2\/pages\/3274\/revisions\/3276"}],"up":[{"embeddable":true,"href":"https:\/\/dev-durable.agglo-larochelle.fr\/2023\/wp-json\/wp\/v2\/pages\/2120"}],"wp:featuredmedia":[{"embeddable":true,"href":"https:\/\/dev-durable.agglo-larochelle.fr\/2023\/wp-json\/wp\/v2\/media\/3739"}],"wp:attachment":[{"href":"https:\/\/dev-durable.agglo-larochelle.fr\/2023\/wp-json\/wp\/v2\/media?parent=3274"}],"wp:term":[{"taxonomy":"category","embeddable":true,"href":"https:\/\/dev-durable.agglo-larochelle.fr\/2023\/wp-json\/wp\/v2\/categories?post=3274"},{"taxonomy":"post_tag","embeddable":true,"href":"https:\/\/dev-durable.agglo-larochelle.fr\/2023\/wp-json\/wp\/v2\/tags?post=3274"}],"curies":[{"name":"wp","href":"https:\/\/api.w.org\/{rel}","templated":true}]}}