{"id":3291,"date":"2023-11-21T11:33:58","date_gmt":"2023-11-21T10:33:58","guid":{"rendered":"https:\/\/dev-durable.agglo-larochelle.fr\/2023\/?page_id=3291"},"modified":"2023-11-21T11:33:59","modified_gmt":"2023-11-21T10:33:59","slug":"rappel-des-consignes-de-tri-lors-des-distributions-des-sacs-poubelles","status":"publish","type":"page","link":"https:\/\/dev-durable.agglo-larochelle.fr\/2023\/un-territoire-sobre\/accompagnement-au-changement\/rappel-des-consignes-de-tri-lors-des-distributions-des-sacs-poubelles\/","title":{"rendered":"Rappel des consignes de tri lors des distributions des sacs poubelles"},"content":{"rendered":"\n<p><strong>En d\u00e9but d\u2019ann\u00e9e, les distributions des sacs poubelles dans les quartiers de La Rochelle pour les foyers ne pouvant \u00eatre \u00e9quip\u00e9s en bacs ont permis de rappeler aux nouveaux habitants les principes de tri sur l\u2019Agglom\u00e9ration.<\/strong><\/p>\n<p>Ce temps de distribution permet d\u2019aller \u00e0 la rencontre des habitants pour r\u00e9pondre \u00e0 toutes leurs questions sur les consignes de tri. Cette ann\u00e9e, ce sont 630 habitants qui ont ainsi pu \u00e9changer avec les Ambassadrices du tri et de la pr\u00e9vention de l\u2019Agglom\u00e9ration. Une autre op\u00e9ration de sensibilisation a \u00e9galement \u00e9t\u00e9 conduite aupr\u00e8s des \u00e9tudiants de La Rochelle Universit\u00e9 \u00e0 la rentr\u00e9e de septembre. 235 \u00e9tudiants ont \u00e9t\u00e9 sensibilis\u00e9s aux principes et consignes de tri leurs d\u00e9chets.<\/p>\n","protected":false},"excerpt":{"rendered":"<p>En d\u00e9but d\u2019ann\u00e9e, les distributions des sacs poubelles dans les quartiers de La Rochelle pour les foyers ne pouvant \u00eatre \u00e9quip\u00e9s en bacs ont permis de rappeler aux nouveaux habitants les principes de tri sur l\u2019Agglom\u00e9ration. Ce temps de distribution permet d\u2019aller \u00e0 la rencontre des habitants pour r\u00e9pondre \u00e0 toutes leurs questions sur les [&hellip;]<\/p>\n","protected":false},"author":1,"featured_media":3681,"parent":2120,"menu_order":0,"comment_status":"closed","ping_status":"closed","template":"page-sous-partie.php","meta":{"inline_featured_image":false,"footnotes":""},"categories":[],"tags":[],"acf":[],"_links":{"self":[{"href":"https:\/\/dev-durable.agglo-larochelle.fr\/2023\/wp-json\/wp\/v2\/pages\/3291"}],"collection":[{"href":"https:\/\/dev-durable.agglo-larochelle.fr\/2023\/wp-json\/wp\/v2\/pages"}],"about":[{"href":"https:\/\/dev-durable.agglo-larochelle.fr\/2023\/wp-json\/wp\/v2\/types\/page"}],"author":[{"embeddable":true,"href":"https:\/\/dev-durable.agglo-larochelle.fr\/2023\/wp-json\/wp\/v2\/users\/1"}],"replies":[{"embeddable":true,"href":"https:\/\/dev-durable.agglo-larochelle.fr\/2023\/wp-json\/wp\/v2\/comments?post=3291"}],"version-history":[{"count":2,"href":"https:\/\/dev-durable.agglo-larochelle.fr\/2023\/wp-json\/wp\/v2\/pages\/3291\/revisions"}],"predecessor-version":[{"id":3293,"href":"https:\/\/dev-durable.agglo-larochelle.fr\/2023\/wp-json\/wp\/v2\/pages\/3291\/revisions\/3293"}],"up":[{"embeddable":true,"href":"https:\/\/dev-durable.agglo-larochelle.fr\/2023\/wp-json\/wp\/v2\/pages\/2120"}],"wp:featuredmedia":[{"embeddable":true,"href":"https:\/\/dev-durable.agglo-larochelle.fr\/2023\/wp-json\/wp\/v2\/media\/3681"}],"wp:attachment":[{"href":"https:\/\/dev-durable.agglo-larochelle.fr\/2023\/wp-json\/wp\/v2\/media?parent=3291"}],"wp:term":[{"taxonomy":"category","embeddable":true,"href":"https:\/\/dev-durable.agglo-larochelle.fr\/2023\/wp-json\/wp\/v2\/categories?post=3291"},{"taxonomy":"post_tag","embeddable":true,"href":"https:\/\/dev-durable.agglo-larochelle.fr\/2023\/wp-json\/wp\/v2\/tags?post=3291"}],"curies":[{"name":"wp","href":"https:\/\/api.w.org\/{rel}","templated":true}]}}