{"id":3294,"date":"2023-11-21T13:43:41","date_gmt":"2023-11-21T12:43:41","guid":{"rendered":"https:\/\/dev-durable.agglo-larochelle.fr\/2023\/?page_id=3294"},"modified":"2023-12-13T15:24:55","modified_gmt":"2023-12-13T14:24:55","slug":"eli-lappli-verte-qui-met-les-entreprises-au-defi","status":"publish","type":"page","link":"https:\/\/dev-durable.agglo-larochelle.fr\/2023\/un-territoire-sobre\/administration-eco-responsable\/eli-lappli-verte-qui-met-les-entreprises-au-defi\/","title":{"rendered":"Eli : l\u2019appli verte qui met les entreprises au d\u00e9fi"},"content":{"rendered":"\n<p><strong>Eli, pour \u00ab Everyday Life Impact \u00bb, est une application d\u00e9velopp\u00e9e par trois jeunes rochelais. Son but : rendre les salari\u00e9s acteurs de la RSE (responsabilit\u00e9 soci\u00e9tale des entreprises) de leur entreprise en valorisant leurs id\u00e9es et leurs actions.<\/strong><\/p>\n<p>Trois ing\u00e9nieurs sortis de l\u2019Eigsi et form\u00e9s aux r\u00e9seaux et syst\u00e8mes d\u2019informations, \u00e0 l\u2019\u00e9nergie et l\u2019environnement ou \u00e0 l\u2019ing\u00e9nierie d\u2019affaires ont d\u00e9velopp\u00e9 une application destin\u00e9e \u00e0 encourager la r\u00e9duction collective des \u00e9missions carbon\u00e9es et \u00e0 r\u00e9pondre aux besoins RSE des entreprises. Num\u00e9rique responsable, transports, alimentation\u2026 Eli propose d\u2019agir en relevant dans ces nombreux domaines des petits challenges individuels ou collectifs, d\u00e9clinables par m\u00e9tiers. Ce projet a \u00e9t\u00e9 soutenu par le prix Innovation de la Fondation La Rochelle Universit\u00e9, par le prix P\u00e9pite Nouvelle-Aquitaine, a \u00e9t\u00e9 accueilli par l\u2019incubateur de la Charente-Maritime puis par La Rochelle Technopole.<\/p>\n","protected":false},"excerpt":{"rendered":"<p>Eli, pour \u00ab Everyday Life Impact \u00bb, est une application d\u00e9velopp\u00e9e par trois jeunes rochelais. Son but : rendre les salari\u00e9s acteurs de la RSE (responsabilit\u00e9 soci\u00e9tale des entreprises) de leur entreprise en valorisant leurs id\u00e9es et leurs actions. Trois ing\u00e9nieurs sortis de l\u2019Eigsi et form\u00e9s aux r\u00e9seaux et syst\u00e8mes d\u2019informations, \u00e0 l\u2019\u00e9nergie et l\u2019environnement [&hellip;]<\/p>\n","protected":false},"author":1,"featured_media":660,"parent":1087,"menu_order":0,"comment_status":"closed","ping_status":"closed","template":"page-sous-partie.php","meta":{"inline_featured_image":false,"footnotes":""},"categories":[],"tags":[35,15,20],"acf":[],"_links":{"self":[{"href":"https:\/\/dev-durable.agglo-larochelle.fr\/2023\/wp-json\/wp\/v2\/pages\/3294"}],"collection":[{"href":"https:\/\/dev-durable.agglo-larochelle.fr\/2023\/wp-json\/wp\/v2\/pages"}],"about":[{"href":"https:\/\/dev-durable.agglo-larochelle.fr\/2023\/wp-json\/wp\/v2\/types\/page"}],"author":[{"embeddable":true,"href":"https:\/\/dev-durable.agglo-larochelle.fr\/2023\/wp-json\/wp\/v2\/users\/1"}],"replies":[{"embeddable":true,"href":"https:\/\/dev-durable.agglo-larochelle.fr\/2023\/wp-json\/wp\/v2\/comments?post=3294"}],"version-history":[{"count":2,"href":"https:\/\/dev-durable.agglo-larochelle.fr\/2023\/wp-json\/wp\/v2\/pages\/3294\/revisions"}],"predecessor-version":[{"id":3296,"href":"https:\/\/dev-durable.agglo-larochelle.fr\/2023\/wp-json\/wp\/v2\/pages\/3294\/revisions\/3296"}],"up":[{"embeddable":true,"href":"https:\/\/dev-durable.agglo-larochelle.fr\/2023\/wp-json\/wp\/v2\/pages\/1087"}],"wp:featuredmedia":[{"embeddable":true,"href":"https:\/\/dev-durable.agglo-larochelle.fr\/2023\/wp-json\/wp\/v2\/media\/660"}],"wp:attachment":[{"href":"https:\/\/dev-durable.agglo-larochelle.fr\/2023\/wp-json\/wp\/v2\/media?parent=3294"}],"wp:term":[{"taxonomy":"category","embeddable":true,"href":"https:\/\/dev-durable.agglo-larochelle.fr\/2023\/wp-json\/wp\/v2\/categories?post=3294"},{"taxonomy":"post_tag","embeddable":true,"href":"https:\/\/dev-durable.agglo-larochelle.fr\/2023\/wp-json\/wp\/v2\/tags?post=3294"}],"curies":[{"name":"wp","href":"https:\/\/api.w.org\/{rel}","templated":true}]}}