{"id":3309,"date":"2023-11-21T14:25:16","date_gmt":"2023-11-21T13:25:16","guid":{"rendered":"https:\/\/dev-durable.agglo-larochelle.fr\/2023\/?page_id=3309"},"modified":"2023-11-21T14:31:21","modified_gmt":"2023-11-21T13:31:21","slug":"la-mediatheque-michel-crepeau-met-en-place-des-ateliers-de-conversation-en-francais","status":"publish","type":"page","link":"https:\/\/dev-durable.agglo-larochelle.fr\/2023\/un-territoire-solidaire\/culture\/la-mediatheque-michel-crepeau-met-en-place-des-ateliers-de-conversation-en-francais\/","title":{"rendered":"La m\u00e9diath\u00e8que Michel-Cr\u00e9peau met en place des ateliers de conversation en fran\u00e7ais"},"content":{"rendered":"\n<p><strong>La m\u00e9diath\u00e8que Michel-Cr\u00e9peau a mis en place des ateliers de conversation de Fran\u00e7ais Langue Etrang\u00e8re \u00e0 destination des publics allophones, ouverts aux groupes comme aux individuels. Pour cette premi\u00e8re ann\u00e9e, 71 personnes ont \u00e9t\u00e9 accueillies dans ces ateliers.<\/strong><\/p>\n<p>Depuis fin 2022, les ateliers ont lieu mensuellement, pour des locuteurs allophones ayant tout<\/p>\n<p>de m\u00eame des bases de fran\u00e7ais. Ils sont ouverts aux individuels comme aux groupes issus de structures ou d\u2019associations. Ces ateliers repr\u00e9sentent un moment convivial, durant lequel une visite et une inscription \u00e0 la m\u00e9diath\u00e8que communautaire sont propos\u00e9es. 6 ateliers ont eu lieu entre novembre 2022 et juin 2023. De jeunes mineurs y ont particip\u00e9. Les participants ont montr\u00e9 de l\u2019enthousiasme pour ce dispositif, qui est reconduit en 2023-2024.<\/p>\n","protected":false},"excerpt":{"rendered":"<p>La m\u00e9diath\u00e8que Michel-Cr\u00e9peau a mis en place des ateliers de conversation de Fran\u00e7ais Langue Etrang\u00e8re \u00e0 destination des publics allophones, ouverts aux groupes comme aux individuels. Pour cette premi\u00e8re ann\u00e9e, 71 personnes ont \u00e9t\u00e9 accueillies dans ces ateliers. Depuis fin 2022, les ateliers ont lieu mensuellement, pour des locuteurs allophones ayant tout de m\u00eame des [&hellip;]<\/p>\n","protected":false},"author":1,"featured_media":3677,"parent":334,"menu_order":1,"comment_status":"closed","ping_status":"closed","template":"page-sous-partie.php","meta":{"inline_featured_image":false,"footnotes":""},"categories":[],"tags":[17,44],"acf":[],"_links":{"self":[{"href":"https:\/\/dev-durable.agglo-larochelle.fr\/2023\/wp-json\/wp\/v2\/pages\/3309"}],"collection":[{"href":"https:\/\/dev-durable.agglo-larochelle.fr\/2023\/wp-json\/wp\/v2\/pages"}],"about":[{"href":"https:\/\/dev-durable.agglo-larochelle.fr\/2023\/wp-json\/wp\/v2\/types\/page"}],"author":[{"embeddable":true,"href":"https:\/\/dev-durable.agglo-larochelle.fr\/2023\/wp-json\/wp\/v2\/users\/1"}],"replies":[{"embeddable":true,"href":"https:\/\/dev-durable.agglo-larochelle.fr\/2023\/wp-json\/wp\/v2\/comments?post=3309"}],"version-history":[{"count":2,"href":"https:\/\/dev-durable.agglo-larochelle.fr\/2023\/wp-json\/wp\/v2\/pages\/3309\/revisions"}],"predecessor-version":[{"id":3311,"href":"https:\/\/dev-durable.agglo-larochelle.fr\/2023\/wp-json\/wp\/v2\/pages\/3309\/revisions\/3311"}],"up":[{"embeddable":true,"href":"https:\/\/dev-durable.agglo-larochelle.fr\/2023\/wp-json\/wp\/v2\/pages\/334"}],"wp:featuredmedia":[{"embeddable":true,"href":"https:\/\/dev-durable.agglo-larochelle.fr\/2023\/wp-json\/wp\/v2\/media\/3677"}],"wp:attachment":[{"href":"https:\/\/dev-durable.agglo-larochelle.fr\/2023\/wp-json\/wp\/v2\/media?parent=3309"}],"wp:term":[{"taxonomy":"category","embeddable":true,"href":"https:\/\/dev-durable.agglo-larochelle.fr\/2023\/wp-json\/wp\/v2\/categories?post=3309"},{"taxonomy":"post_tag","embeddable":true,"href":"https:\/\/dev-durable.agglo-larochelle.fr\/2023\/wp-json\/wp\/v2\/tags?post=3309"}],"curies":[{"name":"wp","href":"https:\/\/api.w.org\/{rel}","templated":true}]}}